{"id":6949,"date":"2023-11-29T14:03:16","date_gmt":"2023-11-29T19:03:16","guid":{"rendered":"https:\/\/hades.unisangil.edu.co\/?page_id=6949"},"modified":"2025-12-19T12:07:10","modified_gmt":"2025-12-19T17:07:10","slug":"congreso-internacional-de-administracion-cicea","status":"publish","type":"page","link":"https:\/\/unisangil.edu.co\/?page_id=6949","title":{"rendered":"Congreso Internacional de Administraci\u00f3n &#8211; CICEA"},"content":{"rendered":"\t\t<div data-elementor-type=\"wp-page\" data-elementor-id=\"6949\" class=\"elementor elementor-6949\" data-elementor-post-type=\"page\">\n\t\t\t\t<div class=\"elementor-element elementor-element-a6f08ee e-flex e-con-boxed e-con e-parent\" data-id=\"a6f08ee\" data-element_type=\"container\" data-e-type=\"container\">\n\t\t\t\t\t<div class=\"e-con-inner\">\n\t\t\t\t<div class=\"elementor-element elementor-element-d1008bf elementor-widget elementor-widget-image\" data-id=\"d1008bf\" data-element_type=\"widget\" data-e-type=\"widget\" data-widget_type=\"image.default\">\n\t\t\t\t<div class=\"elementor-widget-container\">\n\t\t\t\t\t\t\t\t\t\t\t\t\t\t\t<img fetchpriority=\"high\" decoding=\"async\" width=\"1920\" height=\"932\" src=\"https:\/\/unisangil.edu.co\/wp-content\/uploads\/2025\/09\/PORTADA-WEB-VII-Congreso-Internacional-de-CEA-1.jpg\" class=\"attachment-full size-full wp-image-20015\" alt=\"\" srcset=\"https:\/\/unisangil.edu.co\/wp-content\/uploads\/2025\/09\/PORTADA-WEB-VII-Congreso-Internacional-de-CEA-1.jpg 1920w, https:\/\/unisangil.edu.co\/wp-content\/uploads\/2025\/09\/PORTADA-WEB-VII-Congreso-Internacional-de-CEA-1-300x146.jpg 300w, https:\/\/unisangil.edu.co\/wp-content\/uploads\/2025\/09\/PORTADA-WEB-VII-Congreso-Internacional-de-CEA-1-1024x497.jpg 1024w, https:\/\/unisangil.edu.co\/wp-content\/uploads\/2025\/09\/PORTADA-WEB-VII-Congreso-Internacional-de-CEA-1-768x373.jpg 768w, https:\/\/unisangil.edu.co\/wp-content\/uploads\/2025\/09\/PORTADA-WEB-VII-Congreso-Internacional-de-CEA-1-1536x746.jpg 1536w, https:\/\/unisangil.edu.co\/wp-content\/uploads\/2025\/09\/PORTADA-WEB-VII-Congreso-Internacional-de-CEA-1-48x23.jpg 48w\" sizes=\"(max-width: 1920px) 100vw, 1920px\" \/>\t\t\t\t\t\t\t\t\t\t\t\t\t\t\t<\/div>\n\t\t\t\t<\/div>\n\t\t\t\t\t<\/div>\n\t\t\t\t<\/div>\n\t\t<div class=\"elementor-element elementor-element-d55782b e-flex e-con-boxed e-con e-parent\" data-id=\"d55782b\" data-element_type=\"container\" data-e-type=\"container\">\n\t\t\t\t\t<div class=\"e-con-inner\">\n\t\t\t\t<div class=\"elementor-element elementor-element-a381835 elementor-widget elementor-widget-eael-adv-tabs\" data-id=\"a381835\" data-element_type=\"widget\" data-e-type=\"widget\" data-widget_type=\"eael-adv-tabs.default\">\n\t\t\t\t<div class=\"elementor-widget-container\">\n\t\t\t\t\t        <div data-scroll-on-click=\"no\" data-scroll-speed=\"300\" id=\"eael-advance-tabs-a381835\" class=\"eael-advance-tabs eael-tabs-horizontal eael-tab-auto-active \" data-tabid=\"a381835\">\n            <div class=\"eael-tabs-nav \">\n                <ul class=\"\" role=\"tablist\">\n                                            <li id=\"presentacin\" class=\"inactive eael-tab-item-trigger eael-tab-nav-item\" aria-selected=\"true\" data-tab=\"1\" role=\"tab\" tabindex=\"0\" aria-controls=\"presentacin-tab\" aria-expanded=\"false\">\n                            \n                            \n                            \n                                                            <span class=\"eael-tab-title title-after-icon\" >Presentaci\u00f3n<\/span>                                                    <\/li>\n                                            <li id=\"conferencistas\" class=\"inactive eael-tab-item-trigger eael-tab-nav-item\" aria-selected=\"false\" data-tab=\"2\" role=\"tab\" tabindex=\"-1\" aria-controls=\"conferencistas-tab\" aria-expanded=\"false\">\n                            \n                            \n                            \n                                                            <span class=\"eael-tab-title title-after-icon\" >Conferencistas<\/span>                                                    <\/li>\n                                            <li id=\"ponencias\" class=\"inactive eael-tab-item-trigger eael-tab-nav-item\" aria-selected=\"false\" data-tab=\"3\" role=\"tab\" tabindex=\"-1\" aria-controls=\"ponencias-tab\" aria-expanded=\"false\">\n                            \n                            \n                            \n                                                            <span class=\"eael-tab-title title-after-icon\" >Ponencias<\/span>                                                    <\/li>\n                                            <li id=\"agenda\" class=\"inactive eael-tab-item-trigger eael-tab-nav-item\" aria-selected=\"false\" data-tab=\"4\" role=\"tab\" tabindex=\"-1\" aria-controls=\"agenda-tab\" aria-expanded=\"false\">\n                            \n                            \n                            \n                                                            <span class=\"eael-tab-title title-after-icon\" >Agenda<\/span>                                                    <\/li>\n                                            <li id=\"costos-e-inscripciones\" class=\"inactive eael-tab-item-trigger eael-tab-nav-item\" aria-selected=\"false\" data-tab=\"5\" role=\"tab\" tabindex=\"-1\" aria-controls=\"costos-e-inscripciones-tab\" aria-expanded=\"false\">\n                            \n                            \n                            \n                                                            <span class=\"eael-tab-title title-after-icon\" >Costos e Inscripciones<\/span>                                                    <\/li>\n                                            <li id=\"publicaciones\" class=\"inactive eael-tab-item-trigger eael-tab-nav-item\" aria-selected=\"false\" data-tab=\"6\" role=\"tab\" tabindex=\"-1\" aria-controls=\"publicaciones-tab\" aria-expanded=\"false\">\n                            \n                            \n                            \n                                                            <span class=\"eael-tab-title title-after-icon\" >Publicaciones<\/span>                                                    <\/li>\n                    \n                                  <\/ul>\n            <\/div>\n            \n            <div class=\"eael-tabs-content\">\n\t\t        \n                    <div id=\"presentacin-tab\" class=\"clearfix eael-tab-content-item inactive\" data-title-link=\"presentacin-tab\">\n\t\t\t\t        <h4>Presentaci\u00f3n del evento<\/h4><hr \/><p class=\"p1\">En el entorno global actual, definido por la disrupci\u00f3n tecnol\u00f3gica, la incertidumbre econ\u00f3mica y la necesidad constante de adopci\u00f3n de nuevos modelos de negocio, la gesti\u00f3n empresarial enfrenta una transformaci\u00f3n profunda, que demanda una visi\u00f3n m\u00e1s innovadora, adaptable y estrat\u00e9gica. Las organizaciones afrontan panoramas cruciales entorno a la adopci\u00f3n de nuevas tecnolog\u00edas, transformaci\u00f3n digital acelerada, cambios en el comportamiento del consumidor, y din\u00e1micas del macroentorno que han generado retos sin precedentes para las organizaciones, oblig\u00e1ndolas a repensar sus estructuras, estrategias y propuesta de valor.<\/p><p class=\"p1\">Es as\u00ed como el <strong>VII Congreso Internacional de Ciencias Econ\u00f3micas y Administrativas \u201cHorizontes empresariales: redefiniendo los modelos de negocio\u201d<\/strong>, busca generar un espacio acad\u00e9mico, investigativo y empresarial, donde se convoca a estudiantes, docentes, investigadores, graduados y empresarios a participar de un an\u00e1lisis cr\u00edtico e interdisciplinar de estas transformaciones. Su enfoque estar\u00e1 orientado a reflexionar como desde las organizaciones, se replantean los modelos de negocio, redefiniendo nuevos caminos empresariales demarcado por muchos retos, no solo desde perspectivas internacionales, o grandes sectores nacionales sino incluso desde \u00e1mbitos regionales, marcando hitos a nivel competitivo, sostenible e innovador.<\/p><p class=\"p1\">A trav\u00e9s de conferencias experienciales, ponencias, conversatorios y talleres pr\u00e1cticos, este congreso busca aportar conocimiento s\u00f3lido, pertinente y aplicado, a sus asistentes, orientado a entender y aprender sobre los cambios del entorno organizacional, fortalecer su visi\u00f3n profesional, y promover un impacto positivo en sus contextos econ\u00f3micos, acad\u00e9micos y sociales.<\/p><h4>Objetivos<\/h4><hr \/><h5>Objetivo General<br \/>_____________________________________<\/h5><p class=\"p1\">Generar un espacio acad\u00e9mico, reflexivo y de an\u00e1lisis cr\u00edtico, la adopci\u00f3n de nuevos modelos de negocio en el contexto actual, permitiendo abordar con visi\u00f3n integral, los desaf\u00edos que enfrentan las organizaciones contempor\u00e1neas, ante las din\u00e1micas empresariales emergentes desde las regiones que contribuyen al fortalecimiento de la econom\u00eda nacional e internacional.<\/p><h5>Objetivos Espec\u00edficos<br \/>_____________________________________<\/h5><p class=\"p2\">\u2022 Fortalecer los procesos de formaci\u00f3n acad\u00e9mica, profesional e investigativa.<\/p><p class=\"p2\">\u2022 Desarrollar encuentros acad\u00e9micos y empresariales que permitan visualizar el contexto actual de los modelos de negocio desde una visi\u00f3n regional.<\/p><p class=\"p2\">\u2022 Recopilar experiencias investigativas generadas entorno a las Ciencias Econ\u00f3micas y Administrativas.<\/p>                    <\/div>\n\t\t        \n                    <div id=\"conferencistas-tab\" class=\"clearfix eael-tab-content-item inactive\" data-title-link=\"conferencistas-tab\">\n\t\t\t\t        <table style=\"border-collapse: collapse;width: 100%\"><tbody><tr><td style=\"border: 1px #000000 none;padding: 8px;text-align: center\">\u00a0<\/td><td style=\"border: 1px #000000 none;padding: 8px;text-align: center\"><img decoding=\"async\" class=\"alignnone size-medium wp-image-20647\" src=\"https:\/\/unisangil.edu.co\/wp-content\/uploads\/2025\/10\/Flyer-VII-Congreso-Internacional-Ciencias-Economicas-y-Administrativas-3-300x300.png\" alt=\"\" width=\"300\" height=\"300\" srcset=\"https:\/\/unisangil.edu.co\/wp-content\/uploads\/2025\/10\/Flyer-VII-Congreso-Internacional-Ciencias-Economicas-y-Administrativas-3-300x300.png 300w, https:\/\/unisangil.edu.co\/wp-content\/uploads\/2025\/10\/Flyer-VII-Congreso-Internacional-Ciencias-Economicas-y-Administrativas-3-150x150.png 150w, https:\/\/unisangil.edu.co\/wp-content\/uploads\/2025\/10\/Flyer-VII-Congreso-Internacional-Ciencias-Economicas-y-Administrativas-3-768x768.png 768w, https:\/\/unisangil.edu.co\/wp-content\/uploads\/2025\/10\/Flyer-VII-Congreso-Internacional-Ciencias-Economicas-y-Administrativas-3-48x48.png 48w, https:\/\/unisangil.edu.co\/wp-content\/uploads\/2025\/10\/Flyer-VII-Congreso-Internacional-Ciencias-Economicas-y-Administrativas-3.png 801w\" sizes=\"(max-width: 300px) 100vw, 300px\" \/><img decoding=\"async\" class=\"alignnone size-medium wp-image-20648\" src=\"https:\/\/unisangil.edu.co\/wp-content\/uploads\/2025\/10\/Flyer-VII-Congreso-Internacional-Ciencias-Economicas-y-Administrativas-4-300x300.png\" alt=\"\" width=\"300\" height=\"300\" srcset=\"https:\/\/unisangil.edu.co\/wp-content\/uploads\/2025\/10\/Flyer-VII-Congreso-Internacional-Ciencias-Economicas-y-Administrativas-4-300x300.png 300w, https:\/\/unisangil.edu.co\/wp-content\/uploads\/2025\/10\/Flyer-VII-Congreso-Internacional-Ciencias-Economicas-y-Administrativas-4-150x150.png 150w, https:\/\/unisangil.edu.co\/wp-content\/uploads\/2025\/10\/Flyer-VII-Congreso-Internacional-Ciencias-Economicas-y-Administrativas-4-768x768.png 768w, https:\/\/unisangil.edu.co\/wp-content\/uploads\/2025\/10\/Flyer-VII-Congreso-Internacional-Ciencias-Economicas-y-Administrativas-4-48x48.png 48w, https:\/\/unisangil.edu.co\/wp-content\/uploads\/2025\/10\/Flyer-VII-Congreso-Internacional-Ciencias-Economicas-y-Administrativas-4.png 801w\" sizes=\"(max-width: 300px) 100vw, 300px\" \/><img loading=\"lazy\" decoding=\"async\" class=\"alignnone size-medium wp-image-20649\" src=\"https:\/\/unisangil.edu.co\/wp-content\/uploads\/2025\/10\/Flyer-VII-Congreso-Internacional-Ciencias-Economicas-y-Administrativas-2-300x300.png\" alt=\"\" width=\"300\" height=\"300\" srcset=\"https:\/\/unisangil.edu.co\/wp-content\/uploads\/2025\/10\/Flyer-VII-Congreso-Internacional-Ciencias-Economicas-y-Administrativas-2-300x300.png 300w, https:\/\/unisangil.edu.co\/wp-content\/uploads\/2025\/10\/Flyer-VII-Congreso-Internacional-Ciencias-Economicas-y-Administrativas-2-150x150.png 150w, https:\/\/unisangil.edu.co\/wp-content\/uploads\/2025\/10\/Flyer-VII-Congreso-Internacional-Ciencias-Economicas-y-Administrativas-2-768x768.png 768w, https:\/\/unisangil.edu.co\/wp-content\/uploads\/2025\/10\/Flyer-VII-Congreso-Internacional-Ciencias-Economicas-y-Administrativas-2-48x48.png 48w, https:\/\/unisangil.edu.co\/wp-content\/uploads\/2025\/10\/Flyer-VII-Congreso-Internacional-Ciencias-Economicas-y-Administrativas-2.png 801w\" sizes=\"(max-width: 300px) 100vw, 300px\" \/><img loading=\"lazy\" decoding=\"async\" class=\"alignnone size-medium wp-image-20650\" src=\"https:\/\/unisangil.edu.co\/wp-content\/uploads\/2025\/10\/Flyer-VII-Congreso-Internacional-Ciencias-Economicas-y-Administrativas-1-300x300.png\" alt=\"\" width=\"300\" height=\"300\" srcset=\"https:\/\/unisangil.edu.co\/wp-content\/uploads\/2025\/10\/Flyer-VII-Congreso-Internacional-Ciencias-Economicas-y-Administrativas-1-300x300.png 300w, https:\/\/unisangil.edu.co\/wp-content\/uploads\/2025\/10\/Flyer-VII-Congreso-Internacional-Ciencias-Economicas-y-Administrativas-1-150x150.png 150w, https:\/\/unisangil.edu.co\/wp-content\/uploads\/2025\/10\/Flyer-VII-Congreso-Internacional-Ciencias-Economicas-y-Administrativas-1-768x768.png 768w, https:\/\/unisangil.edu.co\/wp-content\/uploads\/2025\/10\/Flyer-VII-Congreso-Internacional-Ciencias-Economicas-y-Administrativas-1-48x48.png 48w, https:\/\/unisangil.edu.co\/wp-content\/uploads\/2025\/10\/Flyer-VII-Congreso-Internacional-Ciencias-Economicas-y-Administrativas-1.png 801w\" sizes=\"(max-width: 300px) 100vw, 300px\" \/><\/td><td style=\"border: 1px #000000 none;padding: 8px;text-align: center\">\u00a0<\/td><\/tr><tr><td style=\"border: 1px #000000 none;padding: 8px;text-align: center\">\u00a0<\/td><td style=\"border: 1px #000000 none;padding: 8px;text-align: center\">\u00a0<\/td><td style=\"border: 1px #000000 none;padding: 8px;text-align: center\">\u00a0<\/td><\/tr><tr><td style=\"border: 1px #000000 none;padding: 8px;text-align: center\">\u00a0<\/td><td style=\"border: 1px #000000 none;padding: 8px;text-align: center\">\u00a0<\/td><td style=\"border: 1px #000000 none;padding: 8px;text-align: center\">\u00a0<\/td><\/tr><\/tbody><\/table>                    <\/div>\n\t\t        \n                    <div id=\"ponencias-tab\" class=\"clearfix eael-tab-content-item inactive\" data-title-link=\"ponencias-tab\">\n\t\t\t\t        <h4>Convocatoria Ponencias<\/h4><hr \/><p class=\"p1\">El <b>VII Congreso Internacional de Ciencias Econ\u00f3micas y Administrativas \u201cHorizontes empresariales: redefiniendo los modelos de negocio\u201d<\/b> contar\u00e1 con los siguientes ejes y sub &#8211; ejes, para que los ponentes tengan un referente para su participaci\u00f3n en el evento en relaci\u00f3n con sus trabajos investigativos.<\/p><table><tbody><tr><td><p><b>Administraci\u00f3n y Gesti\u00f3n Organizacional:<\/b><\/p><p><span style=\"font-weight: 400\">&#8211; Innovaci\u00f3n en modelos de negocio.<\/span><span style=\"font-weight: 400\"><br \/><\/span><span style=\"font-weight: 400\">&#8211; Transformaci\u00f3n digital y tecnol\u00f3gia.<\/span><span style=\"font-weight: 400\"><br \/><\/span><span style=\"font-weight: 400\">&#8211; Liderazgo y gesti\u00f3n del talento.<\/span><span style=\"font-weight: 400\"><br \/><\/span><span style=\"font-weight: 400\">&#8211; Planeaci\u00f3n estrat\u00e9gica y prospectiva.<\/span><\/p><\/td><td><p><b>Emprendimiento y Creaci\u00f3n de Peque\u00f1as y Medianas Empresas:<\/b><\/p><p><span style=\"font-weight: 400\">&#8211; Modelos de negocio para startups y Pymes.<\/span><span style=\"font-weight: 400\"><br \/><\/span><span style=\"font-weight: 400\">&#8211; Financiamiento de emprendimientos en la era digital.<\/span><span style=\"font-weight: 400\"><br \/><\/span><span style=\"font-weight: 400\">&#8211; Innovaci\u00f3n y adaptaci\u00f3n tecnol\u00f3gica en Pymes.<\/span><span style=\"font-weight: 400\"><br \/><\/span><span style=\"font-weight: 400\">&#8211; Emprendimiento social y de impacto.<\/span><span style=\"font-weight: 400\"><br \/><\/span><span style=\"font-weight: 400\">&#8211; Internacionalizaci\u00f3n y crecimiento de Pymes.<\/span><\/p><\/td><\/tr><tr><td><p><b>Contabilidad y Finanzas:<\/b><\/p><p><span style=\"font-weight: 400\">&#8211; Valoraci\u00f3n y financiamiento de nuevos modelos de negocio.<\/span><span style=\"font-weight: 400\"><br \/><\/span><span style=\"font-weight: 400\">&#8211; Gesti\u00f3n financiera y resiliencia econ\u00f3mica.<\/span><span style=\"font-weight: 400\"><br \/><\/span><span style=\"font-weight: 400\">&#8211; An\u00e1lisis financiero para la sostenibilidad y el impacto social.<\/span><span style=\"font-weight: 400\"><br \/><\/span><span style=\"font-weight: 400\">&#8211; Innovaci\u00f3n en la gesti\u00f3n de costos y presupuestos.<\/span><span style=\"font-weight: 400\"><br \/><\/span><span style=\"font-weight: 400\">&#8211; Gesti\u00f3n de riesgos con BI.<\/span><span style=\"font-weight: 400\"><br \/><\/span><span style=\"font-weight: 400\">&#8211; Contabilidad gerencial y toma de decisiones estrat\u00e9gicas.<\/span><\/p><\/td><td><p><b>Marketing:<\/b><\/p><p><span style=\"font-weight: 400\">&#8211; Marketing en la era digital y la personalizaci\u00f3n de la experiencia del cliente.<\/span><span style=\"font-weight: 400\"><br \/><\/span><span style=\"font-weight: 400\">&#8211; Nuevos modelos de negocio basados en el marketing de plataformas.<\/span><span style=\"font-weight: 400\"><br \/><\/span><span style=\"font-weight: 400\">&#8211; Branding y reputaci\u00f3n en el contexto de la sostenibilidad.<\/span><span style=\"font-weight: 400\"><br \/><\/span><span style=\"font-weight: 400\">&#8211; Estrategias de customer experience (CX) y fidelizaci\u00f3n.<\/span><span style=\"font-weight: 400\"><br \/><\/span><span style=\"font-weight: 400\">&#8211; Marketing disruptivo y mercados de nicho.<\/span><\/p><\/td><\/tr><tr><td><p><b>Econom\u00eda Solidaria:<\/b><\/p><p><span style=\"font-weight: 400\">&#8211; Modelos de negocio en la econom\u00eda solidaria.<\/span><span style=\"font-weight: 400\"><span style=\"font-weight: 400\"><br \/><\/span><span style=\"font-weight: 400\">&#8211; Sostenibilidad y resiliencia en las organizaciones solidarias.<\/span><\/span><br \/><span style=\"font-weight: 400\">&#8211; Financiamiento solidario e inversi\u00f3n de impacto.<\/span><span style=\"font-weight: 400\"><br \/><\/span><span style=\"font-weight: 400\">&#8211; Liderazgo y gobernanza en las organizaciones solidarias.<\/span><\/p><\/td><td><p><b>Responsabilidad Social y Empresarial:<\/b><\/p><p><span style=\"font-weight: 400\">&#8211; Integraci\u00f3n de la RSE en los modelos de negocio.<\/span><span style=\"font-weight: 400\"><br \/><\/span><span style=\"font-weight: 400\">&#8211; Sostenibilidad y Reporte Integrado.<\/span><span style=\"font-weight: 400\"><br \/><\/span><span style=\"font-weight: 400\">&#8211; Gobierno corporativo y \u00e9tica empresarial.<\/span><span style=\"font-weight: 400\"><br \/><\/span><span style=\"font-weight: 400\">&#8211; Innovaci\u00f3n social y modelos de negocio inclusivos.<\/span><span style=\"font-weight: 400\"><br \/><\/span><span style=\"font-weight: 400\">&#8211; Gesti\u00f3n del riesgo social y ambiental.<\/span><\/p><\/td><\/tr><tr><td><p><b>Turismo:<\/b><\/p><p><span style=\"font-weight: 400\">&#8211; Turismo sostenible y modelos de negocio regenerativos.<\/span><span style=\"font-weight: 400\"><br \/><\/span><span style=\"font-weight: 400\">&#8211; Transformaci\u00f3n digital y la experiencia del viajero.<\/span><span style=\"font-weight: 400\"><br \/><\/span><span style=\"font-weight: 400\">&#8211; Modelos de negocio tur\u00edsticos comunitarios y de base.<\/span><span style=\"font-weight: 400\"><br \/><\/span><span style=\"font-weight: 400\">&#8211; Innovaci\u00f3n en la gesti\u00f3n de destinos y productos tur\u00edsticos.<\/span><\/p><\/td><td><p><b>Educaci\u00f3n:<\/b><\/p><p><span style=\"font-weight: 400\">&#8211; Innovaci\u00f3n en modelos educativos.<\/span><span style=\"font-weight: 400\"><br \/><\/span><span style=\"font-weight: 400\">&#8211; Tecnolog\u00eda en la educaci\u00f3n.<\/span><span style=\"font-weight: 400\"><br \/><\/span><span style=\"font-weight: 400\">&#8211; Emprendimiento educativo.<\/span><span style=\"font-weight: 400\"><br \/><\/span><span style=\"font-weight: 400\">&#8211; Formaci\u00f3n profesional y desarrollo de habilidades del futuro.<\/span><\/p><\/td><\/tr><tr><td><p><b>Desarrollo Local:<\/b><\/p><p><span style=\"font-weight: 400\">&#8211; Ecosistemas empresariales y cadenas de valor locales.<\/span><span style=\"font-weight: 400\"><br \/><\/span><span style=\"font-weight: 400\">&#8211; Innovaci\u00f3n social y modelos de negocio inclusivos.<\/span><span style=\"font-weight: 400\"><br \/><\/span><span style=\"font-weight: 400\">&#8211; Territorio digital y gobernanza inteligente.<\/span><\/p><\/td><td>\u00a0<\/td><\/tr><\/tbody><\/table><p><b>Convocatoria Ponencias<\/b><\/p><p class=\"p1\">El VII Congreso Internacional de Ciencias Econ\u00f3micas y Administrativas, \u201cHorizontes empresariales: redefiniendo los modelos de negocio\u201d, tiene como prop\u00f3sito generar espacios de reflexi\u00f3n y divulgaci\u00f3n de experiencias investigativas, por lo tanto, convoca a investigadores, estudiantes de maestr\u00edas, estudiantes de doctorados, semilleros de investigaci\u00f3n y docentes a participar como PONENTES con sus investigaciones en curso o terminadas.<\/p><p><b><br \/>Requisitos para la presentaci\u00f3n Ponencias<\/b><\/p><p class=\"p2\">Los trabajos ser\u00e1n presentados en forma completa en procesador de texto: Word. (No se reciben trabajos en procesadores diferentes).<\/p><ul class=\"ul1\"><li class=\"li2\">Extensi\u00f3n m\u00e1xima de 15 hojas, incluyendo anexos, gr\u00e1ficas, hoja de t\u00edtulo y hoja de resumen (ingl\u00e9s y espa\u00f1ol).<\/li><li class=\"li2\">Norma APA (American Psychological Association), las citas de pie de p\u00e1gina ser\u00e1n \u00fanicamente aclaratorias.<\/li><\/ul><ul class=\"ul1\"><li class=\"li2\">Descargar Formato de presentaci\u00f3n de la Ponencia \u2013 (Se adjuntan al correo).<\/li><\/ul><ul class=\"ul1\"><li style=\"list-style-type: none\"><ul class=\"ul1\"><li class=\"li2\">Cada ponencia podr\u00e1 presentarse en uno de los ejes tem\u00e1ticos propuestos por el evento; en caso de no precisarse por el participante, el comit\u00e9 cient\u00edfico ubicar\u00e1 la ponencia en el eje tem\u00e1tico que considere m\u00e1s pertinente<\/li><li class=\"li2\">Las ponencias y la cesi\u00f3n de derechos deber\u00e1n presentarse de forma electr\u00f3nica en el siguiente <a href=\"https:\/\/docs.google.com\/forms\/d\/e\/1FAIpQLScjAIXwqejif35fscyT9bgNjIwxgSjUtGdJVxUiZm_jHhWxxg\/viewform\" target=\"_blank\" rel=\"noopener\">formulario<\/a><span class=\"s1\">.<\/span><\/li><li class=\"li2\">En el trabajo se debe mencionar si los trabajos son: investigaciones en curso o resultados<span class=\"s2\"> de investigaci\u00f3n<\/span><br \/><ul class=\"ul1\"><li class=\"li9\"><b><\/b><span class=\"s3\"><b>Investigaci\u00f3n en curso<\/b><\/span><b>:<\/b> Son aquellas investigaciones que se encuentran en ejecuci\u00f3n y pueden mostrar resultados preliminares, basados en la recolecci\u00f3n o an\u00e1lisis de informaci\u00f3n. El documento debe incluir: Planteamiento del problema, formulaci\u00f3n del problema, objetivos, justificaci\u00f3n, marcos te\u00f3ricos, metodolog\u00eda de investigaci\u00f3n, m\u00e9todos o t\u00e9cnicas en desarrollo, y resultados parciales.<\/li><li class=\"li9\"><b><\/b><span class=\"s3\"><b>Investigaci\u00f3n terminada<\/b><\/span>: Son aquellas que han finalizado la fase de recolecci\u00f3n de datos, tienen resultados definitivos y han elaborado informe final. El documento debe incluir: Planteamiento del problema, Formulaci\u00f3n del problema, objetivos, justificaci\u00f3n, marcos te\u00f3ricos, metodolog\u00eda de investigaci\u00f3n, m\u00e9todos o t\u00e9cnicas desarrolladas, resultados obtenidos, conclusiones y recomendaciones<\/li><\/ul><\/li><li class=\"li2\">No se aceptar\u00e1n trabajos presentados por personas diferentes a los autores<\/li><li class=\"li2\">Las ponencias que no puedan ser presentadas en el Congreso no ser\u00e1n incluidas<span class=\"s2\"> en las publicaciones del evento.<\/span><\/li><\/ul><\/li><\/ul><p>\u00a0<\/p><p><b><br \/>Fecha de presentaci\u00f3n Ponencias<\/b><\/p><p class=\"p2\">El Comit\u00e9 Cient\u00edfico del Congreso, revisar\u00e1 los trabajos recibidos, e informar\u00e1 a m\u00e1s tardar el 6 de octubre del 2025, por correo electr\u00f3nico, la decisi\u00f3n final de aceptaci\u00f3n o no del trabajo y la decisi\u00f3n sobre publicaci\u00f3n en el libro solo para investigaciones terminadas.<\/p><p class=\"p9\"><span class=\"s2\">A continuaci\u00f3n, se dan a conocer las fechas para la presentaci\u00f3n de las ponencias y de las ponencias aprobadas en el \u201d <\/span><b>VII Congreso Internacional de Ciencias Econ\u00f3micas y Administrativas \u201cHorizontes empresariales: redefiniendo los modelos de negocio\u201d.<\/b><\/p><p class=\"p2\"><b>Actividad\u00a0 \u00a0 \u00a0 \u00a0 \u00a0 \u00a0 \u00a0 \u00a0 \u00a0 \u00a0 \u00a0 \u00a0 \u00a0 \u00a0 \u00a0 \u00a0 \u00a0 \u00a0 \u00a0 \u00a0 \u00a0 \u00a0 \u00a0 \u00a0 \u00a0 \u00a0 \u00a0 \u00a0 \u00a0 Fecha<\/b><\/p><p class=\"p2\">Apertura de la convocatoria\u00a0 \u00a0 \u00a0 \u00a0 \u00a0 \u00a0 \u00a0 \u00a0 \u00a0 \u00a0 \u00a0 \u00a0 \u00a0 \u00a025\/08\/2025<\/p><p class=\"p2\">Env\u00edo de ponencias completas*\u00a0 \u00a0 \u00a0 \u00a0 \u00a0 \u00a0 \u00a0 \u00a0 \u00a0 \u00a0 \u00a030\/09\/2025<\/p><p class=\"p2\">Resultados ponencias aprobadas\u00a0 \u00a0 \u00a0 \u00a0 \u00a0 \u00a0 \u00a0 \u00a0 \u00a006\/10\/2025<\/p><h6 class=\"p2\"><strong>*No se aceptar\u00e1n ponencias enviadas despu\u00e9s de la fecha estipulada.<\/strong><\/h6>                    <\/div>\n\t\t        \n                    <div id=\"agenda-tab\" class=\"clearfix eael-tab-content-item inactive\" data-title-link=\"agenda-tab\">\n\t\t\t\t        <p><img loading=\"lazy\" decoding=\"async\" class=\"wp-image-20654 size-full aligncenter\" src=\"https:\/\/unisangil.edu.co\/wp-content\/uploads\/2025\/10\/Flyer-VII-Congreso-Internacional-Ciencias-Economicas-y-Administrativas-Agenda-1-V2.png\" alt=\"\" width=\"801\" height=\"801\" srcset=\"https:\/\/unisangil.edu.co\/wp-content\/uploads\/2025\/10\/Flyer-VII-Congreso-Internacional-Ciencias-Economicas-y-Administrativas-Agenda-1-V2.png 801w, https:\/\/unisangil.edu.co\/wp-content\/uploads\/2025\/10\/Flyer-VII-Congreso-Internacional-Ciencias-Economicas-y-Administrativas-Agenda-1-V2-300x300.png 300w, https:\/\/unisangil.edu.co\/wp-content\/uploads\/2025\/10\/Flyer-VII-Congreso-Internacional-Ciencias-Economicas-y-Administrativas-Agenda-1-V2-150x150.png 150w, https:\/\/unisangil.edu.co\/wp-content\/uploads\/2025\/10\/Flyer-VII-Congreso-Internacional-Ciencias-Economicas-y-Administrativas-Agenda-1-V2-768x768.png 768w, https:\/\/unisangil.edu.co\/wp-content\/uploads\/2025\/10\/Flyer-VII-Congreso-Internacional-Ciencias-Economicas-y-Administrativas-Agenda-1-V2-48x48.png 48w\" sizes=\"(max-width: 801px) 100vw, 801px\" \/> <img loading=\"lazy\" decoding=\"async\" class=\"wp-image-20655 size-full aligncenter\" src=\"https:\/\/unisangil.edu.co\/wp-content\/uploads\/2025\/10\/Flyer-VII-Congreso-Internacional-Ciencias-Economicas-y-Administrativas-Agenda-2-V2.png\" alt=\"\" width=\"801\" height=\"801\" srcset=\"https:\/\/unisangil.edu.co\/wp-content\/uploads\/2025\/10\/Flyer-VII-Congreso-Internacional-Ciencias-Economicas-y-Administrativas-Agenda-2-V2.png 801w, https:\/\/unisangil.edu.co\/wp-content\/uploads\/2025\/10\/Flyer-VII-Congreso-Internacional-Ciencias-Economicas-y-Administrativas-Agenda-2-V2-300x300.png 300w, https:\/\/unisangil.edu.co\/wp-content\/uploads\/2025\/10\/Flyer-VII-Congreso-Internacional-Ciencias-Economicas-y-Administrativas-Agenda-2-V2-150x150.png 150w, https:\/\/unisangil.edu.co\/wp-content\/uploads\/2025\/10\/Flyer-VII-Congreso-Internacional-Ciencias-Economicas-y-Administrativas-Agenda-2-V2-768x768.png 768w, https:\/\/unisangil.edu.co\/wp-content\/uploads\/2025\/10\/Flyer-VII-Congreso-Internacional-Ciencias-Economicas-y-Administrativas-Agenda-2-V2-48x48.png 48w\" sizes=\"(max-width: 801px) 100vw, 801px\" \/><\/p>                    <\/div>\n\t\t        \n                    <div id=\"costos-e-inscripciones-tab\" class=\"clearfix eael-tab-content-item inactive\" data-title-link=\"costos-e-inscripciones-tab\">\n\t\t\t\t        <h4 class=\"p1\">Perfil de los Asistentes<br \/>_____________________________________<\/h4><p class=\"p1\">Docentes de los diferentes programas de pregrado y posgrado en el campo de las ciencias econ\u00f3micas y administrativas que deseen conocer sobre los retos y desaf\u00edos que plantean los nuevos modelos de negocio y su relaci\u00f3n con las \u00e1reas administrativas, contables y de econom\u00eda solidaria.<\/p><p class=\"p1\">Estudiantes de los diferentes programas de pregrado y posgrado en el campo de las ciencias econ\u00f3micas y administrativas que deseen conocer sobre sobre los retos y desaf\u00edos que plantean los nuevos modelos de negocio y su relaci\u00f3n con las \u00e1reas administrativas, contables y de econom\u00eda solidaria.<\/p><p class=\"p1\">Altos directivos y gerentes de peque\u00f1as, medianas y grandes empresas y todas aquellas personas que deseen tener una visi\u00f3n m\u00e1s amplia y detallada sobre los m\u00e1s recientes avances en estrategias empresariales innovadoras.<\/p><h4 class=\"p1\">Valor Inscripci\u00f3n<br \/>_____________________________________<\/h4><p class=\"p1\">Estudiantes y docentes: $ 40.000 COP<\/p><p class=\"p1\">Graduados y p\u00fablico en general: $ 50.000 COP<\/p><p class=\"p1\">Ponente de investigaci\u00f3n:\u00a0 $ 60.000 COP<\/p><p>Estudiantes de instituciones t\u00e9cinas: $ 25.000 COP<\/p><h4 class=\"p1\">Proceso de Inscripci\u00f3n<br \/>_____________________________________<\/h4><p class=\"p1\">Asistentes\u00a0 y ponentes primero realizar la inscripci\u00f3n\u00a0por este <a href=\"https:\/\/forms.gle\/uTmCXaP4Gpm1q2qD8\" target=\"_blank\" rel=\"noopener\">enlace<\/a><\/p><p>El participante ponente <strong>adicionalmente<\/strong> debe hacer inscripci\u00f3n en el siguiente <a href=\"https:\/\/forms.gle\/gpv9ee53roQH3Kd27\" target=\"_blank\" rel=\"noopener\">enlace<\/a><\/p><p class=\"p1\">Instructivo de inscripci\u00f3n<span class=\"Apple-converted-space\">\u00a0 <\/span>y pago<span class=\"Apple-converted-space\">\u00a0 <\/span>en el siguiente <a href=\"https:\/\/drive.google.com\/file\/d\/1fEyvOXxh6nHUHqoKVwy2qzWIV5X9RsW-\/view?usp=drive_link\" target=\"_blank\" rel=\"noopener\">enlace<\/a><\/p>                    <\/div>\n\t\t        \n                    <div id=\"publicaciones-tab\" class=\"clearfix eael-tab-content-item inactive\" data-title-link=\"publicaciones-tab\">\n\t\t\t\t        <p>Publicaciones del Congreso<\/p><hr \/><table><tbody><tr><td><strong>Memorias<\/strong><\/td><td><strong>Libros<\/strong><\/td><\/tr><tr><td><strong><a href=\"https:\/\/unisangil.edu.co\/wp-content\/uploads\/2025\/12\/Memorias_CICEA_2025-Congreso-Internacional-de-Ciencias-Economicas-UNISANGIL.pdf\" target=\"_blank\" rel=\"alternate noopener noreferrer\">Memorias 2025<\/a><\/strong><\/td><td><a href=\"https:\/\/unisangil.edu.co\/wp-content\/uploads\/2025\/12\/Memorias_CICEA_2025-Congreso-Internacional-de-Ciencias-Economicas-UNISANGIL.pdf\" target=\"_blank\" rel=\"noopener\"><strong>Horizontes Empresariales: Redefiniendo los Modelos de Negocio<\/strong><\/a><\/td><\/tr><tr><td colspan=\"2\"><hr \/><\/td><\/tr><tr><td><strong><a href=\"https:\/\/unisangil.edu.co\/wp-content\/uploads\/2025\/07\/Memorias-CICEA-2024-Investigacion-Ciencias-Economicas_compressed.pdf\" target=\"_blank\" rel=\"alternate noopener noreferrer\">Memorias 2024<\/a><\/strong><\/td><td><a href=\"https:\/\/unisangil.edu.co\/wp-content\/uploads\/2025\/07\/Inteligencia-de-negocios-Investigacion-Ciencias-Economicas_compressed.pdf\" target=\"_blank\" rel=\"noopener\"><strong>Inteligencia de Negocios, Impulsando en Crecimiento Organizacional<\/strong><\/a><\/td><\/tr><tr><td colspan=\"2\"><hr \/><\/td><\/tr><tr><td><strong><a href=\"https:\/\/www.unisangil.edu.co\/wp-content\/uploads\/Documentos\/cicea\/cicea_memorias_2023.pdf\" target=\"_blank\" rel=\"alternate noopener noreferrer\">Memorias 2023<\/a><\/strong><\/td><td><a href=\"http:\/\/www.unisangil.edu.co\/wp-content\/uploads\/Documentos\/cicea\/cicea_libro_2023.pdf\" target=\"_blank\" rel=\"noopener\"><strong>Organizaciones Globales<\/strong><\/a><\/td><\/tr><tr><td colspan=\"2\"><hr \/><\/td><\/tr><tr><td><strong><a href=\"https:\/\/www.unisangil.edu.co\/wp-content\/uploads\/Documentos\/cicea\/cicea_memorias_2022_final.pdf\" target=\"_blank\" rel=\"alternate noopener noreferrer\">Memorias 2022<\/a><\/strong><\/td><td><a href=\"https:\/\/www.unisangil.edu.co\/wp-content\/uploads\/Documentos\/cicea\/cicea_libro_2022.pdf\" target=\"_blank\" rel=\"noopener\"><strong>Reactivaci\u00f3n econ\u00f3mica: Retos y Desaf\u00edos<\/strong><\/a><\/td><\/tr><tr><td colspan=\"2\"><hr \/><\/td><\/tr><tr><td><strong><a href=\"https:\/\/www.unisangil.edu.co\/wp-content\/uploads\/Documentos\/cicea\/cicea_memorias_2021_final.pdf\" target=\"_blank\" rel=\"alternate noopener noreferrer\">Memorias 2021<br \/><\/a><\/strong><\/td><td><strong><a href=\"https:\/\/www.unisangil.edu.co\/wp-content\/uploads\/Documentos\/cicea\/cicea_libro_2021.pdf\" target=\"_blank\" rel=\"alternate noopener noreferrer\">Prospectiva, un enfoque de gesti\u00f3n del cambio<\/a><\/strong><\/td><\/tr><tr><td colspan=\"2\"><hr \/><\/td><\/tr><tr><td><strong><a href=\"https:\/\/www.unisangil.edu.co\/wp-content\/uploads\/Documentos\/cicea\/cicea_memorias_2020_final.pdf\" target=\"_blank\" rel=\"alternate noopener noreferrer\">Memorias 2020<br \/><\/a><\/strong><\/td><td><strong><a href=\"https:\/\/www.unisangil.edu.co\/wp-content\/uploads\/Documentos\/cicea\/cicea_libro_2020.pdf\" target=\"_blank\" rel=\"alternate noopener noreferrer\">Gestionando organizaciones contempor\u00e1neas<\/a><\/strong><\/td><\/tr><tr><td colspan=\"2\"><hr \/><\/td><\/tr><tr><td><div id=\"demoObject1\"><p><strong><a href=\"https:\/\/www.unisangil.edu.co\/wp-content\/uploads\/Documentos\/cicea\/cicea_memorias_2019.pdf\" target=\"_blank\" rel=\"alternate noopener noreferrer\">Memorias 2019<br \/><\/a><\/strong><\/p><\/div><\/td><td><div><p><strong><a href=\"https:\/\/www.unisangil.edu.co\/wp-content\/uploads\/Documentos\/cicea\/cicea_libro_2019.pdf\" target=\"_blank\" rel=\"alternate noopener noreferrer\">Innovando desde las organizaciones<\/a><\/strong><\/p><\/div><\/td><\/tr><\/tbody><\/table>                    <\/div>\n\t\t                    <\/div>\n        <\/div>\n\t\t\t\t<\/div>\n\t\t\t\t<\/div>\n\t\t\t\t\t<\/div>\n\t\t\t\t<\/div>\n\t\t<div class=\"elementor-element elementor-element-8d07c69 e-flex e-con-boxed e-con e-parent\" data-id=\"8d07c69\" data-element_type=\"container\" data-e-type=\"container\">\n\t\t\t\t\t<div class=\"e-con-inner\">\n\t\t\t\t\t<\/div>\n\t\t\t\t<\/div>\n\t\t\t\t<\/div>\n\t\t","protected":false},"excerpt":{"rendered":"<p>Presentaci\u00f3n Conferencistas Ponencias Agenda Costos e Inscripciones Publicaciones Presentaci\u00f3n del evento En el entorno global actual, definido por la disrupci\u00f3n tecnol\u00f3gica, la incertidumbre econ\u00f3mica y la necesidad constante de adopci\u00f3n de nuevos modelos de negocio, la gesti\u00f3n empresarial enfrenta una transformaci\u00f3n profunda, que demanda una visi\u00f3n m\u00e1s innovadora, adaptable y estrat\u00e9gica. Las organizaciones afrontan panoramas [&hellip;]<\/p>\n","protected":false},"author":2,"featured_media":0,"parent":0,"menu_order":0,"comment_status":"closed","ping_status":"closed","template":"","meta":{"footnotes":""},"class_list":["post-6949","page","type-page","status-publish","hentry"],"yoast_head":"<!-- This site is optimized with the Yoast SEO plugin v25.6 - https:\/\/yoast.com\/wordpress\/plugins\/seo\/ -->\n<title>Congreso Internacional de Administraci\u00f3n - CICEA - UNISANGIL<\/title>\n<meta name=\"robots\" content=\"index, follow, max-snippet:-1, max-image-preview:large, max-video-preview:-1\" \/>\n<link rel=\"canonical\" href=\"https:\/\/unisangil.edu.co\/?page_id=6949\" \/>\n<meta property=\"og:locale\" content=\"es_ES\" \/>\n<meta property=\"og:type\" content=\"article\" \/>\n<meta property=\"og:title\" content=\"Congreso Internacional de Administraci\u00f3n - CICEA - UNISANGIL\" \/>\n<meta property=\"og:description\" content=\"Presentaci\u00f3n Conferencistas Ponencias Agenda Costos e Inscripciones Publicaciones Presentaci\u00f3n del evento En el entorno global actual, definido por la disrupci\u00f3n tecnol\u00f3gica, la incertidumbre econ\u00f3mica y la necesidad constante de adopci\u00f3n de nuevos modelos de negocio, la gesti\u00f3n empresarial enfrenta una transformaci\u00f3n profunda, que demanda una visi\u00f3n m\u00e1s innovadora, adaptable y estrat\u00e9gica. Las organizaciones afrontan panoramas [&hellip;]\" \/>\n<meta property=\"og:url\" content=\"https:\/\/unisangil.edu.co\/?page_id=6949\" \/>\n<meta property=\"og:site_name\" content=\"UNISANGIL\" \/>\n<meta property=\"article:publisher\" content=\"https:\/\/www.facebook.com\/UNISANGIL\" \/>\n<meta property=\"article:modified_time\" content=\"2025-12-19T17:07:10+00:00\" \/>\n<meta property=\"og:image\" content=\"https:\/\/unisangil.edu.co\/wp-content\/uploads\/2025\/09\/PORTADA-WEB-VII-Congreso-Internacional-de-CEA-1.jpg\" \/>\n\t<meta property=\"og:image:width\" content=\"1920\" \/>\n\t<meta property=\"og:image:height\" content=\"932\" \/>\n\t<meta property=\"og:image:type\" content=\"image\/jpeg\" \/>\n<meta name=\"twitter:card\" content=\"summary_large_image\" \/>\n<meta name=\"twitter:site\" content=\"@UNISANGIL\" \/>\n<meta name=\"twitter:label1\" content=\"Tiempo de lectura\" \/>\n\t<meta name=\"twitter:data1\" content=\"8 minutos\" \/>\n<script type=\"application\/ld+json\" class=\"yoast-schema-graph\">{\"@context\":\"https:\/\/schema.org\",\"@graph\":[{\"@type\":\"WebPage\",\"@id\":\"https:\/\/unisangil.edu.co\/?page_id=6949\",\"url\":\"https:\/\/unisangil.edu.co\/?page_id=6949\",\"name\":\"Congreso Internacional de Administraci\u00f3n - CICEA - UNISANGIL\",\"isPartOf\":{\"@id\":\"https:\/\/unisangil.edu.co\/#website\"},\"primaryImageOfPage\":{\"@id\":\"https:\/\/unisangil.edu.co\/?page_id=6949#primaryimage\"},\"image\":{\"@id\":\"https:\/\/unisangil.edu.co\/?page_id=6949#primaryimage\"},\"thumbnailUrl\":\"https:\/\/unisangil.edu.co\/wp-content\/uploads\/2025\/09\/PORTADA-WEB-VII-Congreso-Internacional-de-CEA-1.jpg\",\"datePublished\":\"2023-11-29T19:03:16+00:00\",\"dateModified\":\"2025-12-19T17:07:10+00:00\",\"breadcrumb\":{\"@id\":\"https:\/\/unisangil.edu.co\/?page_id=6949#breadcrumb\"},\"inLanguage\":\"es-CO\",\"potentialAction\":[{\"@type\":\"ReadAction\",\"target\":[\"https:\/\/unisangil.edu.co\/?page_id=6949\"]}]},{\"@type\":\"ImageObject\",\"inLanguage\":\"es-CO\",\"@id\":\"https:\/\/unisangil.edu.co\/?page_id=6949#primaryimage\",\"url\":\"https:\/\/unisangil.edu.co\/wp-content\/uploads\/2025\/09\/PORTADA-WEB-VII-Congreso-Internacional-de-CEA-1.jpg\",\"contentUrl\":\"https:\/\/unisangil.edu.co\/wp-content\/uploads\/2025\/09\/PORTADA-WEB-VII-Congreso-Internacional-de-CEA-1.jpg\",\"width\":1920,\"height\":932},{\"@type\":\"BreadcrumbList\",\"@id\":\"https:\/\/unisangil.edu.co\/?page_id=6949#breadcrumb\",\"itemListElement\":[{\"@type\":\"ListItem\",\"position\":1,\"name\":\"Inicio\",\"item\":\"https:\/\/unisangil.edu.co\/\"},{\"@type\":\"ListItem\",\"position\":2,\"name\":\"Congreso Internacional de Administraci\u00f3n &#8211; CICEA\"}]},{\"@type\":\"WebSite\",\"@id\":\"https:\/\/unisangil.edu.co\/#website\",\"url\":\"https:\/\/unisangil.edu.co\/\",\"name\":\"UNISANGIL\",\"description\":\"Somos una Instituci\u00f3n de educaci\u00f3n superior de origen y acci\u00f3n solidarios que contribuye con el desarrollo de la sociedad en los \u00e1mbitos local y regional\",\"publisher\":{\"@id\":\"https:\/\/unisangil.edu.co\/#organization\"},\"potentialAction\":[{\"@type\":\"SearchAction\",\"target\":{\"@type\":\"EntryPoint\",\"urlTemplate\":\"https:\/\/unisangil.edu.co\/?s={search_term_string}\"},\"query-input\":{\"@type\":\"PropertyValueSpecification\",\"valueRequired\":true,\"valueName\":\"search_term_string\"}}],\"inLanguage\":\"es-CO\"},{\"@type\":\"Organization\",\"@id\":\"https:\/\/unisangil.edu.co\/#organization\",\"name\":\"UNISANGIL\",\"url\":\"https:\/\/unisangil.edu.co\/\",\"logo\":{\"@type\":\"ImageObject\",\"inLanguage\":\"es-CO\",\"@id\":\"https:\/\/unisangil.edu.co\/#\/schema\/logo\/image\/\",\"url\":\"https:\/\/unisangil.edu.co\/wp-content\/uploads\/2023\/06\/LOGO-UNISANGIL-WEB-1-2.png\",\"contentUrl\":\"https:\/\/unisangil.edu.co\/wp-content\/uploads\/2023\/06\/LOGO-UNISANGIL-WEB-1-2.png\",\"width\":1250,\"height\":1250,\"caption\":\"UNISANGIL\"},\"image\":{\"@id\":\"https:\/\/unisangil.edu.co\/#\/schema\/logo\/image\/\"},\"sameAs\":[\"https:\/\/www.facebook.com\/UNISANGIL\",\"https:\/\/x.com\/UNISANGIL\"]}]}<\/script>\n<!-- \/ Yoast SEO plugin. -->","yoast_head_json":{"title":"Congreso Internacional de Administraci\u00f3n - CICEA - UNISANGIL","robots":{"index":"index","follow":"follow","max-snippet":"max-snippet:-1","max-image-preview":"max-image-preview:large","max-video-preview":"max-video-preview:-1"},"canonical":"https:\/\/unisangil.edu.co\/?page_id=6949","og_locale":"es_ES","og_type":"article","og_title":"Congreso Internacional de Administraci\u00f3n - CICEA - UNISANGIL","og_description":"Presentaci\u00f3n Conferencistas Ponencias Agenda Costos e Inscripciones Publicaciones Presentaci\u00f3n del evento En el entorno global actual, definido por la disrupci\u00f3n tecnol\u00f3gica, la incertidumbre econ\u00f3mica y la necesidad constante de adopci\u00f3n de nuevos modelos de negocio, la gesti\u00f3n empresarial enfrenta una transformaci\u00f3n profunda, que demanda una visi\u00f3n m\u00e1s innovadora, adaptable y estrat\u00e9gica. Las organizaciones afrontan panoramas [&hellip;]","og_url":"https:\/\/unisangil.edu.co\/?page_id=6949","og_site_name":"UNISANGIL","article_publisher":"https:\/\/www.facebook.com\/UNISANGIL","article_modified_time":"2025-12-19T17:07:10+00:00","og_image":[{"width":1920,"height":932,"url":"https:\/\/unisangil.edu.co\/wp-content\/uploads\/2025\/09\/PORTADA-WEB-VII-Congreso-Internacional-de-CEA-1.jpg","type":"image\/jpeg"}],"twitter_card":"summary_large_image","twitter_site":"@UNISANGIL","twitter_misc":{"Tiempo de lectura":"8 minutos"},"schema":{"@context":"https:\/\/schema.org","@graph":[{"@type":"WebPage","@id":"https:\/\/unisangil.edu.co\/?page_id=6949","url":"https:\/\/unisangil.edu.co\/?page_id=6949","name":"Congreso Internacional de Administraci\u00f3n - CICEA - UNISANGIL","isPartOf":{"@id":"https:\/\/unisangil.edu.co\/#website"},"primaryImageOfPage":{"@id":"https:\/\/unisangil.edu.co\/?page_id=6949#primaryimage"},"image":{"@id":"https:\/\/unisangil.edu.co\/?page_id=6949#primaryimage"},"thumbnailUrl":"https:\/\/unisangil.edu.co\/wp-content\/uploads\/2025\/09\/PORTADA-WEB-VII-Congreso-Internacional-de-CEA-1.jpg","datePublished":"2023-11-29T19:03:16+00:00","dateModified":"2025-12-19T17:07:10+00:00","breadcrumb":{"@id":"https:\/\/unisangil.edu.co\/?page_id=6949#breadcrumb"},"inLanguage":"es-CO","potentialAction":[{"@type":"ReadAction","target":["https:\/\/unisangil.edu.co\/?page_id=6949"]}]},{"@type":"ImageObject","inLanguage":"es-CO","@id":"https:\/\/unisangil.edu.co\/?page_id=6949#primaryimage","url":"https:\/\/unisangil.edu.co\/wp-content\/uploads\/2025\/09\/PORTADA-WEB-VII-Congreso-Internacional-de-CEA-1.jpg","contentUrl":"https:\/\/unisangil.edu.co\/wp-content\/uploads\/2025\/09\/PORTADA-WEB-VII-Congreso-Internacional-de-CEA-1.jpg","width":1920,"height":932},{"@type":"BreadcrumbList","@id":"https:\/\/unisangil.edu.co\/?page_id=6949#breadcrumb","itemListElement":[{"@type":"ListItem","position":1,"name":"Inicio","item":"https:\/\/unisangil.edu.co\/"},{"@type":"ListItem","position":2,"name":"Congreso Internacional de Administraci\u00f3n &#8211; CICEA"}]},{"@type":"WebSite","@id":"https:\/\/unisangil.edu.co\/#website","url":"https:\/\/unisangil.edu.co\/","name":"UNISANGIL","description":"Somos una Instituci\u00f3n de educaci\u00f3n superior de origen y acci\u00f3n solidarios que contribuye con el desarrollo de la sociedad en los \u00e1mbitos local y regional","publisher":{"@id":"https:\/\/unisangil.edu.co\/#organization"},"potentialAction":[{"@type":"SearchAction","target":{"@type":"EntryPoint","urlTemplate":"https:\/\/unisangil.edu.co\/?s={search_term_string}"},"query-input":{"@type":"PropertyValueSpecification","valueRequired":true,"valueName":"search_term_string"}}],"inLanguage":"es-CO"},{"@type":"Organization","@id":"https:\/\/unisangil.edu.co\/#organization","name":"UNISANGIL","url":"https:\/\/unisangil.edu.co\/","logo":{"@type":"ImageObject","inLanguage":"es-CO","@id":"https:\/\/unisangil.edu.co\/#\/schema\/logo\/image\/","url":"https:\/\/unisangil.edu.co\/wp-content\/uploads\/2023\/06\/LOGO-UNISANGIL-WEB-1-2.png","contentUrl":"https:\/\/unisangil.edu.co\/wp-content\/uploads\/2023\/06\/LOGO-UNISANGIL-WEB-1-2.png","width":1250,"height":1250,"caption":"UNISANGIL"},"image":{"@id":"https:\/\/unisangil.edu.co\/#\/schema\/logo\/image\/"},"sameAs":["https:\/\/www.facebook.com\/UNISANGIL","https:\/\/x.com\/UNISANGIL"]}]}},"_links":{"self":[{"href":"https:\/\/unisangil.edu.co\/index.php?rest_route=\/wp\/v2\/pages\/6949"}],"collection":[{"href":"https:\/\/unisangil.edu.co\/index.php?rest_route=\/wp\/v2\/pages"}],"about":[{"href":"https:\/\/unisangil.edu.co\/index.php?rest_route=\/wp\/v2\/types\/page"}],"author":[{"embeddable":true,"href":"https:\/\/unisangil.edu.co\/index.php?rest_route=\/wp\/v2\/users\/2"}],"replies":[{"embeddable":true,"href":"https:\/\/unisangil.edu.co\/index.php?rest_route=%2Fwp%2Fv2%2Fcomments&post=6949"}],"version-history":[{"count":196,"href":"https:\/\/unisangil.edu.co\/index.php?rest_route=\/wp\/v2\/pages\/6949\/revisions"}],"predecessor-version":[{"id":22651,"href":"https:\/\/unisangil.edu.co\/index.php?rest_route=\/wp\/v2\/pages\/6949\/revisions\/22651"}],"wp:attachment":[{"href":"https:\/\/unisangil.edu.co\/index.php?rest_route=%2Fwp%2Fv2%2Fmedia&parent=6949"}],"curies":[{"name":"wp","href":"https:\/\/api.w.org\/{rel}","templated":true}]}}