{"id":6697,"date":"2023-11-27T10:03:47","date_gmt":"2023-11-27T15:03:47","guid":{"rendered":"https:\/\/hades.unisangil.edu.co\/?page_id=6697"},"modified":"2026-04-08T14:44:39","modified_gmt":"2026-04-08T19:44:39","slug":"pqrs","status":"publish","type":"page","link":"https:\/\/unisangil.edu.co\/?page_id=6697","title":{"rendered":"PQRSF"},"content":{"rendered":"\t\t<div data-elementor-type=\"wp-page\" data-elementor-id=\"6697\" class=\"elementor elementor-6697\" data-elementor-post-type=\"page\">\n\t\t\t\t\t\t<section class=\"elementor-section elementor-top-section elementor-element elementor-element-dd9c7a7 elementor-section-height-min-height elementor-section-boxed elementor-section-height-default elementor-section-items-middle\" data-id=\"dd9c7a7\" data-element_type=\"section\" data-e-type=\"section\" data-settings=\"{&quot;background_background&quot;:&quot;video&quot;,&quot;background_video_start&quot;:0,&quot;animation&quot;:&quot;none&quot;,&quot;background_play_on_mobile&quot;:&quot;yes&quot;,&quot;background_video_link&quot;:&quot;https:\\\/\\\/youtu.be\\\/7l0mIIS-bQE&quot;}\">\n\t\t\t\t\t\t\t\t<div class=\"elementor-background-video-container\">\n\t\t\t\t\t\t\t\t\t\t\t\t\t<div class=\"elementor-background-video-embed\" role=\"presentation\"><\/div>\n\t\t\t\t\t\t\t\t\t\t\t\t<\/div>\n\t\t\t\t\t\t\t\t\t<div class=\"elementor-background-overlay\"><\/div>\n\t\t\t\t\t\t\t<div class=\"elementor-container elementor-column-gap-default\">\n\t\t\t\t\t<div class=\"elementor-column elementor-col-100 elementor-top-column elementor-element elementor-element-130e9ccb\" data-id=\"130e9ccb\" data-element_type=\"column\" data-e-type=\"column\">\n\t\t\t<div class=\"elementor-widget-wrap\">\n\t\t\t\t\t\t\t<\/div>\n\t\t<\/div>\n\t\t\t\t\t<\/div>\n\t\t<\/section>\n\t\t\t\t<section class=\"elementor-section elementor-top-section elementor-element elementor-element-617622b elementor-section-boxed elementor-section-height-default elementor-section-height-default\" data-id=\"617622b\" data-element_type=\"section\" data-e-type=\"section\">\n\t\t\t\t\t\t<div class=\"elementor-container elementor-column-gap-default\">\n\t\t\t\t\t<div class=\"elementor-column elementor-col-50 elementor-top-column elementor-element elementor-element-ef5036a elementor-invisible\" data-id=\"ef5036a\" data-element_type=\"column\" data-e-type=\"column\" data-settings=\"{&quot;background_background&quot;:&quot;classic&quot;,&quot;motion_fx_motion_fx_mouse&quot;:&quot;yes&quot;,&quot;animation&quot;:&quot;slideInLeft&quot;}\">\n\t\t\t<div class=\"elementor-widget-wrap elementor-element-populated\">\n\t\t\t\t\t\t<div class=\"elementor-element elementor-element-797a46b elementor-widget elementor-widget-icon-box\" data-id=\"797a46b\" data-element_type=\"widget\" data-e-type=\"widget\" data-widget_type=\"icon-box.default\">\n\t\t\t\t<div class=\"elementor-widget-container\">\n\t\t\t\t\t\t\t<div class=\"elementor-icon-box-wrapper\">\n\n\t\t\t\n\t\t\t\t\t\t<div class=\"elementor-icon-box-content\">\n\n\t\t\t\t\t\t\t\t\t<h3 class=\"elementor-icon-box-title\">\n\t\t\t\t\t\t<span  >\n\t\t\t\t\t\t\tPQRSF\t\t\t\t\t\t<\/span>\n\t\t\t\t\t<\/h3>\n\t\t\t\t\n\t\t\t\t\n\t\t\t<\/div>\n\t\t\t\n\t\t<\/div>\n\t\t\t\t\t\t<\/div>\n\t\t\t\t<\/div>\n\t\t\t\t\t<\/div>\n\t\t<\/div>\n\t\t\t\t<div class=\"elementor-column elementor-col-50 elementor-top-column elementor-element elementor-element-acf5d87\" data-id=\"acf5d87\" data-element_type=\"column\" data-e-type=\"column\">\n\t\t\t<div class=\"elementor-widget-wrap\">\n\t\t\t\t\t\t\t<\/div>\n\t\t<\/div>\n\t\t\t\t\t<\/div>\n\t\t<\/section>\n\t\t<div class=\"elementor-element elementor-element-7ca0d6a e-flex e-con-boxed e-con e-parent\" data-id=\"7ca0d6a\" data-element_type=\"container\" data-e-type=\"container\" data-settings=\"{&quot;background_background&quot;:&quot;classic&quot;}\">\n\t\t\t\t\t<div class=\"e-con-inner\">\n\t\t\t\t<div class=\"elementor-element elementor-element-987b34d elementor-position-inline-start elementor-view-default elementor-mobile-position-block-start elementor-invisible elementor-widget elementor-widget-icon-box\" data-id=\"987b34d\" data-element_type=\"widget\" data-e-type=\"widget\" data-settings=\"{&quot;_animation&quot;:&quot;zoomIn&quot;}\" data-widget_type=\"icon-box.default\">\n\t\t\t\t<div class=\"elementor-widget-container\">\n\t\t\t\t\t\t\t<div class=\"elementor-icon-box-wrapper\">\n\n\t\t\t\t\t\t<div class=\"elementor-icon-box-icon\">\n\t\t\t\t<span  class=\"elementor-icon\">\n\t\t\t\t<i aria-hidden=\"true\" class=\"far fa-question-circle\"><\/i>\t\t\t\t<\/span>\n\t\t\t<\/div>\n\t\t\t\n\t\t\t\t\t\t<div class=\"elementor-icon-box-content\">\n\n\t\t\t\t\t\t\t\t\t<h3 class=\"elementor-icon-box-title\">\n\t\t\t\t\t\t<span  >\n\t\t\t\t\t\t\tPreguntas frecuentes\t\t\t\t\t\t<\/span>\n\t\t\t\t\t<\/h3>\n\t\t\t\t\n\t\t\t\t\n\t\t\t<\/div>\n\t\t\t\n\t\t<\/div>\n\t\t\t\t\t\t<\/div>\n\t\t\t\t<\/div>\n\t\t\t\t\t<\/div>\n\t\t\t\t<\/div>\n\t\t<div class=\"elementor-element elementor-element-d002556 e-flex e-con-boxed e-con e-parent\" data-id=\"d002556\" data-element_type=\"container\" data-e-type=\"container\">\n\t\t\t\t\t<div class=\"e-con-inner\">\n\t\t\t\t<div class=\"elementor-element elementor-element-543bcbc elementor-widget elementor-widget-n-accordion\" data-id=\"543bcbc\" data-element_type=\"widget\" data-e-type=\"widget\" data-settings=\"{&quot;default_state&quot;:&quot;all_collapsed&quot;,&quot;max_items_expended&quot;:&quot;one&quot;,&quot;n_accordion_animation_duration&quot;:{&quot;unit&quot;:&quot;ms&quot;,&quot;size&quot;:400,&quot;sizes&quot;:[]}}\" data-widget_type=\"nested-accordion.default\">\n\t\t\t\t<div class=\"elementor-widget-container\">\n\t\t\t\t\t\t\t<div class=\"e-n-accordion\" aria-label=\"Accordion. Open links with Enter or Space, close with Escape, and navigate with Arrow Keys\">\n\t\t\t\t\t\t<details id=\"e-n-accordion-item-8830\" class=\"e-n-accordion-item\" >\n\t\t\t\t<summary class=\"e-n-accordion-item-title\" data-accordion-index=\"1\" tabindex=\"0\" aria-expanded=\"false\" aria-controls=\"e-n-accordion-item-8830\" >\n\t\t\t\t\t<span class='e-n-accordion-item-title-header'><div class=\"e-n-accordion-item-title-text\"> Aspirantes <\/div><\/span>\n\t\t\t\t\t\t\t<span class='e-n-accordion-item-title-icon'>\n\t\t\t<span class='e-opened' ><i aria-hidden=\"true\" class=\"far fa-question-circle\"><\/i><\/span>\n\t\t\t<span class='e-closed'><i aria-hidden=\"true\" class=\"fas fa-plus\"><\/i><\/span>\n\t\t<\/span>\n\n\t\t\t\t\t\t<\/summary>\n\t\t\t\t<div role=\"region\" aria-labelledby=\"e-n-accordion-item-8830\" class=\"elementor-element elementor-element-758af37 e-con-full e-flex e-con e-child\" data-id=\"758af37\" data-element_type=\"container\" data-e-type=\"container\">\n\t\t<div role=\"region\" aria-labelledby=\"e-n-accordion-item-8830\" class=\"elementor-element elementor-element-51a55ae e-flex e-con-boxed e-con e-child\" data-id=\"51a55ae\" data-element_type=\"container\" data-e-type=\"container\">\n\t\t\t\t\t<div class=\"e-con-inner\">\n\t\t\t\t<div class=\"elementor-element elementor-element-422ab6c elementor-widget elementor-widget-eael-adv-accordion\" data-id=\"422ab6c\" data-element_type=\"widget\" data-e-type=\"widget\" data-widget_type=\"eael-adv-accordion.default\">\n\t\t\t\t<div class=\"elementor-widget-container\">\n\t\t\t\t\t            <div class=\"eael-adv-accordion\" id=\"eael-adv-accordion-422ab6c\" data-scroll-on-click=\"no\" data-scroll-speed=\"300\" data-accordion-id=\"422ab6c\" data-accordion-type=\"accordion\" data-toogle-speed=\"300\">\n            <div class=\"eael-accordion-list\">\n\t\t\t\t\t<div id=\"cmo-me-inscribo-a-un-programa-de-pregrado-o-posgrado-de-unisangil-\" class=\"elementor-tab-title eael-accordion-header\" tabindex=\"0\" data-tab=\"1\" aria-controls=\"elementor-tab-content-6931\"><span class=\"eael-advanced-accordion-icon-closed\"><i aria-hidden=\"true\" class=\"fa-accordion-icon fas fa-plus\"><\/i><\/span><span class=\"eael-advanced-accordion-icon-opened\"><i aria-hidden=\"true\" class=\"fa-accordion-icon fas fa-minus\"><\/i><\/span><span class=\"eael-accordion-tab-title\">\u00bfC\u00f3mo me inscribo a un programa de pregrado o posgrado de UNISANGIL? <\/span><i aria-hidden=\"true\" class=\"fa-toggle fas fa-angle-right\"><\/i><\/div><div id=\"elementor-tab-content-6931\" class=\"eael-accordion-content clearfix\" data-tab=\"1\" aria-labelledby=\"cmo-me-inscribo-a-un-programa-de-pregrado-o-posgrado-de-unisangil-\"><p>Conoce toda la informaci\u00f3n sobre la oferta de programas acad\u00e9micos de UNISANGIL e inscripci\u00f3n a programas pregrado y posgrado, ingresando <a href=\"https:\/\/unisangil.edu.co\/?page_id=1944\" target=\"_blank\" rel=\"noopener\">Aqu\u00ed.\u00a0<\/a><\/p><\/div>\n\t\t\t\t\t<\/div><div class=\"eael-accordion-list\">\n\t\t\t\t\t<div id=\"qu-debo-hacer-si-mi-icfes-no-est-vigente-y-quiero-inscribirme-a-un-programa-de-pregrado\" class=\"elementor-tab-title eael-accordion-header\" tabindex=\"0\" data-tab=\"2\" aria-controls=\"elementor-tab-content-6932\"><span class=\"eael-advanced-accordion-icon-closed\"><i aria-hidden=\"true\" class=\"fa-accordion-icon fas fa-plus\"><\/i><\/span><span class=\"eael-advanced-accordion-icon-opened\"><i aria-hidden=\"true\" class=\"fa-accordion-icon fas fa-minus\"><\/i><\/span><span class=\"eael-accordion-tab-title\">\u00bfQu\u00e9 debo hacer si mi ICFES no est\u00e1 vigente y quiero inscribirme a un programa de pregrado?<\/span><i aria-hidden=\"true\" class=\"fa-toggle fas fa-angle-right\"><\/i><\/div><div id=\"elementor-tab-content-6932\" class=\"eael-accordion-content clearfix\" data-tab=\"2\" aria-labelledby=\"qu-debo-hacer-si-mi-icfes-no-est-vigente-y-quiero-inscribirme-a-un-programa-de-pregrado\"><p><span style=\"font-weight: 400\">No hay problema si no est\u00e1 vigente, solo es necesario acreditar haber presentado el examen de estado, o su equivalente de acuerdo con el reconocimiento y validez que establece el ICFES para el ingreso a la educaci\u00f3n superior\u00a0 \u00a0 de\u00a0 \u00a0 ex\u00e1menes\u00a0 \u00a0 internacionales.<\/span><\/p><\/div>\n\t\t\t\t\t<\/div><div class=\"eael-accordion-list\">\n\t\t\t\t\t<div id=\"si-quiero-cambiar-de-programa-a-quin-debo-acudir-para-realizar-el-proceso\" class=\"elementor-tab-title eael-accordion-header\" tabindex=\"0\" data-tab=\"3\" aria-controls=\"elementor-tab-content-6933\"><span class=\"eael-advanced-accordion-icon-closed\"><i aria-hidden=\"true\" class=\"fa-accordion-icon fas fa-plus\"><\/i><\/span><span class=\"eael-advanced-accordion-icon-opened\"><i aria-hidden=\"true\" class=\"fa-accordion-icon fas fa-minus\"><\/i><\/span><span class=\"eael-accordion-tab-title\">\u00bfSi quiero cambiar de programa a qui\u00e9n debo acudir para realizar el proceso?<\/span><i aria-hidden=\"true\" class=\"fa-toggle fas fa-angle-right\"><\/i><\/div><div id=\"elementor-tab-content-6933\" class=\"eael-accordion-content clearfix\" data-tab=\"3\" aria-labelledby=\"si-quiero-cambiar-de-programa-a-quin-debo-acudir-para-realizar-el-proceso\"><p><span style=\"font-weight: 400\">Puede acercarse a la oficina de admisiones y registro acad\u00e9mico \u00f3 escribir un correo o llamar a los datos de contacto de la Sede a la que pertenezca:<\/span><\/p><p><span style=\"font-weight: 400\">San Gil: <\/span><a href=\"mailto:admisiones@unisangil.edu.co\"><span style=\"font-weight: 400\">admisiones@unisangil.edu.co <\/span><\/a><span style=\"font-weight: 400\">o llamar <\/span><span style=\"font-weight: 400\">(607) 6852925 Ext.2065<br \/><\/span><span style=\"font-weight: 400\">Yopal: <\/span><a href=\"mailto:admisionesyopal@unisangil.edu.co\"><span style=\"font-weight: 400\">admisionesyopal@unisangil.edu.co <\/span><\/a><span style=\"font-weight: 400\">o llamar <\/span><span style=\"font-weight: 400\">(607) 6852925 Ext.2217<br \/><\/span><span style=\"font-weight: 400\">Chiquinquir\u00e1: <\/span><a href=\"mailto:admisioneschiquinquira@unisangil.edu.co\"><span style=\"font-weight: 400\">admisioneschiquinquira@unisangil.edu.co <\/span><\/a><span style=\"font-weight: 400\">o llamar <\/span><span style=\"font-weight: 400\">(607)<\/span> <span style=\"font-weight: 400\">6852925 Ext.2310<\/span><\/p><\/div>\n\t\t\t\t\t<\/div><div class=\"eael-accordion-list\">\n\t\t\t\t\t<div id=\"si-no-he-entregado-los-documentos-completos-qu-pasa-con-el-proceso-de-admisin-si-ya-han-finalizado-las-fechas-estipuladas\" class=\"elementor-tab-title eael-accordion-header\" tabindex=\"0\" data-tab=\"4\" aria-controls=\"elementor-tab-content-6934\"><span class=\"eael-advanced-accordion-icon-closed\"><i aria-hidden=\"true\" class=\"fa-accordion-icon fas fa-plus\"><\/i><\/span><span class=\"eael-advanced-accordion-icon-opened\"><i aria-hidden=\"true\" class=\"fa-accordion-icon fas fa-minus\"><\/i><\/span><span class=\"eael-accordion-tab-title\">\u00bfSi no he entregado los documentos completos, qu\u00e9 pasa con el proceso de admisi\u00f3n si ya han finalizado las fechas estipuladas?<\/span><i aria-hidden=\"true\" class=\"fa-toggle fas fa-angle-right\"><\/i><\/div><div id=\"elementor-tab-content-6934\" class=\"eael-accordion-content clearfix\" data-tab=\"4\" aria-labelledby=\"si-no-he-entregado-los-documentos-completos-qu-pasa-con-el-proceso-de-admisin-si-ya-han-finalizado-las-fechas-estipuladas\"><p>Deber\u00e1s firmar un acta de compromiso para realizar la entrega de los documentos pendientes, con una fecha m\u00e1xima de entrega de ocho (8) d\u00edas antes de iniciar clase; de lo contrario podr\u00e1s realizar el proceso nuevamente en el siguiente per\u00edodo acad\u00e9mico.<\/p><\/div>\n\t\t\t\t\t<\/div><div class=\"eael-accordion-list\">\n\t\t\t\t\t<div id=\"si-soy-admitido-y-no-realic-el-pago-en-la-fecha-estipulada-qu-puedo-hacer-para-no-perder-el-cupo\" class=\"elementor-tab-title eael-accordion-header\" tabindex=\"0\" data-tab=\"5\" aria-controls=\"elementor-tab-content-6935\"><span class=\"eael-advanced-accordion-icon-closed\"><i aria-hidden=\"true\" class=\"fa-accordion-icon fas fa-plus\"><\/i><\/span><span class=\"eael-advanced-accordion-icon-opened\"><i aria-hidden=\"true\" class=\"fa-accordion-icon fas fa-minus\"><\/i><\/span><span class=\"eael-accordion-tab-title\">\u00bfSi soy admitido y no realic\u00e9 el pago en la fecha estipulada, qu\u00e9 puedo hacer para no perder el cupo?<\/span><i aria-hidden=\"true\" class=\"fa-toggle fas fa-angle-right\"><\/i><\/div><div id=\"elementor-tab-content-6935\" class=\"eael-accordion-content clearfix\" data-tab=\"5\" aria-labelledby=\"si-soy-admitido-y-no-realic-el-pago-en-la-fecha-estipulada-qu-puedo-hacer-para-no-perder-el-cupo\"><p><span style=\"font-weight: 400\">Podr\u00e1 solicitar reserva de cupo hasta por un (1) a\u00f1o, posterior a este tiempo, deber\u00e1 realizar nuevamente el proceso de admisi\u00f3n.<\/span><\/p><\/div>\n\t\t\t\t\t<\/div><div class=\"eael-accordion-list\">\n\t\t\t\t\t<div id=\"puedo-corregir-algn-dato-en-mi-formulario-de-inscripcin-\" class=\"elementor-tab-title eael-accordion-header\" tabindex=\"0\" data-tab=\"6\" aria-controls=\"elementor-tab-content-6936\"><span class=\"eael-advanced-accordion-icon-closed\"><i aria-hidden=\"true\" class=\"fa-accordion-icon fas fa-plus\"><\/i><\/span><span class=\"eael-advanced-accordion-icon-opened\"><i aria-hidden=\"true\" class=\"fa-accordion-icon fas fa-minus\"><\/i><\/span><span class=\"eael-accordion-tab-title\">\u00bfPuedo corregir alg\u00fan dato en mi formulario de inscripci\u00f3n? <\/span><i aria-hidden=\"true\" class=\"fa-toggle fas fa-angle-right\"><\/i><\/div><div id=\"elementor-tab-content-6936\" class=\"eael-accordion-content clearfix\" data-tab=\"6\" aria-labelledby=\"puedo-corregir-algn-dato-en-mi-formulario-de-inscripcin-\"><p>Para aplicar las correcciones en tu formulario, debes enviar la solicitud con el soporte si es requerido, a los correos de admisiones seg\u00fan la sede que aplique: <br \/><br \/><strong>San Gil:<\/strong> admisiones@unisangil.edu.co<br \/><strong>Yopal:<\/strong> admisionesyopal@unisangil.edu.co <br \/><strong>Chiquinquir\u00e1:<\/strong> admisioneschiquinquira@unisangil.edu.co <br \/><br \/><strong>Nota:<\/strong> Debes enviar la solicitud desde tu correo institucional de UNISANGIL.<\/p><\/div>\n\t\t\t\t\t<\/div><div class=\"eael-accordion-list\">\n\t\t\t\t\t<div id=\"cmo-obtengo-mi-usuario-de-la-plataforma-acadmica-por-primera-vez\" class=\"elementor-tab-title eael-accordion-header\" tabindex=\"0\" data-tab=\"7\" aria-controls=\"elementor-tab-content-6937\"><span class=\"eael-advanced-accordion-icon-closed\"><i aria-hidden=\"true\" class=\"fa-accordion-icon fas fa-plus\"><\/i><\/span><span class=\"eael-advanced-accordion-icon-opened\"><i aria-hidden=\"true\" class=\"fa-accordion-icon fas fa-minus\"><\/i><\/span><span class=\"eael-accordion-tab-title\">\u00bfC\u00f3mo obtengo mi usuario de la plataforma acad\u00e9mica por primera vez?<\/span><i aria-hidden=\"true\" class=\"fa-toggle fas fa-angle-right\"><\/i><\/div><div id=\"elementor-tab-content-6937\" class=\"eael-accordion-content clearfix\" data-tab=\"7\" aria-labelledby=\"cmo-obtengo-mi-usuario-de-la-plataforma-acadmica-por-primera-vez\"><p><span style=\"font-weight: 400\">Una vez sea admitido a un programa de UNISANGIL, se le asigna un usuario y contrase\u00f1a para acceder a la plataforma acad\u00e9mica donde podr\u00e1 navegar por las diferentes funcionalidades del sistema y recibir\u00e1 capacitaci\u00f3n por parte del personal de Admisiones y registro acad\u00e9mico en la forma de acceder y uso.<\/span><\/p><p><span style=\"font-weight: 400\">Si, tiene alguna duda, inquietud, puede solicitar apoyo a trav\u00e9s de los siguientes correos o n\u00fameros telef\u00f3nicos, de acuerdo con la sede donde pertenece:<\/span><\/p><p><span style=\"font-weight: 400\">\u00a0San Gil: <\/span><a href=\"mailto:registroacademicosangil@unisangil.edu.co\"><span style=\"font-weight: 400\">registroacademicosangil@unisangil.edu.co<\/span><\/a><span style=\"font-weight: 400\"> o llamar <\/span><span style=\"font-weight: 400\">(607) 6852925 Ext.2063-2064<br \/><\/span><b>Yopal: <\/b><a href=\"mailto:registroacademicoyopal@unisangil.edu.co\">registroacademicoyopal@unisangil.edu.co <\/a>o llamar (607) 6852925 Ext.2216<br \/><b>Chiquinquir\u00e1:<\/b> <a href=\"mailto:admisioneschiquinquira@unisangil.edu.co\">admisioneschiquinquira@unisangil.edu.co <\/a>o llamar (607) 6852925 Ext.2310<\/p><\/div>\n\t\t\t\t\t<\/div><div class=\"eael-accordion-list\">\n\t\t\t\t\t<div id=\"cmo-recupero-mi-usuario-vortal\" class=\"elementor-tab-title eael-accordion-header\" tabindex=\"0\" data-tab=\"8\" aria-controls=\"elementor-tab-content-6938\"><span class=\"eael-advanced-accordion-icon-closed\"><i aria-hidden=\"true\" class=\"fa-accordion-icon fas fa-plus\"><\/i><\/span><span class=\"eael-advanced-accordion-icon-opened\"><i aria-hidden=\"true\" class=\"fa-accordion-icon fas fa-minus\"><\/i><\/span><span class=\"eael-accordion-tab-title\">\u00bfC\u00f3mo recupero mi usuario vortal?<\/span><i aria-hidden=\"true\" class=\"fa-toggle fas fa-angle-right\"><\/i><\/div><div id=\"elementor-tab-content-6938\" class=\"eael-accordion-content clearfix\" data-tab=\"8\" aria-labelledby=\"cmo-recupero-mi-usuario-vortal\"><p><span style=\"font-weight: 400\">Para recuperar la contrase\u00f1a\u00a0 del sistema de informaci\u00f3n acad\u00e9mico del vortal, podr\u00e1 utilizar alguna de las siguientes opciones:<\/span><\/p><ul><li style=\"font-weight: 400\"><span style=\"font-weight: 400\">A trav\u00e9s de la opci\u00f3n \u201cRecordar contrase\u00f1a\u201d, donde el sistema env\u00eda autom\u00e1ticamente una nueva contrase\u00f1a. \u00a0<\/span><\/li><li style=\"font-weight: 400\"><span style=\"font-weight: 400\">\u00d3 solicitar la restauraci\u00f3n de la contrase\u00f1a desde el correo institucional a los correos del Departamento de Admisiones y Registro acad\u00e9mico seg\u00fan la Sede a la que pertenezcas, indicando nombres, apellidos, documento de identidad y programa acad\u00e9mico:<\/span><\/li><\/ul><p><br \/>Sede San Gil: registroacademicosangil@unisangil.edu.co<br \/>Sede Yopal: registroacademicoyopal@unisangil.edu.co<br \/>Sede Chiquinquir\u00e1: admisioneschiquinquira@unisangil.edu.co.<\/p><p><span style=\"font-weight: 400\">Para m\u00e1s informaci\u00f3n puede comunicarse con el Departamento de Registro Acad\u00e9mico, en San Gil al tel\u00e9fono (607) 685 2925 \u2013 685 2926 Ext. 2064, en Yopal al (608) 661 2616 Ext. 2216 y2217, en Chiquinquir\u00e1 al (608) 740 5878 Ext.2310.<\/span><\/p><\/div>\n\t\t\t\t\t<\/div><div class=\"eael-accordion-list\">\n\t\t\t\t\t<div id=\"cmo-puedo-solicitar-certificados-acadmicos-\" class=\"elementor-tab-title eael-accordion-header\" tabindex=\"0\" data-tab=\"9\" aria-controls=\"elementor-tab-content-6939\"><span class=\"eael-advanced-accordion-icon-closed\"><i aria-hidden=\"true\" class=\"fa-accordion-icon fas fa-plus\"><\/i><\/span><span class=\"eael-advanced-accordion-icon-opened\"><i aria-hidden=\"true\" class=\"fa-accordion-icon fas fa-minus\"><\/i><\/span><span class=\"eael-accordion-tab-title\">\u00bfC\u00f3mo puedo solicitar certificados acad\u00e9micos? <\/span><i aria-hidden=\"true\" class=\"fa-toggle fas fa-angle-right\"><\/i><\/div><div id=\"elementor-tab-content-6939\" class=\"eael-accordion-content clearfix\" data-tab=\"9\" aria-labelledby=\"cmo-puedo-solicitar-certificados-acadmicos-\"><p><span style=\"font-weight: 400\">Para solicitar certificados acad\u00e9micos te invitamos a seguir el paso a paso descrito en micrositio de Secretaria General <a href=\"https:\/\/unisangil.edu.co\/?page_id=6577\" target=\"_blank\" rel=\"noopener\">aqu\u00ed.<\/a><\/span><\/p><p><span style=\"font-weight: 400\">Para resoluci\u00f3n de dudas u otras preguntas relacionadas, puedes comunicarte con la Oficina de Secretar\u00eda General al correo: asistentesecretariageneral@unisangil.edu.co\u00a0 o al tel\u00e9fono (607)6852925 ext.2008.<\/span><\/p><p><span style=\"font-weight: 400\"><strong>NOTA:<\/strong> El Certificado de Admisi\u00f3n no tiene costo y debes solicitarlo con el Departamento de Admisiones de UNISANGIL:<\/span><\/p><table><tbody><tr><td><p><span style=\"font-weight: 400\">Sede<\/span><\/p><\/td><td><p><span style=\"font-weight: 400\">Email<\/span><\/p><\/td><td><p><span style=\"font-weight: 400\">Tel\u00e9fono<\/span><\/p><\/td><\/tr><tr><td><p><span style=\"font-weight: 400\">San Gil<\/span><\/p><\/td><td><p><span style=\"font-weight: 400\">admisiones@unisangil.edu.co<\/span><\/p><\/td><td><p><span style=\"font-weight: 400\">(607) 685 2925ext.2064<\/span><\/p><\/td><\/tr><tr><td><p><span style=\"font-weight: 400\">Yopal<\/span><\/p><\/td><td><p><span style=\"font-weight: 400\">admisionesyopal@unisangil.edu.co<\/span><\/p><\/td><td><p><span style=\"font-weight: 400\">(608) 661 2616 ext.2310<\/span><\/p><\/td><\/tr><tr><td><p><span style=\"font-weight: 400\">Chiquinquir\u00e1<\/span><\/p><\/td><td><p><span style=\"font-weight: 400\">admisioneschiquinquira@unisangil.edu.co<\/span><\/p><\/td><td><p><span style=\"font-weight: 400\">(608) 740 5878 ext.2216 y 2217<\/span><\/p><\/td><\/tr><\/tbody><\/table><\/div>\n\t\t\t\t\t<\/div><div class=\"eael-accordion-list\">\n\t\t\t\t\t<div id=\"cmo-recupero-mi-de-correo-electrnico-yo-contrasea\" class=\"elementor-tab-title eael-accordion-header\" tabindex=\"0\" data-tab=\"10\" aria-controls=\"elementor-tab-content-69310\"><span class=\"eael-advanced-accordion-icon-closed\"><i aria-hidden=\"true\" class=\"fa-accordion-icon fas fa-plus\"><\/i><\/span><span class=\"eael-advanced-accordion-icon-opened\"><i aria-hidden=\"true\" class=\"fa-accordion-icon fas fa-minus\"><\/i><\/span><span class=\"eael-accordion-tab-title\">\u00bfC\u00f3mo recupero mi  de correo electr\u00f3nico y\/o contrase\u00f1a?<\/span><i aria-hidden=\"true\" class=\"fa-toggle fas fa-angle-right\"><\/i><\/div><div id=\"elementor-tab-content-69310\" class=\"eael-accordion-content clearfix\" data-tab=\"10\" aria-labelledby=\"cmo-recupero-mi-de-correo-electrnico-yo-contrasea\"><p>Envi\u00e9 su solicitud de recuperaci\u00f3n de correo electr\u00f3nico institucional y\/o contrase\u00f1a al correo email@unisangil.edu.co, refiriendo los siguientes datos:<\/p><p>Nombre completo del usuario.<br \/>V\u00ednculo con la Instituci\u00f3n: (Estudiante, Egresado, Administrativo y\/o Docente).<br \/>Programa acad\u00e9mico o dependencia a la que pertenece.<br \/>Sede (San Gil \u2013 Yopal \u2013 Chiquinquir\u00e1).<br \/>N\u00famero telef\u00f3nico de contacto.<\/p><p>Tambi\u00e9n puede realizar el cambio de su contrase\u00f1a a trav\u00e9s del medio de recuperaci\u00f3n de contrase\u00f1a de correo que ofrece Gmail.<\/p><p>Para m\u00e1s informaci\u00f3n puede comunicarse con el Administrador de Correos Electr\u00f3nicos de UNISANGIL al tel\u00e9fono (607) 685 2925 \u2013 685 2926 Ext.2026.<\/p><\/div>\n\t\t\t\t\t<\/div><div class=\"eael-accordion-list\">\n\t\t\t\t\t<div id=\"cmo-legalizo-mi-matrcula-si-realizo-el-pago-por-transferencia-bancaria\" class=\"elementor-tab-title eael-accordion-header\" tabindex=\"0\" data-tab=\"11\" aria-controls=\"elementor-tab-content-69311\"><span class=\"eael-advanced-accordion-icon-closed\"><i aria-hidden=\"true\" class=\"fa-accordion-icon fas fa-plus\"><\/i><\/span><span class=\"eael-advanced-accordion-icon-opened\"><i aria-hidden=\"true\" class=\"fa-accordion-icon fas fa-minus\"><\/i><\/span><span class=\"eael-accordion-tab-title\">\u00bfC\u00f3mo legalizo mi matr\u00edcula si realizo el pago por transferencia bancaria?<\/span><i aria-hidden=\"true\" class=\"fa-toggle fas fa-angle-right\"><\/i><\/div><div id=\"elementor-tab-content-69311\" class=\"eael-accordion-content clearfix\" data-tab=\"11\" aria-labelledby=\"cmo-legalizo-mi-matrcula-si-realizo-el-pago-por-transferencia-bancaria\">Una vez efectuada la transferencia bancaria, el estudiante deber\u00e1 remitir el comprobante de pago a trav\u00e9s del enlace de recaudos dispuesto por Tesorer\u00eda, con el fin de realizar la validaci\u00f3n correspondiente y el cargue del pago en el sistema, para la legalizaci\u00f3n de la matr\u00edcula.<\/div>\n\t\t\t\t\t<\/div><\/div>\t\t\t\t<\/div>\n\t\t\t\t<\/div>\n\t\t\t\t\t<\/div>\n\t\t\t\t<\/div>\n\t\t\t\t<\/div>\n\t\t\t\t\t<\/details>\n\t\t\t\t\t<\/div>\n\t\t\t\t\t\t<\/div>\n\t\t\t\t<\/div>\n\t\t\t\t<div class=\"elementor-element elementor-element-dbabb62 elementor-widget elementor-widget-n-accordion\" data-id=\"dbabb62\" data-element_type=\"widget\" data-e-type=\"widget\" data-settings=\"{&quot;default_state&quot;:&quot;all_collapsed&quot;,&quot;max_items_expended&quot;:&quot;one&quot;,&quot;n_accordion_animation_duration&quot;:{&quot;unit&quot;:&quot;ms&quot;,&quot;size&quot;:400,&quot;sizes&quot;:[]}}\" data-widget_type=\"nested-accordion.default\">\n\t\t\t\t<div class=\"elementor-widget-container\">\n\t\t\t\t\t\t\t<div class=\"e-n-accordion\" aria-label=\"Accordion. Open links with Enter or Space, close with Escape, and navigate with Arrow Keys\">\n\t\t\t\t\t\t<details id=\"e-n-accordion-item-2300\" class=\"e-n-accordion-item\" >\n\t\t\t\t<summary class=\"e-n-accordion-item-title\" data-accordion-index=\"1\" tabindex=\"0\" aria-expanded=\"false\" aria-controls=\"e-n-accordion-item-2300\" >\n\t\t\t\t\t<span class='e-n-accordion-item-title-header'><div class=\"e-n-accordion-item-title-text\"> Estudiantes <\/div><\/span>\n\t\t\t\t\t\t\t<span class='e-n-accordion-item-title-icon'>\n\t\t\t<span class='e-opened' ><i aria-hidden=\"true\" class=\"far fa-question-circle\"><\/i><\/span>\n\t\t\t<span class='e-closed'><i aria-hidden=\"true\" class=\"fas fa-plus\"><\/i><\/span>\n\t\t<\/span>\n\n\t\t\t\t\t\t<\/summary>\n\t\t\t\t<div role=\"region\" aria-labelledby=\"e-n-accordion-item-2300\" class=\"elementor-element elementor-element-5a65089 e-con-full e-flex e-con e-child\" data-id=\"5a65089\" data-element_type=\"container\" data-e-type=\"container\">\n\t\t<div role=\"region\" aria-labelledby=\"e-n-accordion-item-2300\" class=\"elementor-element elementor-element-5ff669b e-flex e-con-boxed e-con e-child\" data-id=\"5ff669b\" data-element_type=\"container\" data-e-type=\"container\">\n\t\t\t\t\t<div class=\"e-con-inner\">\n\t\t\t\t<div class=\"elementor-element elementor-element-99efdf3 elementor-widget elementor-widget-eael-adv-accordion\" data-id=\"99efdf3\" data-element_type=\"widget\" data-e-type=\"widget\" data-widget_type=\"eael-adv-accordion.default\">\n\t\t\t\t<div class=\"elementor-widget-container\">\n\t\t\t\t\t            <div class=\"eael-adv-accordion\" id=\"eael-adv-accordion-99efdf3\" data-scroll-on-click=\"no\" data-scroll-speed=\"300\" data-accordion-id=\"99efdf3\" data-accordion-type=\"accordion\" data-toogle-speed=\"300\">\n            <div class=\"eael-accordion-list\">\n\t\t\t\t\t<div id=\"cmo-realizar-mi-matrcula-para-el-prximo-semestre\" class=\"elementor-tab-title eael-accordion-header\" tabindex=\"0\" data-tab=\"1\" aria-controls=\"elementor-tab-content-1611\"><span class=\"eael-advanced-accordion-icon-closed\"><i aria-hidden=\"true\" class=\"fa-accordion-icon fas fa-plus\"><\/i><\/span><span class=\"eael-advanced-accordion-icon-opened\"><i aria-hidden=\"true\" class=\"fa-accordion-icon fas fa-minus\"><\/i><\/span><span class=\"eael-accordion-tab-title\">\u00bfC\u00f3mo realizar mi matr\u00edcula para el pr\u00f3ximo semestre?<\/span><i aria-hidden=\"true\" class=\"fa-toggle fas fa-angle-right\"><\/i><\/div><div id=\"elementor-tab-content-1611\" class=\"eael-accordion-content clearfix\" data-tab=\"1\" aria-labelledby=\"cmo-realizar-mi-matrcula-para-el-prximo-semestre\"><p>Consulta el ABC de la matricula ingresando <a href=\"https:\/\/unisangil.edu.co\/?page_id=11977\" target=\"_blank\" rel=\"noopener\">aqui<\/a>, y realiza tu proceso de matricula de forma f\u00e1cil y oportuna.<\/p><\/div>\n\t\t\t\t\t<\/div><div class=\"eael-accordion-list\">\n\t\t\t\t\t<div id=\"puedo-cursar-ms-de-un-programa-acdemico-en-unisangil\" class=\"elementor-tab-title eael-accordion-header\" tabindex=\"0\" data-tab=\"2\" aria-controls=\"elementor-tab-content-1612\"><span class=\"eael-advanced-accordion-icon-closed\"><i aria-hidden=\"true\" class=\"fa-accordion-icon fas fa-plus\"><\/i><\/span><span class=\"eael-advanced-accordion-icon-opened\"><i aria-hidden=\"true\" class=\"fa-accordion-icon fas fa-minus\"><\/i><\/span><span class=\"eael-accordion-tab-title\">\u00bfPuedo cursar m\u00e1s de un programa ac\u00e1demico en UNISANGIL?<\/span><i aria-hidden=\"true\" class=\"fa-toggle fas fa-angle-right\"><\/i><\/div><div id=\"elementor-tab-content-1612\" class=\"eael-accordion-content clearfix\" data-tab=\"2\" aria-labelledby=\"puedo-cursar-ms-de-un-programa-acdemico-en-unisangil\"><p>Si quieres cursar dos o m\u00e1s programas de UNISANGIL de manera simult\u00e1nea, tendr\u00e1s beneficios econ\u00f3micos en tu matr\u00edcula. Conoce los requisitos en la opci\u00f3n aspirante programas simult\u00e1neos, ingresando <a href=\"https:\/\/unisangil.edu.co\/?page_id=1944\" target=\"_blank\" rel=\"noopener\">aqu\u00ed<\/a><\/p><\/div>\n\t\t\t\t\t<\/div><div class=\"eael-accordion-list\">\n\t\t\t\t\t<div id=\"dnde-puedo-consultar-el-calendario-acadmico\" class=\"elementor-tab-title eael-accordion-header\" tabindex=\"0\" data-tab=\"3\" aria-controls=\"elementor-tab-content-1613\"><span class=\"eael-advanced-accordion-icon-closed\"><i aria-hidden=\"true\" class=\"fa-accordion-icon fas fa-plus\"><\/i><\/span><span class=\"eael-advanced-accordion-icon-opened\"><i aria-hidden=\"true\" class=\"fa-accordion-icon fas fa-minus\"><\/i><\/span><span class=\"eael-accordion-tab-title\">\u00bfD\u00f3nde puedo consultar el calendario acad\u00e9mico?<\/span><i aria-hidden=\"true\" class=\"fa-toggle fas fa-angle-right\"><\/i><\/div><div id=\"elementor-tab-content-1613\" class=\"eael-accordion-content clearfix\" data-tab=\"3\" aria-labelledby=\"dnde-puedo-consultar-el-calendario-acadmico\"><p>Ingresa a www.unisangil.edu.co y en la parte inferior encontraras la opci\u00f3n \u201cdocumentos institucionales\u201d, despliega las opciones y en calendarios acad\u00e9micos, selecciona el semestre que deseas consultar, puedes descargarlo ingresando<a href=\"https:\/\/unisangil.edu.co\/?page_id=3158\" target=\"_blank\" rel=\"noopener\"> aqu\u00ed<\/a>.<\/p><\/div>\n\t\t\t\t\t<\/div><div class=\"eael-accordion-list\">\n\t\t\t\t\t<div id=\"dnde-encuentro-informacin-sobre-descuentos-y-becas\" class=\"elementor-tab-title eael-accordion-header\" tabindex=\"0\" data-tab=\"4\" aria-controls=\"elementor-tab-content-1614\"><span class=\"eael-advanced-accordion-icon-closed\"><i aria-hidden=\"true\" class=\"fa-accordion-icon fas fa-plus\"><\/i><\/span><span class=\"eael-advanced-accordion-icon-opened\"><i aria-hidden=\"true\" class=\"fa-accordion-icon fas fa-minus\"><\/i><\/span><span class=\"eael-accordion-tab-title\">\u00bfD\u00f3nde encuentro informaci\u00f3n sobre descuentos y becas?<\/span><i aria-hidden=\"true\" class=\"fa-toggle fas fa-angle-right\"><\/i><\/div><div id=\"elementor-tab-content-1614\" class=\"eael-accordion-content clearfix\" data-tab=\"4\" aria-labelledby=\"dnde-encuentro-informacin-sobre-descuentos-y-becas\"><p>Conoce toda la informaci\u00f3n de descuentos y becas de UNISANGIL, al final de nuestro espacio de matr\u00edculas, ingresando <a href=\"https:\/\/unisangil.edu.co\/?page_id=11977\" target=\"_blank\" rel=\"noopener\">aqu\u00ed<\/a><\/p><\/div>\n\t\t\t\t\t<\/div><div class=\"eael-accordion-list\">\n\t\t\t\t\t<div id=\"qu-debo-hacer-si-me-aparece-una-deuda-al-realizar-mi-matrcula\" class=\"elementor-tab-title eael-accordion-header\" tabindex=\"0\" data-tab=\"5\" aria-controls=\"elementor-tab-content-1615\"><span class=\"eael-advanced-accordion-icon-closed\"><i aria-hidden=\"true\" class=\"fa-accordion-icon fas fa-plus\"><\/i><\/span><span class=\"eael-advanced-accordion-icon-opened\"><i aria-hidden=\"true\" class=\"fa-accordion-icon fas fa-minus\"><\/i><\/span><span class=\"eael-accordion-tab-title\">\u00bfQu\u00e9 debo hacer si me aparece una deuda al realizar mi matr\u00edcula?<\/span><i aria-hidden=\"true\" class=\"fa-toggle fas fa-angle-right\"><\/i><\/div><div id=\"elementor-tab-content-1615\" class=\"eael-accordion-content clearfix\" data-tab=\"5\" aria-labelledby=\"qu-debo-hacer-si-me-aparece-una-deuda-al-realizar-mi-matrcula\"><p>Estar a paz y salvo es un requisito para poder realizar la matr\u00edcula pendiente, si tienes alg\u00fan pendiente con \u00e1reas como Cr\u00e9dito y cartera, Centuria, Bienestar, la Direcci\u00f3n de Programa, debes gestionarlas para que el \u00e1rea pueda retirar la deuda e ingresar a realizar la matr\u00edcula. <br \/><br \/>Si deseas verificar cu\u00e1les son las deudas, ingrese al sistema de informaci\u00f3n <strong>Vortal<\/strong> y seleccione la opci\u00f3n <strong>Deudas.<\/strong><\/p><p><img fetchpriority=\"high\" decoding=\"async\" class=\"alignnone size-medium wp-image-13147\" src=\"https:\/\/unisangil.edu.co\/wp-content\/uploads\/2024\/09\/Captura-de-Pantalla-2024-09-24-a-las-11.26.51-300x212.png\" alt=\"\" width=\"300\" height=\"212\" srcset=\"https:\/\/unisangil.edu.co\/wp-content\/uploads\/2024\/09\/Captura-de-Pantalla-2024-09-24-a-las-11.26.51-300x212.png 300w, https:\/\/unisangil.edu.co\/wp-content\/uploads\/2024\/09\/Captura-de-Pantalla-2024-09-24-a-las-11.26.51-48x34.png 48w, https:\/\/unisangil.edu.co\/wp-content\/uploads\/2024\/09\/Captura-de-Pantalla-2024-09-24-a-las-11.26.51.png 406w\" sizes=\"(max-width: 300px) 100vw, 300px\" \/><\/p><p><span style=\"font-weight: 400\">Y se desplegar\u00e1n las deudas registradas con las diferentes dependencias, como se muestra en la siguiente imagen:<\/span><\/p><p><img decoding=\"async\" class=\"alignnone wp-image-13148\" src=\"https:\/\/unisangil.edu.co\/wp-content\/uploads\/2024\/09\/lista_deudas-300x78.png\" alt=\"\" width=\"344\" height=\"89\" srcset=\"https:\/\/unisangil.edu.co\/wp-content\/uploads\/2024\/09\/lista_deudas-300x78.png 300w, https:\/\/unisangil.edu.co\/wp-content\/uploads\/2024\/09\/lista_deudas-48x12.png 48w, https:\/\/unisangil.edu.co\/wp-content\/uploads\/2024\/09\/lista_deudas.png 674w\" sizes=\"(max-width: 344px) 100vw, 344px\" \/><\/p><\/div>\n\t\t\t\t\t<\/div><div class=\"eael-accordion-list\">\n\t\t\t\t\t<div id=\"cul-es-el-mximo-de-asignaturas-que-puedo-matricular\" class=\"elementor-tab-title eael-accordion-header\" tabindex=\"0\" data-tab=\"6\" aria-controls=\"elementor-tab-content-1616\"><span class=\"eael-advanced-accordion-icon-closed\"><i aria-hidden=\"true\" class=\"fa-accordion-icon fas fa-plus\"><\/i><\/span><span class=\"eael-advanced-accordion-icon-opened\"><i aria-hidden=\"true\" class=\"fa-accordion-icon fas fa-minus\"><\/i><\/span><span class=\"eael-accordion-tab-title\">\u00bfCu\u00e1l es el m\u00e1ximo de asignaturas que puedo matricular?<\/span><i aria-hidden=\"true\" class=\"fa-toggle fas fa-angle-right\"><\/i><\/div><div id=\"elementor-tab-content-1616\" class=\"eael-accordion-content clearfix\" data-tab=\"6\" aria-labelledby=\"cul-es-el-mximo-de-asignaturas-que-puedo-matricular\"><p><span style=\"font-weight: 400\">No hay un m\u00e1ximo definido, debe tener en cuenta que al momento de matricular no se crucen los horarios entre las asignaturas registradas o seleccionadas por usted.<\/span><\/p><\/div>\n\t\t\t\t\t<\/div><div class=\"eael-accordion-list\">\n\t\t\t\t\t<div id=\"cuntos-cursos-vacacionales-o-intersemestrales-puedo-realizar-en-un-semestre\" class=\"elementor-tab-title eael-accordion-header\" tabindex=\"0\" data-tab=\"7\" aria-controls=\"elementor-tab-content-1617\"><span class=\"eael-advanced-accordion-icon-closed\"><i aria-hidden=\"true\" class=\"fa-accordion-icon fas fa-plus\"><\/i><\/span><span class=\"eael-advanced-accordion-icon-opened\"><i aria-hidden=\"true\" class=\"fa-accordion-icon fas fa-minus\"><\/i><\/span><span class=\"eael-accordion-tab-title\">\u00bfCu\u00e1ntos cursos vacacionales o intersemestrales puedo realizar en un semestre?<\/span><i aria-hidden=\"true\" class=\"fa-toggle fas fa-angle-right\"><\/i><\/div><div id=\"elementor-tab-content-1617\" class=\"eael-accordion-content clearfix\" data-tab=\"7\" aria-labelledby=\"cuntos-cursos-vacacionales-o-intersemestrales-puedo-realizar-en-un-semestre\"><p>Se puede matricular en el periodo intersemestral y en las fechas estipuladas en el calendario acad\u00e9mico, un m\u00e1ximo de dos (2) asignaturas, m\u00f3dulos o cursos de tu plan de estudios. De manera adicional, puedes desarrollar los cursos de ingl\u00e9s, l\u00fadicas e inform\u00e1tica.<\/p><\/div>\n\t\t\t\t\t<\/div><div class=\"eael-accordion-list\">\n\t\t\t\t\t<div id=\"qu-sucede-si-realic-la-matrcula-y-no-pude-pagarla-en-las-fechas-indicadas-por-la-universidad\" class=\"elementor-tab-title eael-accordion-header\" tabindex=\"0\" data-tab=\"8\" aria-controls=\"elementor-tab-content-1618\"><span class=\"eael-advanced-accordion-icon-closed\"><i aria-hidden=\"true\" class=\"fa-accordion-icon fas fa-plus\"><\/i><\/span><span class=\"eael-advanced-accordion-icon-opened\"><i aria-hidden=\"true\" class=\"fa-accordion-icon fas fa-minus\"><\/i><\/span><span class=\"eael-accordion-tab-title\">\u00bfQu\u00e9 sucede si realic\u00e9 la matr\u00edcula y no pude pagarla en las fechas indicadas por la Universidad?<\/span><i aria-hidden=\"true\" class=\"fa-toggle fas fa-angle-right\"><\/i><\/div><div id=\"elementor-tab-content-1618\" class=\"eael-accordion-content clearfix\" data-tab=\"8\" aria-labelledby=\"qu-sucede-si-realic-la-matrcula-y-no-pude-pagarla-en-las-fechas-indicadas-por-la-universidad\"><p>Si no realizas el pago de la matr\u00edcula dentro del plazo establecido, tu matr\u00edcula ser\u00e1 dada de baja. Si realizas un pago parcial, deber\u00e1s ajustar tu matr\u00edcula seg\u00fan el monto pagado.<\/p><\/div>\n\t\t\t\t\t<\/div><div class=\"eael-accordion-list\">\n\t\t\t\t\t<div id=\"si-pierdo-una-electiva-ldica-debo-repetirla\" class=\"elementor-tab-title eael-accordion-header\" tabindex=\"0\" data-tab=\"9\" aria-controls=\"elementor-tab-content-1619\"><span class=\"eael-advanced-accordion-icon-closed\"><i aria-hidden=\"true\" class=\"fa-accordion-icon fas fa-plus\"><\/i><\/span><span class=\"eael-advanced-accordion-icon-opened\"><i aria-hidden=\"true\" class=\"fa-accordion-icon fas fa-minus\"><\/i><\/span><span class=\"eael-accordion-tab-title\">\u00bfSi pierdo una electiva l\u00fadica debo repetirla?<\/span><i aria-hidden=\"true\" class=\"fa-toggle fas fa-angle-right\"><\/i><\/div><div id=\"elementor-tab-content-1619\" class=\"eael-accordion-content clearfix\" data-tab=\"9\" aria-labelledby=\"si-pierdo-una-electiva-ldica-debo-repetirla\"><p>Si el estudiante reprob\u00f3 o cancel\u00f3 los cursos ofrecidos por el departamento de Bienestar Institucional, deber\u00e1 pagar el valor pecuniario establecido para tal fin y volver a cursar alguna l\u00fadica.<\/p><\/div>\n\t\t\t\t\t<\/div><div class=\"eael-accordion-list\">\n\t\t\t\t\t<div id=\"la-universidad-reserva-mi-cupo\" class=\"elementor-tab-title eael-accordion-header\" tabindex=\"0\" data-tab=\"10\" aria-controls=\"elementor-tab-content-16110\"><span class=\"eael-advanced-accordion-icon-closed\"><i aria-hidden=\"true\" class=\"fa-accordion-icon fas fa-plus\"><\/i><\/span><span class=\"eael-advanced-accordion-icon-opened\"><i aria-hidden=\"true\" class=\"fa-accordion-icon fas fa-minus\"><\/i><\/span><span class=\"eael-accordion-tab-title\">\u00bfLa universidad reserva mi cupo?<\/span><i aria-hidden=\"true\" class=\"fa-toggle fas fa-angle-right\"><\/i><\/div><div id=\"elementor-tab-content-16110\" class=\"eael-accordion-content clearfix\" data-tab=\"10\" aria-labelledby=\"la-universidad-reserva-mi-cupo\"><p>\u00a0Si, hasta por dos (2) semestres acad\u00e9micos consecutivos, previa solicitud formal; pasado este tiempo el estudiante deber\u00e1 solicitar reintegro y acogerse a las condiciones acad\u00e9micas del plan de estudios vigente.<\/p><\/div>\n\t\t\t\t\t<\/div><div class=\"eael-accordion-list\">\n\t\t\t\t\t<div id=\"ha-cambiado-mi-tipo-de-documento-de-identidad-qu-proceso-debo-seguir-para-actualizar-la-informacin-en-el-sistema-de-la-u\" class=\"elementor-tab-title eael-accordion-header\" tabindex=\"0\" data-tab=\"11\" aria-controls=\"elementor-tab-content-16111\"><span class=\"eael-advanced-accordion-icon-closed\"><i aria-hidden=\"true\" class=\"fa-accordion-icon fas fa-plus\"><\/i><\/span><span class=\"eael-advanced-accordion-icon-opened\"><i aria-hidden=\"true\" class=\"fa-accordion-icon fas fa-minus\"><\/i><\/span><span class=\"eael-accordion-tab-title\">Ha cambiado mi tipo de documento de identidad \u00bfqu\u00e9 proceso debo seguir para actualizar la informaci\u00f3n en el sistema de la U?<\/span><i aria-hidden=\"true\" class=\"fa-toggle fas fa-angle-right\"><\/i><\/div><div id=\"elementor-tab-content-16111\" class=\"eael-accordion-content clearfix\" data-tab=\"11\" aria-labelledby=\"ha-cambiado-mi-tipo-de-documento-de-identidad-qu-proceso-debo-seguir-para-actualizar-la-informacin-en-el-sistema-de-la-u\"><p>\u00a0Debes ingresar al sistema de informaci\u00f3n, all\u00ed te aparecer\u00e1 un mensaje que documento de identidad se encuentra vencido, como en la siguiente pantalla, adjunta el documento actualizado completo y legible.<\/p><p><img decoding=\"async\" class=\"alignnone size-medium wp-image-13149\" src=\"https:\/\/unisangil.edu.co\/wp-content\/uploads\/2024\/09\/Captura-de-Pantalla-2024-09-24-a-las-11.35.06-300x173.png\" alt=\"\" width=\"300\" height=\"173\" srcset=\"https:\/\/unisangil.edu.co\/wp-content\/uploads\/2024\/09\/Captura-de-Pantalla-2024-09-24-a-las-11.35.06-300x173.png 300w, https:\/\/unisangil.edu.co\/wp-content\/uploads\/2024\/09\/Captura-de-Pantalla-2024-09-24-a-las-11.35.06-48x28.png 48w, https:\/\/unisangil.edu.co\/wp-content\/uploads\/2024\/09\/Captura-de-Pantalla-2024-09-24-a-las-11.35.06.png 468w\" sizes=\"(max-width: 300px) 100vw, 300px\" \/><\/p><p><span style=\"font-weight: 400\">El personal de admisiones y registro acad\u00e9mico realizar\u00e1 el ajuste en el sistema de informaci\u00f3n.<\/span><\/p><\/div>\n\t\t\t\t\t<\/div><div class=\"eael-accordion-list\">\n\t\t\t\t\t<div id=\"dnde-puedo-consultar-informacin-de-diplomados-y-cursos-de-formacin-continua-seminarios-congresos\" class=\"elementor-tab-title eael-accordion-header\" tabindex=\"0\" data-tab=\"12\" aria-controls=\"elementor-tab-content-16112\"><span class=\"eael-advanced-accordion-icon-closed\"><i aria-hidden=\"true\" class=\"fa-accordion-icon fas fa-plus\"><\/i><\/span><span class=\"eael-advanced-accordion-icon-opened\"><i aria-hidden=\"true\" class=\"fa-accordion-icon fas fa-minus\"><\/i><\/span><span class=\"eael-accordion-tab-title\">\u00bfD\u00f3nde puedo consultar informaci\u00f3n de diplomados y cursos de formaci\u00f3n continua, seminarios, congresos?<\/span><i aria-hidden=\"true\" class=\"fa-toggle fas fa-angle-right\"><\/i><\/div><div id=\"elementor-tab-content-16112\" class=\"eael-accordion-content clearfix\" data-tab=\"12\" aria-labelledby=\"dnde-puedo-consultar-informacin-de-diplomados-y-cursos-de-formacin-continua-seminarios-congresos\"><p>Conoce toda la informaci\u00f3n sobre la oferta de diplomados, cursos de formaci\u00f3n continua, seminarios, congresos, en nuestro espacio de Extensi\u00f3n <a href=\"https:\/\/unisangil.edu.co\/?page=2&amp;page_id=6808\" target=\"_blank\" rel=\"noopener\">aqu\u00ed<\/a><\/p><\/div>\n\t\t\t\t\t<\/div><div class=\"eael-accordion-list\">\n\t\t\t\t\t<div id=\"cmo-recupero-mi-usuario-vortal\" class=\"elementor-tab-title eael-accordion-header\" tabindex=\"0\" data-tab=\"13\" aria-controls=\"elementor-tab-content-16113\"><span class=\"eael-advanced-accordion-icon-closed\"><i aria-hidden=\"true\" class=\"fa-accordion-icon fas fa-plus\"><\/i><\/span><span class=\"eael-advanced-accordion-icon-opened\"><i aria-hidden=\"true\" class=\"fa-accordion-icon fas fa-minus\"><\/i><\/span><span class=\"eael-accordion-tab-title\">\u00bfC\u00f3mo recupero mi usuario vortal?<\/span><i aria-hidden=\"true\" class=\"fa-toggle fas fa-angle-right\"><\/i><\/div><div id=\"elementor-tab-content-16113\" class=\"eael-accordion-content clearfix\" data-tab=\"13\" aria-labelledby=\"cmo-recupero-mi-usuario-vortal\"><p>Para recuperar su contrase\u00f1a de vortal, ud puede utilizar alguna de las siguientes opciones:<\/p><p>\u00a0<\/p><p>A trav\u00e9s de la opci\u00f3n \u201cRecordar contrase\u00f1a\u201d, donde el sistema env\u00eda autom\u00e1ticamente una nueva contrase\u00f1a. \u00a0Tambi\u00e9n puede solicitar la restauraci\u00f3n de la contrase\u00f1a a los correos del Departamento de Admisiones y Registro acad\u00e9mico:<\/p><p>\u00a0<\/p><p>Sede San Gil: registroacademicosangil@unisangil.edu.co<\/p><p>Sede Yopal: registroacademicoyopal@unisangil.edu.co<\/p><p>\u00a0<\/p><p>Sede Chinquinquir\u00e1: <a href=\"mailto:admisioneschiquinquira@unisangil.edu.co\">admisioneschiquinquira@unisangil.edu.co<\/a>.<\/p><p>\u00a0<\/p><p>\u00a0Informe en su solicitud sus nombres y apellidos, n\u00famero de documento de identidad, tel\u00e9fono de contacto.<\/p><p>\u00a0<\/p><p>Para mayor informaci\u00f3n puede comunicarse con el Departamento de Registro Acad\u00e9mico, en San Gil al tel\u00e9fono (607) 685 2925 \u2013 685 2926 Ext. 2064, en Yopal al (608) 661 2616 Ext. 2216 y2217, en Chiquinquir\u00e1 al (608) 740 5878 Ext.2310.<\/p><\/div>\n\t\t\t\t\t<\/div><div class=\"eael-accordion-list\">\n\t\t\t\t\t<div id=\"cmo-recupero-mi-de-correo-electrnico-yo-contrasea\" class=\"elementor-tab-title eael-accordion-header\" tabindex=\"0\" data-tab=\"14\" aria-controls=\"elementor-tab-content-16114\"><span class=\"eael-advanced-accordion-icon-closed\"><i aria-hidden=\"true\" class=\"fa-accordion-icon fas fa-plus\"><\/i><\/span><span class=\"eael-advanced-accordion-icon-opened\"><i aria-hidden=\"true\" class=\"fa-accordion-icon fas fa-minus\"><\/i><\/span><span class=\"eael-accordion-tab-title\">\u00bfC\u00f3mo recupero mi  de correo electr\u00f3nico y\/o contrase\u00f1a?<\/span><i aria-hidden=\"true\" class=\"fa-toggle fas fa-angle-right\"><\/i><\/div><div id=\"elementor-tab-content-16114\" class=\"eael-accordion-content clearfix\" data-tab=\"14\" aria-labelledby=\"cmo-recupero-mi-de-correo-electrnico-yo-contrasea\"><p>Envi\u00e9 su solicitud de recuperaci\u00f3n de correo electr\u00f3nico institucional y\/o contrase\u00f1a al correo email@unisangil.edu.co, refiriendo los siguientes datos:<\/p><p>Nombre completo del usuario.<\/p><p>V\u00ednculo con la Instituci\u00f3n: (Estudiante, Egresado, Administrativo y\/o Docente).<\/p><p>Programa acad\u00e9mico o dependencia a la que pertenece.<\/p><p>Sede (San Gil \u2013 Yopal \u2013 Chiquinquir\u00e1).<\/p><p>N\u00famero telef\u00f3nico de contacto.<\/p><p>\u00a0<\/p><p>Tambi\u00e9n puede realizar el cambio de su contrase\u00f1a a trav\u00e9s del medio de recuperaci\u00f3n de contrase\u00f1a de correo que ofrece Gmail.<\/p><p>\u00a0<\/p><p>Para m\u00e1s informaci\u00f3n puede comunicarse con el Administrador de Correos Electr\u00f3nicos de UNISANGIL al tel\u00e9fono (607) 685 2925 \u2013 685 2926 Ext.2026.<\/p><\/div>\n\t\t\t\t\t<\/div><div class=\"eael-accordion-list\">\n\t\t\t\t\t<div id=\"cmo-se-actualiza-y-se-renueva-el-crdito-icetex\" class=\"elementor-tab-title eael-accordion-header\" tabindex=\"0\" data-tab=\"15\" aria-controls=\"elementor-tab-content-16115\"><span class=\"eael-advanced-accordion-icon-closed\"><i aria-hidden=\"true\" class=\"fa-accordion-icon fas fa-plus\"><\/i><\/span><span class=\"eael-advanced-accordion-icon-opened\"><i aria-hidden=\"true\" class=\"fa-accordion-icon fas fa-minus\"><\/i><\/span><span class=\"eael-accordion-tab-title\">\u00bfC\u00f3mo se actualiza y se renueva el cr\u00e9dito ICETEX?<\/span><i aria-hidden=\"true\" class=\"fa-toggle fas fa-angle-right\"><\/i><\/div><div id=\"elementor-tab-content-16115\" class=\"eael-accordion-content clearfix\" data-tab=\"15\" aria-labelledby=\"cmo-se-actualiza-y-se-renueva-el-crdito-icetex\"><p>Los estudiantes que cuentan con cr\u00e9dito ICETEX recibir\u00e1n un correo electr\u00f3nico por parte del Departamento de Cr\u00e9dito y Cartera, en el cual se les indicar\u00e1 el paso a paso del proceso de actualizaci\u00f3n y renovaci\u00f3n, junto con la informaci\u00f3n y documentaci\u00f3n requerida para realizar el tr\u00e1mite oportunamente.<\/p><\/div>\n\t\t\t\t\t<\/div><div class=\"eael-accordion-list\">\n\t\t\t\t\t<div id=\"una-vez-generado-mi-polgrafo-de-pago-puedo-adicionar-otra-asignatura\" class=\"elementor-tab-title eael-accordion-header\" tabindex=\"0\" data-tab=\"16\" aria-controls=\"elementor-tab-content-16116\"><span class=\"eael-advanced-accordion-icon-closed\"><i aria-hidden=\"true\" class=\"fa-accordion-icon fas fa-plus\"><\/i><\/span><span class=\"eael-advanced-accordion-icon-opened\"><i aria-hidden=\"true\" class=\"fa-accordion-icon fas fa-minus\"><\/i><\/span><span class=\"eael-accordion-tab-title\">Una vez generado mi pol\u00edgrafo de pago \u00bfpuedo adicionar otra asignatura?<\/span><i aria-hidden=\"true\" class=\"fa-toggle fas fa-angle-right\"><\/i><\/div><div id=\"elementor-tab-content-16116\" class=\"eael-accordion-content clearfix\" data-tab=\"16\" aria-labelledby=\"una-vez-generado-mi-polgrafo-de-pago-puedo-adicionar-otra-asignatura\"><p>S\u00ed. Una vez haya realizado la legalizaci\u00f3n del recibo de pago inicial, podr\u00e1 adicionar las asignaturas que desee incluir en su matr\u00edcula, siempre y cuando el calendario acad\u00e9mico se encuentre dentro de las fechas establecidas para matr\u00edcula acad\u00e9mica.<\/p><\/div>\n\t\t\t\t\t<\/div><div class=\"eael-accordion-list\">\n\t\t\t\t\t<div id=\"por-cuanto-tiempo-puedo-estar-fuera-de-la-institucin-\" class=\"elementor-tab-title eael-accordion-header\" tabindex=\"0\" data-tab=\"17\" aria-controls=\"elementor-tab-content-16117\"><span class=\"eael-advanced-accordion-icon-closed\"><i aria-hidden=\"true\" class=\"fa-accordion-icon fas fa-plus\"><\/i><\/span><span class=\"eael-advanced-accordion-icon-opened\"><i aria-hidden=\"true\" class=\"fa-accordion-icon fas fa-minus\"><\/i><\/span><span class=\"eael-accordion-tab-title\">Por cuanto tiempo puedo estar fuera de la instituci\u00f3n. <\/span><i aria-hidden=\"true\" class=\"fa-toggle fas fa-angle-right\"><\/i><\/div><div id=\"elementor-tab-content-16117\" class=\"eael-accordion-content clearfix\" data-tab=\"17\" aria-labelledby=\"por-cuanto-tiempo-puedo-estar-fuera-de-la-institucin-\"><p>De acuerdo con lo establecido en el Reglamento Estudiantil, el estudiante podr\u00e1 ausentarse de la instituci\u00f3n hasta por un (1) a\u00f1o.<\/p><p>No obstante, si el programa acad\u00e9mico se encuentra en oferta al momento de solicitar el reintegro, el estudiante deber\u00e1 presentar una solicitud formal, la cual ser\u00e1 remitida al Consejo de Facultad. Esta instancia evaluar\u00e1 el caso y determinar\u00e1 las condiciones acad\u00e9micas y administrativas para su respectivo reintegro.<\/p><\/div>\n\t\t\t\t\t<\/div><\/div>\t\t\t\t<\/div>\n\t\t\t\t<\/div>\n\t\t\t\t\t<\/div>\n\t\t\t\t<\/div>\n\t\t\t\t<\/div>\n\t\t\t\t\t<\/details>\n\t\t\t\t\t<\/div>\n\t\t\t\t\t\t<\/div>\n\t\t\t\t<\/div>\n\t\t\t\t<div class=\"elementor-element elementor-element-53f3f49 elementor-widget elementor-widget-n-accordion\" data-id=\"53f3f49\" data-element_type=\"widget\" data-e-type=\"widget\" data-settings=\"{&quot;default_state&quot;:&quot;all_collapsed&quot;,&quot;max_items_expended&quot;:&quot;one&quot;,&quot;n_accordion_animation_duration&quot;:{&quot;unit&quot;:&quot;ms&quot;,&quot;size&quot;:400,&quot;sizes&quot;:[]}}\" data-widget_type=\"nested-accordion.default\">\n\t\t\t\t<div class=\"elementor-widget-container\">\n\t\t\t\t\t\t\t<div class=\"e-n-accordion\" aria-label=\"Accordion. Open links with Enter or Space, close with Escape, and navigate with Arrow Keys\">\n\t\t\t\t\t\t<details id=\"e-n-accordion-item-8800\" class=\"e-n-accordion-item\" >\n\t\t\t\t<summary class=\"e-n-accordion-item-title\" data-accordion-index=\"1\" tabindex=\"0\" aria-expanded=\"false\" aria-controls=\"e-n-accordion-item-8800\" >\n\t\t\t\t\t<span class='e-n-accordion-item-title-header'><div class=\"e-n-accordion-item-title-text\"> Graduados <\/div><\/span>\n\t\t\t\t\t\t\t<span class='e-n-accordion-item-title-icon'>\n\t\t\t<span class='e-opened' ><i aria-hidden=\"true\" class=\"far fa-question-circle\"><\/i><\/span>\n\t\t\t<span class='e-closed'><i aria-hidden=\"true\" class=\"fas fa-plus\"><\/i><\/span>\n\t\t<\/span>\n\n\t\t\t\t\t\t<\/summary>\n\t\t\t\t<div role=\"region\" aria-labelledby=\"e-n-accordion-item-8800\" class=\"elementor-element elementor-element-f5fec66 e-con-full e-flex e-con e-child\" data-id=\"f5fec66\" data-element_type=\"container\" data-e-type=\"container\">\n\t\t<div role=\"region\" aria-labelledby=\"e-n-accordion-item-8800\" class=\"elementor-element elementor-element-c0293ac e-flex e-con-boxed e-con e-child\" data-id=\"c0293ac\" data-element_type=\"container\" data-e-type=\"container\">\n\t\t\t\t\t<div class=\"e-con-inner\">\n\t\t\t\t<div class=\"elementor-element elementor-element-1314e84 elementor-widget elementor-widget-eael-adv-accordion\" data-id=\"1314e84\" data-element_type=\"widget\" data-e-type=\"widget\" data-widget_type=\"eael-adv-accordion.default\">\n\t\t\t\t<div class=\"elementor-widget-container\">\n\t\t\t\t\t            <div class=\"eael-adv-accordion\" id=\"eael-adv-accordion-1314e84\" data-scroll-on-click=\"no\" data-scroll-speed=\"300\" data-accordion-id=\"1314e84\" data-accordion-type=\"accordion\" data-toogle-speed=\"300\">\n            <div class=\"eael-accordion-list\">\n\t\t\t\t\t<div id=\"cmo-puedo-solicitar-la-verificacin-de-un-ttulo-de-un-graduado\" class=\"elementor-tab-title eael-accordion-header\" tabindex=\"0\" data-tab=\"1\" aria-controls=\"elementor-tab-content-2001\"><span class=\"eael-advanced-accordion-icon-closed\"><i aria-hidden=\"true\" class=\"fa-accordion-icon fas fa-plus\"><\/i><\/span><span class=\"eael-advanced-accordion-icon-opened\"><i aria-hidden=\"true\" class=\"fa-accordion-icon fas fa-minus\"><\/i><\/span><span class=\"eael-accordion-tab-title\">\u00bfC\u00f3mo puedo solicitar la verificaci\u00f3n de un t\u00edtulo de un graduado?<\/span><i aria-hidden=\"true\" class=\"fa-toggle fas fa-angle-right\"><\/i><\/div><div id=\"elementor-tab-content-2001\" class=\"eael-accordion-content clearfix\" data-tab=\"1\" aria-labelledby=\"cmo-puedo-solicitar-la-verificacin-de-un-ttulo-de-un-graduado\"><p>Empresario verifica el t\u00edtulo profesional de tu futuro colaborador, haciendo la solicitud en los siguientes correos: secretariageneral@unisangil.edu.co\u00a0 y\u00a0 asistentesecretariageneral@unisangil.edu.co<\/p><p>Recuerda anexar la autorizaci\u00f3n del egresado.<\/p><\/div>\n\t\t\t\t\t<\/div><div class=\"eael-accordion-list\">\n\t\t\t\t\t<div id=\"cmo-recupero-mi-correo-electrnico-usuario-de-vortal-yo-contrasea\" class=\"elementor-tab-title eael-accordion-header\" tabindex=\"0\" data-tab=\"2\" aria-controls=\"elementor-tab-content-2002\"><span class=\"eael-advanced-accordion-icon-closed\"><i aria-hidden=\"true\" class=\"fa-accordion-icon fas fa-plus\"><\/i><\/span><span class=\"eael-advanced-accordion-icon-opened\"><i aria-hidden=\"true\" class=\"fa-accordion-icon fas fa-minus\"><\/i><\/span><span class=\"eael-accordion-tab-title\">\u00bfC\u00f3mo recupero mi correo electr\u00f3nico, usuario de Vortal  y\/o contrase\u00f1a?<\/span><i aria-hidden=\"true\" class=\"fa-toggle fas fa-angle-right\"><\/i><\/div><div id=\"elementor-tab-content-2002\" class=\"eael-accordion-content clearfix\" data-tab=\"2\" aria-labelledby=\"cmo-recupero-mi-correo-electrnico-usuario-de-vortal-yo-contrasea\"><p>Env\u00eda la solicitud al correo del Departamento de Egresados seg\u00fan corresponda:<\/p><p>San Gil: egresados@unisangil.edu.co <br \/>Yopal: egresadosyopal@unisangil.edu.co<br \/>Chiquinquir\u00e1: egresadoschiquinquira@unisangil.edu.co<\/p><p>Con la siguiente informaci\u00f3n: nombre completo, n\u00famero de c\u00e9dula, n\u00famero de tel\u00e9fono de contacto, programa acad\u00e9mico y sede.<\/p><\/div>\n\t\t\t\t\t<\/div><div class=\"eael-accordion-list\">\n\t\t\t\t\t<div id=\"cmo-puedo-solicitar-certificados-acadmicos-y-duplicados-de-actas-o-diplomas-\" class=\"elementor-tab-title eael-accordion-header\" tabindex=\"0\" data-tab=\"3\" aria-controls=\"elementor-tab-content-2003\"><span class=\"eael-advanced-accordion-icon-closed\"><i aria-hidden=\"true\" class=\"fa-accordion-icon fas fa-plus\"><\/i><\/span><span class=\"eael-advanced-accordion-icon-opened\"><i aria-hidden=\"true\" class=\"fa-accordion-icon fas fa-minus\"><\/i><\/span><span class=\"eael-accordion-tab-title\">\u00bfC\u00f3mo puedo solicitar certificados acad\u00e9micos y duplicados de actas o diplomas? <\/span><i aria-hidden=\"true\" class=\"fa-toggle fas fa-angle-right\"><\/i><\/div><div id=\"elementor-tab-content-2003\" class=\"eael-accordion-content clearfix\" data-tab=\"3\" aria-labelledby=\"cmo-puedo-solicitar-certificados-acadmicos-y-duplicados-de-actas-o-diplomas-\"><p><span style=\"font-weight: 400\">Para solicitar certificados acad\u00e9micos te invitamos a seguir el paso a paso descrito en micrositio de Secretaria General <a href=\"https:\/\/unisangil.edu.co\/?page_id=6577\" target=\"_blank\" rel=\"noopener\"><strong>aqu\u00ed.<\/strong><\/a><\/span><\/p><\/div>\n\t\t\t\t\t<\/div><\/div>\t\t\t\t<\/div>\n\t\t\t\t<\/div>\n\t\t\t\t\t<\/div>\n\t\t\t\t<\/div>\n\t\t\t\t<\/div>\n\t\t\t\t\t<\/details>\n\t\t\t\t\t<\/div>\n\t\t\t\t\t\t<\/div>\n\t\t\t\t<\/div>\n\t\t\t\t\t<\/div>\n\t\t\t\t<\/div>\n\t\t\t\t<section class=\"elementor-section elementor-top-section elementor-element elementor-element-dd9f2aa elementor-section-boxed elementor-section-height-default elementor-section-height-default\" data-id=\"dd9f2aa\" data-element_type=\"section\" data-e-type=\"section\">\n\t\t\t\t\t\t<div class=\"elementor-container elementor-column-gap-default\">\n\t\t\t\t\t<div class=\"elementor-column elementor-col-100 elementor-top-column elementor-element elementor-element-6404be5\" data-id=\"6404be5\" data-element_type=\"column\" data-e-type=\"column\">\n\t\t\t<div class=\"elementor-widget-wrap elementor-element-populated\">\n\t\t\t\t\t\t<div class=\"elementor-element elementor-element-e730bba elementor-widget elementor-widget-heading\" data-id=\"e730bba\" data-element_type=\"widget\" data-e-type=\"widget\" data-widget_type=\"heading.default\">\n\t\t\t\t<div class=\"elementor-widget-container\">\n\t\t\t\t\t<h2 class=\"elementor-heading-title elementor-size-default\">Tu voz construye UNISANGIL<\/h2>\t\t\t\t<\/div>\n\t\t\t\t<\/div>\n\t\t\t\t<div class=\"elementor-element elementor-element-c7c7338 elementor-widget elementor-widget-text-editor\" data-id=\"c7c7338\" data-element_type=\"widget\" data-e-type=\"widget\" data-widget_type=\"text-editor.default\">\n\t\t\t\t<div class=\"elementor-widget-container\">\n\t\t\t\t\t\t\t\t\t<p style=\"text-align: justify;\">En <strong>UNISANGIL<\/strong>, tu opini\u00f3n es fundamental para seguir creciendo y fortaleciendo la calidad de nuestros servicios.<\/p><p style=\"text-align: justify;\">Ponemos a disposici\u00f3n de toda nuestra comunidad universitaria estudiantes, graduados, colaboradores y comunidad en general este espacio de Peticiones, Quejas, Reclamos, Sugerencias y Felicitaciones (PQRSF).<\/p><p style=\"text-align: justify;\">\u00a1Participa!, Tu voz cuenta y juntos construimos una mejor instituci\u00f3n.<\/p>\t\t\t\t\t\t\t\t<\/div>\n\t\t\t\t<\/div>\n\t\t\t\t\t<\/div>\n\t\t<\/div>\n\t\t\t\t\t<\/div>\n\t\t<\/section>\n\t\t<div class=\"elementor-element elementor-element-a2d4134 e-flex e-con-boxed e-con e-parent\" data-id=\"a2d4134\" data-element_type=\"container\" data-e-type=\"container\">\n\t\t\t\t\t<div class=\"e-con-inner\">\n\t\t<div class=\"elementor-element elementor-element-148fcb6 e-con-full e-flex e-con e-child\" data-id=\"148fcb6\" data-element_type=\"container\" data-e-type=\"container\">\n\t\t\t\t<\/div>\n\t\t<div class=\"elementor-element elementor-element-ffd9d49 e-con-full e-flex e-con e-child\" data-id=\"ffd9d49\" data-element_type=\"container\" data-e-type=\"container\">\n\t\t\t\t<div class=\"elementor-element elementor-element-50135ae elementor-widget elementor-widget-image\" data-id=\"50135ae\" data-element_type=\"widget\" data-e-type=\"widget\" data-widget_type=\"image.default\">\n\t\t\t\t<div class=\"elementor-widget-container\">\n\t\t\t\t\t\t\t\t\t\t\t\t\t\t\t<img loading=\"lazy\" decoding=\"async\" width=\"734\" height=\"1024\" src=\"https:\/\/unisangil.edu.co\/wp-content\/uploads\/2024\/09\/close-up-woman-with-smartphone-mock-up-1-734x1024.jpg\" class=\"attachment-large size-large wp-image-13166\" alt=\"\" srcset=\"https:\/\/unisangil.edu.co\/wp-content\/uploads\/2024\/09\/close-up-woman-with-smartphone-mock-up-1-734x1024.jpg 734w, https:\/\/unisangil.edu.co\/wp-content\/uploads\/2024\/09\/close-up-woman-with-smartphone-mock-up-1-215x300.jpg 215w, https:\/\/unisangil.edu.co\/wp-content\/uploads\/2024\/09\/close-up-woman-with-smartphone-mock-up-1-768x1071.jpg 768w, https:\/\/unisangil.edu.co\/wp-content\/uploads\/2024\/09\/close-up-woman-with-smartphone-mock-up-1-48x67.jpg 48w, https:\/\/unisangil.edu.co\/wp-content\/uploads\/2024\/09\/close-up-woman-with-smartphone-mock-up-1.jpg 876w\" sizes=\"(max-width: 734px) 100vw, 734px\" \/>\t\t\t\t\t\t\t\t\t\t\t\t\t\t\t<\/div>\n\t\t\t\t<\/div>\n\t\t\t\t<\/div>\n\t\t\t\t\t<\/div>\n\t\t\t\t<\/div>\n\t\t<div class=\"elementor-element elementor-element-acfc890 e-flex e-con-boxed e-con e-parent\" data-id=\"acfc890\" data-element_type=\"container\" data-e-type=\"container\">\n\t\t\t\t\t<div class=\"e-con-inner\">\n\t\t<div class=\"elementor-element elementor-element-6603c21 e-con-full e-flex e-con e-child\" data-id=\"6603c21\" data-element_type=\"container\" data-e-type=\"container\">\n\t\t\t\t<div class=\"elementor-element elementor-element-5e39692 elementor-widget elementor-widget-eael-adv-accordion\" data-id=\"5e39692\" data-element_type=\"widget\" data-e-type=\"widget\" data-widget_type=\"eael-adv-accordion.default\">\n\t\t\t\t<div class=\"elementor-widget-container\">\n\t\t\t\t\t            <div class=\"eael-adv-accordion\" id=\"eael-adv-accordion-5e39692\" data-scroll-on-click=\"no\" data-scroll-speed=\"300\" data-accordion-id=\"5e39692\" data-accordion-type=\"accordion\" data-toogle-speed=\"300\">\n            <div class=\"eael-accordion-list\">\n\t\t\t\t\t<div id=\"cuando-radicar-un-pqrsf\" class=\"elementor-tab-title eael-accordion-header\" tabindex=\"0\" data-tab=\"1\" aria-controls=\"elementor-tab-content-9881\"><span class=\"eael-advanced-accordion-icon-closed\"><i aria-hidden=\"true\" class=\"fa-accordion-icon fas fa-plus\"><\/i><\/span><span class=\"eael-advanced-accordion-icon-opened\"><i aria-hidden=\"true\" class=\"fa-accordion-icon fas fa-minus\"><\/i><\/span><span class=\"eael-accordion-tab-title\">\u00bfCuando radicar un PQRSF?<\/span><i aria-hidden=\"true\" class=\"fa-toggle fas fa-angle-right\"><\/i><\/div><div id=\"elementor-tab-content-9881\" class=\"eael-accordion-content clearfix\" data-tab=\"1\" aria-labelledby=\"cuando-radicar-un-pqrsf\"><ul><li style=\"font-weight: 400\"><span style=\"font-weight: 400\">Cuando tu experiencia de servicio fue excepcional y deseas expresarlo.<\/span><\/li><li style=\"font-weight: 400\"><span style=\"font-weight: 400\">Cuando hayas agotado los procedimientos establecidos por la instituci\u00f3n y\/o los canales de comunicaci\u00f3n habituales.<\/span><\/li><li style=\"font-weight: 400\"><span style=\"font-weight: 400\">Cuando tengas intenci\u00f3n de manifestarte sobre la calidad del servicio acad\u00e9mico y\/o administrativo ofrecido por la instituci\u00f3n.<\/span><\/li><li style=\"font-weight: 400\"><span style=\"font-weight: 400\">Cuanto tengas alguna sugerencia o idea innovadora que contribuya a la mejora institucional.<\/span><\/li><\/ul><\/div>\n\t\t\t\t\t<\/div><div class=\"eael-accordion-list\">\n\t\t\t\t\t<div id=\"conoce-los-tipos-de-pqrsf\" class=\"elementor-tab-title eael-accordion-header\" tabindex=\"0\" data-tab=\"2\" aria-controls=\"elementor-tab-content-9882\"><span class=\"eael-advanced-accordion-icon-closed\"><i aria-hidden=\"true\" class=\"fa-accordion-icon fas fa-plus\"><\/i><\/span><span class=\"eael-advanced-accordion-icon-opened\"><i aria-hidden=\"true\" class=\"fa-accordion-icon fas fa-minus\"><\/i><\/span><span class=\"eael-accordion-tab-title\">Conoce los tipos de PQRSF<\/span><i aria-hidden=\"true\" class=\"fa-toggle fas fa-angle-right\"><\/i><\/div><div id=\"elementor-tab-content-9882\" class=\"eael-accordion-content clearfix\" data-tab=\"2\" aria-labelledby=\"conoce-los-tipos-de-pqrsf\"><p><b>Peticiones<\/b><\/p><p><span style=\"font-weight: 400\">solicitud por motivos de inter\u00e9s general o particular como: el reconocimiento de un derecho, intervenci\u00f3n de una entidad o persona, resoluci\u00f3n de una situaci\u00f3n, prestaci\u00f3n de un servicio, entrega de informaci\u00f3n o copias de documentos.<\/span> <\/p><hr \/><p><b><br \/>Quejas<\/b><\/p><p><span style=\"font-weight: 400\">Es la expresi\u00f3n de inconformidad hecha respecto a los servicios recibidos, procesos, conducta o acci\u00f3n de los trabajadores de UNISANGIL.<br \/><\/span><\/p><hr \/><p><b><br \/>Reclamos<\/b><\/p><p><span style=\"font-weight: 400\">Manifestaci\u00f3n de desacuerdo frente a los requisitos establecidos para la prestaci\u00f3n de un servicio.<\/span><\/p><hr \/><p><b><br \/>Sugerencia<\/b><\/p><p><span style=\"font-weight: 400\">Propuesta para mejorar la calidad de los servicios o procesos <br \/><\/span><\/p><hr \/><p>\u00a0<\/p><p><b>Felicitaciones<\/b><\/p><p><span style=\"font-weight: 400\">Expresi\u00f3n de satisfacci\u00f3n, aceptaci\u00f3n y\/o conformidad con el servicio recibido, procesos, o comportamiento de alguno de sus colaboradores.<\/span><\/p><\/div>\n\t\t\t\t\t<\/div><div class=\"eael-accordion-list\">\n\t\t\t\t\t<div id=\"procedimiento-para-gestin-de-las-pqrsf-de-unisangil\" class=\"elementor-tab-title eael-accordion-header\" tabindex=\"0\" data-tab=\"3\" aria-controls=\"elementor-tab-content-9883\"><span class=\"eael-advanced-accordion-icon-closed\"><i aria-hidden=\"true\" class=\"fa-accordion-icon fas fa-plus\"><\/i><\/span><span class=\"eael-advanced-accordion-icon-opened\"><i aria-hidden=\"true\" class=\"fa-accordion-icon fas fa-minus\"><\/i><\/span><span class=\"eael-accordion-tab-title\">Procedimiento para gesti\u00f3n de las PQRSF de UNISANGIL<\/span><i aria-hidden=\"true\" class=\"fa-toggle fas fa-angle-right\"><\/i><\/div><div id=\"elementor-tab-content-9883\" class=\"eael-accordion-content clearfix\" data-tab=\"3\" aria-labelledby=\"procedimiento-para-gestin-de-las-pqrsf-de-unisangil\"><p>Te informamos que el <strong>Procedimiento para la gesti\u00f3n de las PQRSF<\/strong> de UNISANGIL est\u00e1 disponible para tu consulta a trav\u00e9s del siguiente <a href=\"https:\/\/unisangil.edu.co\/wp-content\/uploads\/2026\/04\/PQRSF-UNISANGIL-Procedimiento.pdf\" target=\"_blank\" rel=\"noopener\">enlace<\/a>. All\u00ed podr\u00e1s encontrar toda la informaci\u00f3n relacionada con el proceso de recepci\u00f3n, an\u00e1lisis y respuesta a las Peticiones, Quejas, Reclamos, Sugerencias y Felicitaciones.<\/p><\/div>\n\t\t\t\t\t<\/div><\/div>\t\t\t\t<\/div>\n\t\t\t\t<\/div>\n\t\t\t\t<\/div>\n\t\t<div class=\"elementor-element elementor-element-86d66a9 e-con-full e-flex e-con e-child\" data-id=\"86d66a9\" data-element_type=\"container\" data-e-type=\"container\">\n\t\t\t\t<\/div>\n\t\t\t\t\t<\/div>\n\t\t\t\t<\/div>\n\t\t<div class=\"elementor-element elementor-element-e9db362 e-flex e-con-boxed e-con e-parent\" data-id=\"e9db362\" data-element_type=\"container\" data-e-type=\"container\">\n\t\t\t\t\t<div class=\"e-con-inner\">\n\t\t\t\t<div class=\"elementor-element elementor-element-8ce50b5 elementor-align-center elementor-widget elementor-widget-button\" data-id=\"8ce50b5\" data-element_type=\"widget\" data-e-type=\"widget\" data-widget_type=\"button.default\">\n\t\t\t\t<div class=\"elementor-widget-container\">\n\t\t\t\t\t\t\t\t\t<div class=\"elementor-button-wrapper\">\n\t\t\t\t\t<a class=\"elementor-button elementor-button-link elementor-size-sm elementor-animation-grow\" href=\"https:\/\/docs.google.com\/forms\/d\/e\/1FAIpQLSdCv8WZ61aRKqOjDijlO5azAmRC7ENfzJoQZ8lOl8M-s8JatA\/viewform\" target=\"_blank\">\n\t\t\t\t\t\t<span class=\"elementor-button-content-wrapper\">\n\t\t\t\t\t\t\t\t\t<span class=\"elementor-button-text\">- Registra aqu\u00ed tu PQRSF -<\/span>\n\t\t\t\t\t<\/span>\n\t\t\t\t\t<\/a>\n\t\t\t\t<\/div>\n\t\t\t\t\t\t\t\t<\/div>\n\t\t\t\t<\/div>\n\t\t\t\t\t<\/div>\n\t\t\t\t<\/div>\n\t\t<div class=\"elementor-element elementor-element-70124f1 e-flex e-con-boxed e-con e-parent\" data-id=\"70124f1\" data-element_type=\"container\" data-e-type=\"container\">\n\t\t\t\t\t<div class=\"e-con-inner\">\n\t\t\t\t\t<\/div>\n\t\t\t\t<\/div>\n\t\t\t\t<\/div>\n\t\t","protected":false},"excerpt":{"rendered":"<p>PQRSF Preguntas frecuentes Aspirantes \u00bfC\u00f3mo me inscribo a un programa de pregrado o posgrado de UNISANGIL? Conoce toda la informaci\u00f3n sobre la oferta de programas acad\u00e9micos de UNISANGIL e inscripci\u00f3n a programas pregrado y posgrado, ingresando Aqu\u00ed.\u00a0 \u00bfQu\u00e9 debo hacer si mi ICFES no est\u00e1 vigente y quiero inscribirme a un programa de pregrado? No [&hellip;]<\/p>\n","protected":false},"author":2,"featured_media":0,"parent":0,"menu_order":0,"comment_status":"closed","ping_status":"closed","template":"","meta":{"footnotes":""},"class_list":["post-6697","page","type-page","status-publish","hentry"],"yoast_head":"<!-- This site is optimized with the Yoast SEO plugin v25.6 - https:\/\/yoast.com\/wordpress\/plugins\/seo\/ -->\n<title>PQRSF - UNISANGIL<\/title>\n<meta name=\"description\" content=\"La palabra administraci\u00f3n tiene su origen etimol\u00f3gico del lat\u00edn ad, que significa: hacia, direcci\u00f3n, tendencia; y minister que significa: subordinaci\u00f3n, obediencia, al servicio de\u2019; y significa \u201caquel que realiza una funci\u00f3n bajo el mando de otro\u201d; es decir, \u201caquel que presta un servicio a otro\u201d, \u201cestar al servicio de otro\u201d de la sociedad, volvi\u00e9ndola m\u00e1s productiva (eficiencia), para el cumplimiento de sus objetivos (eficacia).\" \/>\n<meta name=\"robots\" content=\"index, follow, max-snippet:-1, max-image-preview:large, max-video-preview:-1\" \/>\n<link rel=\"canonical\" href=\"https:\/\/unisangil.edu.co\/?page_id=6697\" \/>\n<meta property=\"og:locale\" content=\"es_ES\" \/>\n<meta property=\"og:type\" content=\"article\" \/>\n<meta property=\"og:title\" content=\"PQRSF - UNISANGIL\" \/>\n<meta property=\"og:description\" content=\"La palabra administraci\u00f3n tiene su origen etimol\u00f3gico del lat\u00edn ad, que significa: hacia, direcci\u00f3n, tendencia; y minister que significa: subordinaci\u00f3n, obediencia, al servicio de\u2019; y significa \u201caquel que realiza una funci\u00f3n bajo el mando de otro\u201d; es decir, \u201caquel que presta un servicio a otro\u201d, \u201cestar al servicio de otro\u201d de la sociedad, volvi\u00e9ndola m\u00e1s productiva (eficiencia), para el cumplimiento de sus objetivos (eficacia).\" \/>\n<meta property=\"og:url\" content=\"https:\/\/unisangil.edu.co\/?page_id=6697\" \/>\n<meta property=\"og:site_name\" content=\"UNISANGIL\" \/>\n<meta property=\"article:publisher\" content=\"https:\/\/www.facebook.com\/UNISANGIL\" \/>\n<meta property=\"article:modified_time\" content=\"2026-04-08T19:44:39+00:00\" \/>\n<meta property=\"og:image\" content=\"https:\/\/unisangil.edu.co\/wp-content\/uploads\/2024\/09\/Captura-de-Pantalla-2024-09-24-a-las-11.26.51.png\" \/>\n\t<meta property=\"og:image:width\" content=\"406\" \/>\n\t<meta property=\"og:image:height\" content=\"287\" \/>\n\t<meta property=\"og:image:type\" content=\"image\/png\" \/>\n<meta name=\"twitter:card\" content=\"summary_large_image\" \/>\n<meta name=\"twitter:site\" content=\"@UNISANGIL\" \/>\n<meta name=\"twitter:label1\" content=\"Tiempo de lectura\" \/>\n\t<meta name=\"twitter:data1\" content=\"20 minutos\" \/>\n<script type=\"application\/ld+json\" class=\"yoast-schema-graph\">{\"@context\":\"https:\/\/schema.org\",\"@graph\":[{\"@type\":\"WebPage\",\"@id\":\"https:\/\/unisangil.edu.co\/?page_id=6697\",\"url\":\"https:\/\/unisangil.edu.co\/?page_id=6697\",\"name\":\"PQRSF - UNISANGIL\",\"isPartOf\":{\"@id\":\"https:\/\/unisangil.edu.co\/#website\"},\"primaryImageOfPage\":{\"@id\":\"https:\/\/unisangil.edu.co\/?page_id=6697#primaryimage\"},\"image\":{\"@id\":\"https:\/\/unisangil.edu.co\/?page_id=6697#primaryimage\"},\"thumbnailUrl\":\"https:\/\/unisangil.edu.co\/wp-content\/uploads\/2024\/09\/Captura-de-Pantalla-2024-09-24-a-las-11.26.51-300x212.png\",\"datePublished\":\"2023-11-27T15:03:47+00:00\",\"dateModified\":\"2026-04-08T19:44:39+00:00\",\"description\":\"La palabra administraci\u00f3n tiene su origen etimol\u00f3gico del lat\u00edn ad, que significa: hacia, direcci\u00f3n, tendencia; y minister que significa: subordinaci\u00f3n, obediencia, al servicio de\u2019; y significa \u201caquel que realiza una funci\u00f3n bajo el mando de otro\u201d; es decir, \u201caquel que presta un servicio a otro\u201d, \u201cestar al servicio de otro\u201d de la sociedad, volvi\u00e9ndola m\u00e1s productiva (eficiencia), para el cumplimiento de sus objetivos (eficacia).\",\"breadcrumb\":{\"@id\":\"https:\/\/unisangil.edu.co\/?page_id=6697#breadcrumb\"},\"inLanguage\":\"es-CO\",\"potentialAction\":[{\"@type\":\"ReadAction\",\"target\":[\"https:\/\/unisangil.edu.co\/?page_id=6697\"]}]},{\"@type\":\"ImageObject\",\"inLanguage\":\"es-CO\",\"@id\":\"https:\/\/unisangil.edu.co\/?page_id=6697#primaryimage\",\"url\":\"https:\/\/unisangil.edu.co\/wp-content\/uploads\/2024\/09\/Captura-de-Pantalla-2024-09-24-a-las-11.26.51.png\",\"contentUrl\":\"https:\/\/unisangil.edu.co\/wp-content\/uploads\/2024\/09\/Captura-de-Pantalla-2024-09-24-a-las-11.26.51.png\",\"width\":406,\"height\":287},{\"@type\":\"BreadcrumbList\",\"@id\":\"https:\/\/unisangil.edu.co\/?page_id=6697#breadcrumb\",\"itemListElement\":[{\"@type\":\"ListItem\",\"position\":1,\"name\":\"Inicio\",\"item\":\"https:\/\/unisangil.edu.co\/\"},{\"@type\":\"ListItem\",\"position\":2,\"name\":\"PQRSF\"}]},{\"@type\":\"WebSite\",\"@id\":\"https:\/\/unisangil.edu.co\/#website\",\"url\":\"https:\/\/unisangil.edu.co\/\",\"name\":\"UNISANGIL\",\"description\":\"Somos una Instituci\u00f3n de educaci\u00f3n superior de origen y acci\u00f3n solidarios que contribuye con el desarrollo de la sociedad en los \u00e1mbitos local y regional\",\"publisher\":{\"@id\":\"https:\/\/unisangil.edu.co\/#organization\"},\"potentialAction\":[{\"@type\":\"SearchAction\",\"target\":{\"@type\":\"EntryPoint\",\"urlTemplate\":\"https:\/\/unisangil.edu.co\/?s={search_term_string}\"},\"query-input\":{\"@type\":\"PropertyValueSpecification\",\"valueRequired\":true,\"valueName\":\"search_term_string\"}}],\"inLanguage\":\"es-CO\"},{\"@type\":\"Organization\",\"@id\":\"https:\/\/unisangil.edu.co\/#organization\",\"name\":\"UNISANGIL\",\"url\":\"https:\/\/unisangil.edu.co\/\",\"logo\":{\"@type\":\"ImageObject\",\"inLanguage\":\"es-CO\",\"@id\":\"https:\/\/unisangil.edu.co\/#\/schema\/logo\/image\/\",\"url\":\"https:\/\/unisangil.edu.co\/wp-content\/uploads\/2023\/06\/LOGO-UNISANGIL-WEB-1-2.png\",\"contentUrl\":\"https:\/\/unisangil.edu.co\/wp-content\/uploads\/2023\/06\/LOGO-UNISANGIL-WEB-1-2.png\",\"width\":1250,\"height\":1250,\"caption\":\"UNISANGIL\"},\"image\":{\"@id\":\"https:\/\/unisangil.edu.co\/#\/schema\/logo\/image\/\"},\"sameAs\":[\"https:\/\/www.facebook.com\/UNISANGIL\",\"https:\/\/x.com\/UNISANGIL\"]}]}<\/script>\n<!-- \/ Yoast SEO plugin. -->","yoast_head_json":{"title":"PQRSF - UNISANGIL","description":"La palabra administraci\u00f3n tiene su origen etimol\u00f3gico del lat\u00edn ad, que significa: hacia, direcci\u00f3n, tendencia; y minister que significa: subordinaci\u00f3n, obediencia, al servicio de\u2019; y significa \u201caquel que realiza una funci\u00f3n bajo el mando de otro\u201d; es decir, \u201caquel que presta un servicio a otro\u201d, \u201cestar al servicio de otro\u201d de la sociedad, volvi\u00e9ndola m\u00e1s productiva (eficiencia), para el cumplimiento de sus objetivos (eficacia).","robots":{"index":"index","follow":"follow","max-snippet":"max-snippet:-1","max-image-preview":"max-image-preview:large","max-video-preview":"max-video-preview:-1"},"canonical":"https:\/\/unisangil.edu.co\/?page_id=6697","og_locale":"es_ES","og_type":"article","og_title":"PQRSF - UNISANGIL","og_description":"La palabra administraci\u00f3n tiene su origen etimol\u00f3gico del lat\u00edn ad, que significa: hacia, direcci\u00f3n, tendencia; y minister que significa: subordinaci\u00f3n, obediencia, al servicio de\u2019; y significa \u201caquel que realiza una funci\u00f3n bajo el mando de otro\u201d; es decir, \u201caquel que presta un servicio a otro\u201d, \u201cestar al servicio de otro\u201d de la sociedad, volvi\u00e9ndola m\u00e1s productiva (eficiencia), para el cumplimiento de sus objetivos (eficacia).","og_url":"https:\/\/unisangil.edu.co\/?page_id=6697","og_site_name":"UNISANGIL","article_publisher":"https:\/\/www.facebook.com\/UNISANGIL","article_modified_time":"2026-04-08T19:44:39+00:00","og_image":[{"width":406,"height":287,"url":"https:\/\/unisangil.edu.co\/wp-content\/uploads\/2024\/09\/Captura-de-Pantalla-2024-09-24-a-las-11.26.51.png","type":"image\/png"}],"twitter_card":"summary_large_image","twitter_site":"@UNISANGIL","twitter_misc":{"Tiempo de lectura":"20 minutos"},"schema":{"@context":"https:\/\/schema.org","@graph":[{"@type":"WebPage","@id":"https:\/\/unisangil.edu.co\/?page_id=6697","url":"https:\/\/unisangil.edu.co\/?page_id=6697","name":"PQRSF - UNISANGIL","isPartOf":{"@id":"https:\/\/unisangil.edu.co\/#website"},"primaryImageOfPage":{"@id":"https:\/\/unisangil.edu.co\/?page_id=6697#primaryimage"},"image":{"@id":"https:\/\/unisangil.edu.co\/?page_id=6697#primaryimage"},"thumbnailUrl":"https:\/\/unisangil.edu.co\/wp-content\/uploads\/2024\/09\/Captura-de-Pantalla-2024-09-24-a-las-11.26.51-300x212.png","datePublished":"2023-11-27T15:03:47+00:00","dateModified":"2026-04-08T19:44:39+00:00","description":"La palabra administraci\u00f3n tiene su origen etimol\u00f3gico del lat\u00edn ad, que significa: hacia, direcci\u00f3n, tendencia; y minister que significa: subordinaci\u00f3n, obediencia, al servicio de\u2019; y significa \u201caquel que realiza una funci\u00f3n bajo el mando de otro\u201d; es decir, \u201caquel que presta un servicio a otro\u201d, \u201cestar al servicio de otro\u201d de la sociedad, volvi\u00e9ndola m\u00e1s productiva (eficiencia), para el cumplimiento de sus objetivos (eficacia).","breadcrumb":{"@id":"https:\/\/unisangil.edu.co\/?page_id=6697#breadcrumb"},"inLanguage":"es-CO","potentialAction":[{"@type":"ReadAction","target":["https:\/\/unisangil.edu.co\/?page_id=6697"]}]},{"@type":"ImageObject","inLanguage":"es-CO","@id":"https:\/\/unisangil.edu.co\/?page_id=6697#primaryimage","url":"https:\/\/unisangil.edu.co\/wp-content\/uploads\/2024\/09\/Captura-de-Pantalla-2024-09-24-a-las-11.26.51.png","contentUrl":"https:\/\/unisangil.edu.co\/wp-content\/uploads\/2024\/09\/Captura-de-Pantalla-2024-09-24-a-las-11.26.51.png","width":406,"height":287},{"@type":"BreadcrumbList","@id":"https:\/\/unisangil.edu.co\/?page_id=6697#breadcrumb","itemListElement":[{"@type":"ListItem","position":1,"name":"Inicio","item":"https:\/\/unisangil.edu.co\/"},{"@type":"ListItem","position":2,"name":"PQRSF"}]},{"@type":"WebSite","@id":"https:\/\/unisangil.edu.co\/#website","url":"https:\/\/unisangil.edu.co\/","name":"UNISANGIL","description":"Somos una Instituci\u00f3n de educaci\u00f3n superior de origen y acci\u00f3n solidarios que contribuye con el desarrollo de la sociedad en los \u00e1mbitos local y regional","publisher":{"@id":"https:\/\/unisangil.edu.co\/#organization"},"potentialAction":[{"@type":"SearchAction","target":{"@type":"EntryPoint","urlTemplate":"https:\/\/unisangil.edu.co\/?s={search_term_string}"},"query-input":{"@type":"PropertyValueSpecification","valueRequired":true,"valueName":"search_term_string"}}],"inLanguage":"es-CO"},{"@type":"Organization","@id":"https:\/\/unisangil.edu.co\/#organization","name":"UNISANGIL","url":"https:\/\/unisangil.edu.co\/","logo":{"@type":"ImageObject","inLanguage":"es-CO","@id":"https:\/\/unisangil.edu.co\/#\/schema\/logo\/image\/","url":"https:\/\/unisangil.edu.co\/wp-content\/uploads\/2023\/06\/LOGO-UNISANGIL-WEB-1-2.png","contentUrl":"https:\/\/unisangil.edu.co\/wp-content\/uploads\/2023\/06\/LOGO-UNISANGIL-WEB-1-2.png","width":1250,"height":1250,"caption":"UNISANGIL"},"image":{"@id":"https:\/\/unisangil.edu.co\/#\/schema\/logo\/image\/"},"sameAs":["https:\/\/www.facebook.com\/UNISANGIL","https:\/\/x.com\/UNISANGIL"]}]}},"_links":{"self":[{"href":"https:\/\/unisangil.edu.co\/index.php?rest_route=\/wp\/v2\/pages\/6697"}],"collection":[{"href":"https:\/\/unisangil.edu.co\/index.php?rest_route=\/wp\/v2\/pages"}],"about":[{"href":"https:\/\/unisangil.edu.co\/index.php?rest_route=\/wp\/v2\/types\/page"}],"author":[{"embeddable":true,"href":"https:\/\/unisangil.edu.co\/index.php?rest_route=\/wp\/v2\/users\/2"}],"replies":[{"embeddable":true,"href":"https:\/\/unisangil.edu.co\/index.php?rest_route=%2Fwp%2Fv2%2Fcomments&post=6697"}],"version-history":[{"count":166,"href":"https:\/\/unisangil.edu.co\/index.php?rest_route=\/wp\/v2\/pages\/6697\/revisions"}],"predecessor-version":[{"id":24867,"href":"https:\/\/unisangil.edu.co\/index.php?rest_route=\/wp\/v2\/pages\/6697\/revisions\/24867"}],"wp:attachment":[{"href":"https:\/\/unisangil.edu.co\/index.php?rest_route=%2Fwp%2Fv2%2Fmedia&parent=6697"}],"curies":[{"name":"wp","href":"https:\/\/api.w.org\/{rel}","templated":true}]}}