{"id":5853,"date":"2023-11-16T10:00:22","date_gmt":"2023-11-16T15:00:22","guid":{"rendered":"https:\/\/hades.unisangil.edu.co\/?page_id=5853"},"modified":"2025-11-25T16:20:30","modified_gmt":"2025-11-25T21:20:30","slug":"esp-pedagogia-para-el-desarrollo-de-la-inteligencia-san-gil","status":"publish","type":"page","link":"https:\/\/unisangil.edu.co\/?page_id=5853","title":{"rendered":"Esp. Pedagog\u00eda para el Desarrollo de la Inteligencia &#8211; San Gil"},"content":{"rendered":"\t\t<div data-elementor-type=\"wp-page\" data-elementor-id=\"5853\" class=\"elementor elementor-5853\" data-elementor-post-type=\"page\">\n\t\t\t\t\t\t<section class=\"elementor-section elementor-top-section elementor-element elementor-element-dd9c7a7 elementor-section-height-min-height elementor-section-boxed elementor-section-height-default elementor-section-items-middle\" data-id=\"dd9c7a7\" data-element_type=\"section\" data-e-type=\"section\" data-settings=\"{&quot;background_background&quot;:&quot;video&quot;,&quot;background_video_link&quot;:&quot;wp-content\\\/uploads\\\/Documentos\\\/videos\\\/esp_des_intelig.mp4&quot;,&quot;background_video_start&quot;:0,&quot;animation&quot;:&quot;none&quot;,&quot;background_play_on_mobile&quot;:&quot;yes&quot;}\">\n\t\t\t\t\t\t\t\t<div class=\"elementor-background-video-container\">\n\t\t\t\t\t\t\t\t\t\t\t\t\t<video class=\"elementor-background-video-hosted\" role=\"presentation\" autoplay muted playsinline loop><\/video>\n\t\t\t\t\t\t\t\t\t\t\t<\/div>\n\t\t\t\t\t\t\t\t\t<div class=\"elementor-background-overlay\"><\/div>\n\t\t\t\t\t\t\t<div class=\"elementor-container elementor-column-gap-default\">\n\t\t\t\t\t<div class=\"elementor-column elementor-col-100 elementor-top-column elementor-element elementor-element-130e9ccb\" data-id=\"130e9ccb\" data-element_type=\"column\" data-e-type=\"column\">\n\t\t\t<div class=\"elementor-widget-wrap\">\n\t\t\t\t\t\t\t<\/div>\n\t\t<\/div>\n\t\t\t\t\t<\/div>\n\t\t<\/section>\n\t\t\t\t<section class=\"elementor-section elementor-top-section elementor-element elementor-element-617622b elementor-section-boxed elementor-section-height-default elementor-section-height-default\" data-id=\"617622b\" data-element_type=\"section\" data-e-type=\"section\">\n\t\t\t\t\t\t<div class=\"elementor-container elementor-column-gap-default\">\n\t\t\t\t\t<div class=\"elementor-column elementor-col-50 elementor-top-column elementor-element elementor-element-ef5036a elementor-invisible\" data-id=\"ef5036a\" data-element_type=\"column\" data-e-type=\"column\" data-settings=\"{&quot;background_background&quot;:&quot;gradient&quot;,&quot;motion_fx_motion_fx_mouse&quot;:&quot;yes&quot;,&quot;animation&quot;:&quot;slideInLeft&quot;}\">\n\t\t\t<div class=\"elementor-widget-wrap elementor-element-populated\">\n\t\t\t\t\t\t<div class=\"elementor-element elementor-element-797a46b elementor-widget elementor-widget-icon-box\" data-id=\"797a46b\" data-element_type=\"widget\" data-e-type=\"widget\" data-widget_type=\"icon-box.default\">\n\t\t\t\t<div class=\"elementor-widget-container\">\n\t\t\t\t\t\t\t<div class=\"elementor-icon-box-wrapper\">\n\n\t\t\t\n\t\t\t\t\t\t<div class=\"elementor-icon-box-content\">\n\n\t\t\t\t\t\t\t\t\t<h3 class=\"elementor-icon-box-title\">\n\t\t\t\t\t\t<span  >\n\t\t\t\t\t\t\tESPECIALIZACI\u00d3N EN PEDAGOG\u00cdA PARA <BR>EL DESARROLLO DE LA INTELIGENCIA\t\t\t\t\t\t<\/span>\n\t\t\t\t\t<\/h3>\n\t\t\t\t\n\t\t\t\t\t\t\t\t\t<p class=\"elementor-icon-box-description\">\n\t\t\t\t\t\tC\u00f3digo SNIES: 4256 - San Gil\t\t\t\t\t<\/p>\n\t\t\t\t\n\t\t\t<\/div>\n\t\t\t\n\t\t<\/div>\n\t\t\t\t\t\t<\/div>\n\t\t\t\t<\/div>\n\t\t\t\t\t<\/div>\n\t\t<\/div>\n\t\t\t\t<div class=\"elementor-column elementor-col-50 elementor-top-column elementor-element elementor-element-acf5d87\" data-id=\"acf5d87\" data-element_type=\"column\" data-e-type=\"column\">\n\t\t\t<div class=\"elementor-widget-wrap\">\n\t\t\t\t\t\t\t<\/div>\n\t\t<\/div>\n\t\t\t\t\t<\/div>\n\t\t<\/section>\n\t\t\t\t<section class=\"elementor-section elementor-top-section elementor-element elementor-element-8a04253 elementor-section-boxed elementor-section-height-default elementor-section-height-default\" data-id=\"8a04253\" data-element_type=\"section\" data-e-type=\"section\">\n\t\t\t\t\t\t<div class=\"elementor-container elementor-column-gap-default\">\n\t\t\t\t\t<div class=\"elementor-column elementor-col-50 elementor-top-column elementor-element elementor-element-2db8e6e\" data-id=\"2db8e6e\" data-element_type=\"column\" data-e-type=\"column\" data-settings=\"{&quot;background_background&quot;:&quot;classic&quot;}\">\n\t\t\t<div class=\"elementor-widget-wrap elementor-element-populated\">\n\t\t\t\t\t\t<div class=\"elementor-element elementor-element-b3fceb2 elementor-widget elementor-widget-text-editor\" data-id=\"b3fceb2\" data-element_type=\"widget\" data-e-type=\"widget\" data-widget_type=\"text-editor.default\">\n\t\t\t\t<div class=\"elementor-widget-container\">\n\t\t\t\t\t\t\t\t\tEste programa de especializaci\u00f3n pretende la profundizaci\u00f3n en procesos de pedagog\u00eda para el desarrollo de la inteligencia, orientado por los principios de innovaci\u00f3n cognitiva y desarrollo humano, cientificidad y pertinencia para contribuir a la transformaci\u00f3n de las pr\u00e1cticas pedag\u00f3gicas de los educadores y de las instituciones del \u00e1mbito local y regional.\t\t\t\t\t\t\t\t<\/div>\n\t\t\t\t<\/div>\n\t\t\t\t<div class=\"elementor-element elementor-element-3d05b92 elementor-position-inline-start elementor-mobile-position-inline-start elementor-view-default elementor-invisible elementor-widget elementor-widget-icon-box\" data-id=\"3d05b92\" data-element_type=\"widget\" data-e-type=\"widget\" data-settings=\"{&quot;motion_fx_motion_fx_mouse&quot;:&quot;yes&quot;,&quot;_animation&quot;:&quot;zoomIn&quot;}\" data-widget_type=\"icon-box.default\">\n\t\t\t\t<div class=\"elementor-widget-container\">\n\t\t\t\t\t\t\t<div class=\"elementor-icon-box-wrapper\">\n\n\t\t\t\t\t\t<div class=\"elementor-icon-box-icon\">\n\t\t\t\t<span  class=\"elementor-icon\">\n\t\t\t\t<i aria-hidden=\"true\" class=\"fas fa-file-invoice-dollar\"><\/i>\t\t\t\t<\/span>\n\t\t\t<\/div>\n\t\t\t\n\t\t\t\t\t\t<div class=\"elementor-icon-box-content\">\n\n\t\t\t\t\t\t\t\t\t<h3 class=\"elementor-icon-box-title\">\n\t\t\t\t\t\t<span  >\n\t\t\t\t\t\t\tValor matr\u00edcula primer ingreso: $ 4.734.444\t\t\t\t\t\t<\/span>\n\t\t\t\t\t<\/h3>\n\t\t\t\t\n\t\t\t\t\t\t\t\t\t<p class=\"elementor-icon-box-description\">\n\t\t\t\t\t\tVigencia 2026\n\n\n\t\t\t\t\t<\/p>\n\t\t\t\t\n\t\t\t<\/div>\n\t\t\t\n\t\t<\/div>\n\t\t\t\t\t\t<\/div>\n\t\t\t\t<\/div>\n\t\t\t\t<div class=\"elementor-element elementor-element-dd0deab elementor-button-info elementor-align-justify elementor-widget elementor-widget-button\" data-id=\"dd0deab\" data-element_type=\"widget\" data-e-type=\"widget\" data-widget_type=\"button.default\">\n\t\t\t\t<div class=\"elementor-widget-container\">\n\t\t\t\t\t\t\t\t\t<div class=\"elementor-button-wrapper\">\n\t\t\t\t\t<a class=\"elementor-button elementor-button-link elementor-size-xs\" href=\"http:\/\/vortal.unisangil.edu.co\/unisangil\/academusoft\/academico\/inscripcionLinea4\/ind_ins_pub_seguro.jsp\" target=\"_blank\">\n\t\t\t\t\t\t<span class=\"elementor-button-content-wrapper\">\n\t\t\t\t\t\t\t\t\t<span class=\"elementor-button-text\">\u00a1Inscr\u00edbete aqu\u00ed!<\/span>\n\t\t\t\t\t<\/span>\n\t\t\t\t\t<\/a>\n\t\t\t\t<\/div>\n\t\t\t\t\t\t\t\t<\/div>\n\t\t\t\t<\/div>\n\t\t\t\t\t<\/div>\n\t\t<\/div>\n\t\t\t\t<div class=\"elementor-column elementor-col-50 elementor-top-column elementor-element elementor-element-c0accb7\" data-id=\"c0accb7\" data-element_type=\"column\" data-e-type=\"column\" data-settings=\"{&quot;background_background&quot;:&quot;classic&quot;}\">\n\t\t\t<div class=\"elementor-widget-wrap elementor-element-populated\">\n\t\t\t\t\t\t<div class=\"elementor-element elementor-element-9cc3942 elementor-view-stacked elementor-position-inline-start elementor-mobile-position-inline-start elementor-shape-circle elementor-invisible elementor-widget elementor-widget-icon-box\" data-id=\"9cc3942\" data-element_type=\"widget\" data-e-type=\"widget\" data-settings=\"{&quot;motion_fx_motion_fx_mouse&quot;:&quot;yes&quot;,&quot;_animation&quot;:&quot;zoomIn&quot;}\" data-widget_type=\"icon-box.default\">\n\t\t\t\t<div class=\"elementor-widget-container\">\n\t\t\t\t\t\t\t<div class=\"elementor-icon-box-wrapper\">\n\n\t\t\t\t\t\t<div class=\"elementor-icon-box-icon\">\n\t\t\t\t<span  class=\"elementor-icon\">\n\t\t\t\t<i aria-hidden=\"true\" class=\"fas fa-user-graduate\"><\/i>\t\t\t\t<\/span>\n\t\t\t<\/div>\n\t\t\t\n\t\t\t\t\t\t<div class=\"elementor-icon-box-content\">\n\n\t\t\t\t\t\t\t\t\t<h2 class=\"elementor-icon-box-title\">\n\t\t\t\t\t\t<span  >\n\t\t\t\t\t\t\tT\u00edtulo que otorga\t\t\t\t\t\t<\/span>\n\t\t\t\t\t<\/h2>\n\t\t\t\t\n\t\t\t\t\t\t\t\t\t<p class=\"elementor-icon-box-description\">\n\t\t\t\t\t\tEspecialista en Pedagog\u00eda para el Desarrollo de la Inteligencia\t\t\t\t\t<\/p>\n\t\t\t\t\n\t\t\t<\/div>\n\t\t\t\n\t\t<\/div>\n\t\t\t\t\t\t<\/div>\n\t\t\t\t<\/div>\n\t\t\t\t<div class=\"elementor-element elementor-element-53582b0 elementor-view-stacked elementor-position-inline-start elementor-mobile-position-inline-start elementor-shape-circle elementor-invisible elementor-widget elementor-widget-icon-box\" data-id=\"53582b0\" data-element_type=\"widget\" data-e-type=\"widget\" data-settings=\"{&quot;motion_fx_motion_fx_mouse&quot;:&quot;yes&quot;,&quot;_animation&quot;:&quot;zoomIn&quot;}\" data-widget_type=\"icon-box.default\">\n\t\t\t\t<div class=\"elementor-widget-container\">\n\t\t\t\t\t\t\t<div class=\"elementor-icon-box-wrapper\">\n\n\t\t\t\t\t\t<div class=\"elementor-icon-box-icon\">\n\t\t\t\t<span  class=\"elementor-icon\">\n\t\t\t\t<i aria-hidden=\"true\" class=\"fas fa-user-tie\"><\/i>\t\t\t\t<\/span>\n\t\t\t<\/div>\n\t\t\t\n\t\t\t\t\t\t<div class=\"elementor-icon-box-content\">\n\n\t\t\t\t\t\t\t\t\t<h3 class=\"elementor-icon-box-title\">\n\t\t\t\t\t\t<span  >\n\t\t\t\t\t\t\tNivel de formaci\u00f3n\t\t\t\t\t\t<\/span>\n\t\t\t\t\t<\/h3>\n\t\t\t\t\n\t\t\t\t\t\t\t\t\t<p class=\"elementor-icon-box-description\">\n\t\t\t\t\t\tEspecializaci\u00f3n\t\t\t\t\t<\/p>\n\t\t\t\t\n\t\t\t<\/div>\n\t\t\t\n\t\t<\/div>\n\t\t\t\t\t\t<\/div>\n\t\t\t\t<\/div>\n\t\t\t\t<div class=\"elementor-element elementor-element-f15db3f elementor-view-stacked elementor-position-inline-start elementor-mobile-position-inline-start elementor-shape-circle elementor-invisible elementor-widget elementor-widget-icon-box\" data-id=\"f15db3f\" data-element_type=\"widget\" data-e-type=\"widget\" data-settings=\"{&quot;motion_fx_motion_fx_mouse&quot;:&quot;yes&quot;,&quot;_animation&quot;:&quot;zoomIn&quot;}\" data-widget_type=\"icon-box.default\">\n\t\t\t\t<div class=\"elementor-widget-container\">\n\t\t\t\t\t\t\t<div class=\"elementor-icon-box-wrapper\">\n\n\t\t\t\t\t\t<div class=\"elementor-icon-box-icon\">\n\t\t\t\t<span  class=\"elementor-icon\">\n\t\t\t\t<i aria-hidden=\"true\" class=\"fas fa-house-user\"><\/i>\t\t\t\t<\/span>\n\t\t\t<\/div>\n\t\t\t\n\t\t\t\t\t\t<div class=\"elementor-icon-box-content\">\n\n\t\t\t\t\t\t\t\t\t<h3 class=\"elementor-icon-box-title\">\n\t\t\t\t\t\t<span  >\n\t\t\t\t\t\t\tModalidad\t\t\t\t\t\t<\/span>\n\t\t\t\t\t<\/h3>\n\t\t\t\t\n\t\t\t\t\t\t\t\t\t<p class=\"elementor-icon-box-description\">\n\t\t\t\t\t\tPresencial\t\t\t\t\t<\/p>\n\t\t\t\t\n\t\t\t<\/div>\n\t\t\t\n\t\t<\/div>\n\t\t\t\t\t\t<\/div>\n\t\t\t\t<\/div>\n\t\t\t\t<div class=\"elementor-element elementor-element-e37440b elementor-view-stacked elementor-position-inline-start elementor-mobile-position-inline-start elementor-shape-circle elementor-invisible elementor-widget elementor-widget-icon-box\" data-id=\"e37440b\" data-element_type=\"widget\" data-e-type=\"widget\" data-settings=\"{&quot;motion_fx_motion_fx_mouse&quot;:&quot;yes&quot;,&quot;_animation&quot;:&quot;zoomIn&quot;}\" data-widget_type=\"icon-box.default\">\n\t\t\t\t<div class=\"elementor-widget-container\">\n\t\t\t\t\t\t\t<div class=\"elementor-icon-box-wrapper\">\n\n\t\t\t\t\t\t<div class=\"elementor-icon-box-icon\">\n\t\t\t\t<span  class=\"elementor-icon\">\n\t\t\t\t<i aria-hidden=\"true\" class=\"far fa-calendar-alt\"><\/i>\t\t\t\t<\/span>\n\t\t\t<\/div>\n\t\t\t\n\t\t\t\t\t\t<div class=\"elementor-icon-box-content\">\n\n\t\t\t\t\t\t\t\t\t<h3 class=\"elementor-icon-box-title\">\n\t\t\t\t\t\t<span  >\n\t\t\t\t\t\t\tDuraci\u00f3n\t\t\t\t\t\t<\/span>\n\t\t\t\t\t<\/h3>\n\t\t\t\t\n\t\t\t\t\t\t\t\t\t<p class=\"elementor-icon-box-description\">\n\t\t\t\t\t\t2 semestres\t\t\t\t\t<\/p>\n\t\t\t\t\n\t\t\t<\/div>\n\t\t\t\n\t\t<\/div>\n\t\t\t\t\t\t<\/div>\n\t\t\t\t<\/div>\n\t\t\t\t<div class=\"elementor-element elementor-element-6b5753a elementor-view-stacked elementor-position-inline-start elementor-mobile-position-inline-start elementor-shape-circle elementor-invisible elementor-widget elementor-widget-icon-box\" data-id=\"6b5753a\" data-element_type=\"widget\" data-e-type=\"widget\" data-settings=\"{&quot;motion_fx_motion_fx_mouse&quot;:&quot;yes&quot;,&quot;_animation&quot;:&quot;zoomIn&quot;}\" data-widget_type=\"icon-box.default\">\n\t\t\t\t<div class=\"elementor-widget-container\">\n\t\t\t\t\t\t\t<div class=\"elementor-icon-box-wrapper\">\n\n\t\t\t\t\t\t<div class=\"elementor-icon-box-icon\">\n\t\t\t\t<span  class=\"elementor-icon\">\n\t\t\t\t<i aria-hidden=\"true\" class=\"fas fa-registered\"><\/i>\t\t\t\t<\/span>\n\t\t\t<\/div>\n\t\t\t\n\t\t\t\t\t\t<div class=\"elementor-icon-box-content\">\n\n\t\t\t\t\t\t\t\t\t<h3 class=\"elementor-icon-box-title\">\n\t\t\t\t\t\t<span  >\n\t\t\t\t\t\t\tRegistro\t\t\t\t\t\t<\/span>\n\t\t\t\t\t<\/h3>\n\t\t\t\t\n\t\t\t\t\t\t\t\t\t<p class=\"elementor-icon-box-description\">\n\t\t\t\t\t\tResoluci\u00f3n No 2656 del 21 de febrero de 2020\t\t\t\t\t<\/p>\n\t\t\t\t\n\t\t\t<\/div>\n\t\t\t\n\t\t<\/div>\n\t\t\t\t\t\t<\/div>\n\t\t\t\t<\/div>\n\t\t\t\t\t<\/div>\n\t\t<\/div>\n\t\t\t\t\t<\/div>\n\t\t<\/section>\n\t\t<div class=\"elementor-element elementor-element-f7b9de0 e-flex e-con-boxed e-con e-parent\" data-id=\"f7b9de0\" data-element_type=\"container\" data-e-type=\"container\" data-settings=\"{&quot;background_background&quot;:&quot;classic&quot;}\">\n\t\t\t\t\t<div class=\"e-con-inner\">\n\t\t<div class=\"elementor-element elementor-element-49a4179 e-con-full e-flex e-con e-child\" data-id=\"49a4179\" data-element_type=\"container\" data-e-type=\"container\">\n\t\t\t\t<div class=\"elementor-element elementor-element-b932704 elementor-widget__width-initial elementor-invisible elementor-widget elementor-widget-icon-box\" data-id=\"b932704\" data-element_type=\"widget\" data-e-type=\"widget\" data-settings=\"{&quot;_animation&quot;:&quot;fadeInLeft&quot;}\" data-widget_type=\"icon-box.default\">\n\t\t\t\t<div class=\"elementor-widget-container\">\n\t\t\t\t\t\t\t<div class=\"elementor-icon-box-wrapper\">\n\n\t\t\t\n\t\t\t\t\t\t<div class=\"elementor-icon-box-content\">\n\n\t\t\t\t\t\t\t\t\t<h3 class=\"elementor-icon-box-title\">\n\t\t\t\t\t\t<span  >\n\t\t\t\t\t\t\t\u00bf Por qu\u00e9 estudiar  este <BR>posgrado en UNISANGIL ?\t\t\t\t\t\t<\/span>\n\t\t\t\t\t<\/h3>\n\t\t\t\t\n\t\t\t\t\n\t\t\t<\/div>\n\t\t\t\n\t\t<\/div>\n\t\t\t\t\t\t<\/div>\n\t\t\t\t<\/div>\n\t\t\t\t<div class=\"elementor-element elementor-element-0606ff5 elementor-icon-list--layout-traditional elementor-list-item-link-full_width elementor-invisible elementor-widget elementor-widget-icon-list\" data-id=\"0606ff5\" data-element_type=\"widget\" data-e-type=\"widget\" data-settings=\"{&quot;_animation&quot;:&quot;zoomIn&quot;}\" data-widget_type=\"icon-list.default\">\n\t\t\t\t<div class=\"elementor-widget-container\">\n\t\t\t\t\t\t\t<ul class=\"elementor-icon-list-items\">\n\t\t\t\t\t\t\t<li class=\"elementor-icon-list-item\">\n\t\t\t\t\t\t\t\t\t\t\t<span class=\"elementor-icon-list-icon\">\n\t\t\t\t\t\t\t<i aria-hidden=\"true\" class=\"fas fa-chevron-circle-right\"><\/i>\t\t\t\t\t\t<\/span>\n\t\t\t\t\t\t\t\t\t\t<span class=\"elementor-icon-list-text\">Adquirir un enfoque integral mediante conocimientos en psicolog\u00eda, neurociencia y pedagog\u00eda para comprender y potenciar la inteligencia en sus diversas formas.<\/span>\n\t\t\t\t\t\t\t\t\t<\/li>\n\t\t\t\t\t\t<\/ul>\n\t\t\t\t\t\t<\/div>\n\t\t\t\t<\/div>\n\t\t\t\t<div class=\"elementor-element elementor-element-5874214 elementor-icon-list--layout-traditional elementor-list-item-link-full_width elementor-invisible elementor-widget elementor-widget-icon-list\" data-id=\"5874214\" data-element_type=\"widget\" data-e-type=\"widget\" data-settings=\"{&quot;_animation&quot;:&quot;zoomIn&quot;}\" data-widget_type=\"icon-list.default\">\n\t\t\t\t<div class=\"elementor-widget-container\">\n\t\t\t\t\t\t\t<ul class=\"elementor-icon-list-items\">\n\t\t\t\t\t\t\t<li class=\"elementor-icon-list-item\">\n\t\t\t\t\t\t\t\t\t\t\t<span class=\"elementor-icon-list-icon\">\n\t\t\t\t\t\t\t<i aria-hidden=\"true\" class=\"fas fa-chevron-circle-right\"><\/i>\t\t\t\t\t\t<\/span>\n\t\t\t\t\t\t\t\t\t\t<span class=\"elementor-icon-list-text\">Comprometerse con el impacto social promoviendo el bienestar individual y colectivo a trav\u00e9s del desarrollo cognitivo y emocional.<\/span>\n\t\t\t\t\t\t\t\t\t<\/li>\n\t\t\t\t\t\t<\/ul>\n\t\t\t\t\t\t<\/div>\n\t\t\t\t<\/div>\n\t\t\t\t<div class=\"elementor-element elementor-element-9ec5c32 elementor-icon-list--layout-traditional elementor-list-item-link-full_width elementor-invisible elementor-widget elementor-widget-icon-list\" data-id=\"9ec5c32\" data-element_type=\"widget\" data-e-type=\"widget\" data-settings=\"{&quot;_animation&quot;:&quot;zoomIn&quot;}\" data-widget_type=\"icon-list.default\">\n\t\t\t\t<div class=\"elementor-widget-container\">\n\t\t\t\t\t\t\t<ul class=\"elementor-icon-list-items\">\n\t\t\t\t\t\t\t<li class=\"elementor-icon-list-item\">\n\t\t\t\t\t\t\t\t\t\t\t<span class=\"elementor-icon-list-icon\">\n\t\t\t\t\t\t\t<i aria-hidden=\"true\" class=\"fas fa-chevron-circle-right\"><\/i>\t\t\t\t\t\t<\/span>\n\t\t\t\t\t\t\t\t\t\t<span class=\"elementor-icon-list-text\">Desarrollar herramientas innovadoras para fomentar el pensamiento cr\u00edtico, la creatividad y el aprendizaje en distintos contextos.<\/span>\n\t\t\t\t\t\t\t\t\t<\/li>\n\t\t\t\t\t\t<\/ul>\n\t\t\t\t\t\t<\/div>\n\t\t\t\t<\/div>\n\t\t\t\t<div class=\"elementor-element elementor-element-a3e7b22 elementor-icon-list--layout-traditional elementor-list-item-link-full_width elementor-invisible elementor-widget elementor-widget-icon-list\" data-id=\"a3e7b22\" data-element_type=\"widget\" data-e-type=\"widget\" data-settings=\"{&quot;_animation&quot;:&quot;zoomIn&quot;}\" data-widget_type=\"icon-list.default\">\n\t\t\t\t<div class=\"elementor-widget-container\">\n\t\t\t\t\t\t\t<ul class=\"elementor-icon-list-items\">\n\t\t\t\t\t\t\t<li class=\"elementor-icon-list-item\">\n\t\t\t\t\t\t\t\t\t\t\t<span class=\"elementor-icon-list-icon\">\n\t\t\t\t\t\t\t<i aria-hidden=\"true\" class=\"fas fa-chevron-circle-right\"><\/i>\t\t\t\t\t\t<\/span>\n\t\t\t\t\t\t\t\t\t\t<span class=\"elementor-icon-list-text\">Profundizar en los procesos humanos que sustentan la inteligencia, abarcando aspectos cognitivos, emocionales y sociales.<\/span>\n\t\t\t\t\t\t\t\t\t<\/li>\n\t\t\t\t\t\t<\/ul>\n\t\t\t\t\t\t<\/div>\n\t\t\t\t<\/div>\n\t\t\t\t<div class=\"elementor-element elementor-element-57ca69b elementor-icon-list--layout-traditional elementor-list-item-link-full_width elementor-invisible elementor-widget elementor-widget-icon-list\" data-id=\"57ca69b\" data-element_type=\"widget\" data-e-type=\"widget\" data-settings=\"{&quot;_animation&quot;:&quot;zoomIn&quot;}\" data-widget_type=\"icon-list.default\">\n\t\t\t\t<div class=\"elementor-widget-container\">\n\t\t\t\t\t\t\t<ul class=\"elementor-icon-list-items\">\n\t\t\t\t\t\t\t<li class=\"elementor-icon-list-item\">\n\t\t\t\t\t\t\t\t\t\t\t<span class=\"elementor-icon-list-icon\">\n\t\t\t\t\t\t\t<i aria-hidden=\"true\" class=\"fas fa-chevron-circle-right\"><\/i>\t\t\t\t\t\t<\/span>\n\t\t\t\t\t\t\t\t\t\t<span class=\"elementor-icon-list-text\">Transformar los enfoques de ense\u00f1anza y aprendizaje con estrategias que beneficien a individuos y comunidades.<\/span>\n\t\t\t\t\t\t\t\t\t<\/li>\n\t\t\t\t\t\t<\/ul>\n\t\t\t\t\t\t<\/div>\n\t\t\t\t<\/div>\n\t\t\t\t<\/div>\n\t\t\t\t\t<\/div>\n\t\t\t\t<\/div>\n\t\t<div class=\"elementor-element elementor-element-fe1b33a e-flex e-con-boxed e-con e-parent\" data-id=\"fe1b33a\" data-element_type=\"container\" data-e-type=\"container\" data-settings=\"{&quot;background_background&quot;:&quot;classic&quot;}\">\n\t\t\t\t\t<div class=\"e-con-inner\">\n\t\t<div class=\"elementor-element elementor-element-fed1b90 e-con-full e-flex e-con e-child\" data-id=\"fed1b90\" data-element_type=\"container\" data-e-type=\"container\">\n\t\t\t\t<div class=\"elementor-element elementor-element-626f81a elementor-widget elementor-widget-image\" data-id=\"626f81a\" data-element_type=\"widget\" data-e-type=\"widget\" data-widget_type=\"image.default\">\n\t\t\t\t<div class=\"elementor-widget-container\">\n\t\t\t\t\t\t\t\t\t\t\t\t\t\t\t<img fetchpriority=\"high\" decoding=\"async\" width=\"463\" height=\"540\" src=\"https:\/\/unisangil.edu.co\/wp-content\/uploads\/2023\/11\/esp_des_intelig.png\" class=\"attachment-large size-large wp-image-5861\" alt=\"\" srcset=\"https:\/\/unisangil.edu.co\/wp-content\/uploads\/2023\/11\/esp_des_intelig.png 463w, https:\/\/unisangil.edu.co\/wp-content\/uploads\/2023\/11\/esp_des_intelig-257x300.png 257w, https:\/\/unisangil.edu.co\/wp-content\/uploads\/2023\/11\/esp_des_intelig-48x56.png 48w\" sizes=\"(max-width: 463px) 100vw, 463px\" \/>\t\t\t\t\t\t\t\t\t\t\t\t\t\t\t<\/div>\n\t\t\t\t<\/div>\n\t\t\t\t<\/div>\n\t\t<div class=\"elementor-element elementor-element-6814c8d e-con-full e-flex elementor-invisible e-con e-child\" data-id=\"6814c8d\" data-element_type=\"container\" data-e-type=\"container\" data-settings=\"{&quot;animation&quot;:&quot;zoomIn&quot;}\">\n\t\t\t\t<div class=\"elementor-element elementor-element-3d04816 elementor-view-stacked elementor-position-inline-start elementor-mobile-position-inline-start elementor-shape-circle elementor-invisible elementor-widget elementor-widget-icon-box\" data-id=\"3d04816\" data-element_type=\"widget\" data-e-type=\"widget\" data-settings=\"{&quot;motion_fx_motion_fx_mouse&quot;:&quot;yes&quot;,&quot;_animation&quot;:&quot;zoomIn&quot;}\" data-widget_type=\"icon-box.default\">\n\t\t\t\t<div class=\"elementor-widget-container\">\n\t\t\t\t\t\t\t<div class=\"elementor-icon-box-wrapper\">\n\n\t\t\t\t\t\t<div class=\"elementor-icon-box-icon\">\n\t\t\t\t<span  class=\"elementor-icon\">\n\t\t\t\t<i aria-hidden=\"true\" class=\"fas fa-user-cog\"><\/i>\t\t\t\t<\/span>\n\t\t\t<\/div>\n\t\t\t\n\t\t\t\t\t\t<div class=\"elementor-icon-box-content\">\n\n\t\t\t\t\t\t\t\t\t<h2 class=\"elementor-icon-box-title\">\n\t\t\t\t\t\t<span  >\n\t\t\t\t\t\t\tCOMPETENCIAS QUE DESARROLLAR\u00c1S\t\t\t\t\t\t<\/span>\n\t\t\t\t\t<\/h2>\n\t\t\t\t\n\t\t\t\t\n\t\t\t<\/div>\n\t\t\t\n\t\t<\/div>\n\t\t\t\t\t\t<\/div>\n\t\t\t\t<\/div>\n\t\t\t\t<div class=\"elementor-element elementor-element-ad15db7 elementor-icon-list--layout-traditional elementor-list-item-link-full_width elementor-invisible elementor-widget elementor-widget-icon-list\" data-id=\"ad15db7\" data-element_type=\"widget\" data-e-type=\"widget\" data-settings=\"{&quot;_animation&quot;:&quot;zoomIn&quot;}\" data-widget_type=\"icon-list.default\">\n\t\t\t\t<div class=\"elementor-widget-container\">\n\t\t\t\t\t\t\t<ul class=\"elementor-icon-list-items\">\n\t\t\t\t\t\t\t<li class=\"elementor-icon-list-item\">\n\t\t\t\t\t\t\t\t\t\t\t<span class=\"elementor-icon-list-icon\">\n\t\t\t\t\t\t\t<i aria-hidden=\"true\" class=\"fas fa-chevron-circle-right\"><\/i>\t\t\t\t\t\t<\/span>\n\t\t\t\t\t\t\t\t\t\t<span class=\"elementor-icon-list-text\">Dise\u00f1ar\u00e1s e implementar\u00e1s estrategias educativas en instituciones p\u00fablicas y privadas para potenciar el aprendizaje.<\/span>\n\t\t\t\t\t\t\t\t\t<\/li>\n\t\t\t\t\t\t<\/ul>\n\t\t\t\t\t\t<\/div>\n\t\t\t\t<\/div>\n\t\t\t\t<div class=\"elementor-element elementor-element-6db7ee0 elementor-icon-list--layout-traditional elementor-list-item-link-full_width elementor-invisible elementor-widget elementor-widget-icon-list\" data-id=\"6db7ee0\" data-element_type=\"widget\" data-e-type=\"widget\" data-settings=\"{&quot;_animation&quot;:&quot;zoomIn&quot;}\" data-widget_type=\"icon-list.default\">\n\t\t\t\t<div class=\"elementor-widget-container\">\n\t\t\t\t\t\t\t<ul class=\"elementor-icon-list-items\">\n\t\t\t\t\t\t\t<li class=\"elementor-icon-list-item\">\n\t\t\t\t\t\t\t\t\t\t\t<span class=\"elementor-icon-list-icon\">\n\t\t\t\t\t\t\t<i aria-hidden=\"true\" class=\"fas fa-chevron-circle-right\"><\/i>\t\t\t\t\t\t<\/span>\n\t\t\t\t\t\t\t\t\t\t<span class=\"elementor-icon-list-text\">Guiar\u00e1s procesos de fortalecimiento de la inteligencia, el desarrollo cognitivo y la construcci\u00f3n de pensamiento l\u00f3gico, cr\u00edtico y creativo.<\/span>\n\t\t\t\t\t\t\t\t\t<\/li>\n\t\t\t\t\t\t<\/ul>\n\t\t\t\t\t\t<\/div>\n\t\t\t\t<\/div>\n\t\t\t\t<div class=\"elementor-element elementor-element-20a5ae4 elementor-icon-list--layout-traditional elementor-list-item-link-full_width elementor-invisible elementor-widget elementor-widget-icon-list\" data-id=\"20a5ae4\" data-element_type=\"widget\" data-e-type=\"widget\" data-settings=\"{&quot;_animation&quot;:&quot;zoomIn&quot;}\" data-widget_type=\"icon-list.default\">\n\t\t\t\t<div class=\"elementor-widget-container\">\n\t\t\t\t\t\t\t<ul class=\"elementor-icon-list-items\">\n\t\t\t\t\t\t\t<li class=\"elementor-icon-list-item\">\n\t\t\t\t\t\t\t\t\t\t\t<span class=\"elementor-icon-list-icon\">\n\t\t\t\t\t\t\t<i aria-hidden=\"true\" class=\"fas fa-chevron-circle-right\"><\/i>\t\t\t\t\t\t<\/span>\n\t\t\t\t\t\t\t\t\t\t<span class=\"elementor-icon-list-text\">Investigar\u00e1s los procesos de aprendizaje y el potencial del desarrollo cognitivo en diversos contextos.<\/span>\n\t\t\t\t\t\t\t\t\t<\/li>\n\t\t\t\t\t\t<\/ul>\n\t\t\t\t\t\t<\/div>\n\t\t\t\t<\/div>\n\t\t\t\t<div class=\"elementor-element elementor-element-94414cb elementor-icon-list--layout-traditional elementor-list-item-link-full_width elementor-invisible elementor-widget elementor-widget-icon-list\" data-id=\"94414cb\" data-element_type=\"widget\" data-e-type=\"widget\" data-settings=\"{&quot;_animation&quot;:&quot;zoomIn&quot;}\" data-widget_type=\"icon-list.default\">\n\t\t\t\t<div class=\"elementor-widget-container\">\n\t\t\t\t\t\t\t<ul class=\"elementor-icon-list-items\">\n\t\t\t\t\t\t\t<li class=\"elementor-icon-list-item\">\n\t\t\t\t\t\t\t\t\t\t\t<span class=\"elementor-icon-list-icon\">\n\t\t\t\t\t\t\t<i aria-hidden=\"true\" class=\"fas fa-chevron-circle-right\"><\/i>\t\t\t\t\t\t<\/span>\n\t\t\t\t\t\t\t\t\t\t<span class=\"elementor-icon-list-text\">Actuar\u00e1s como docente mediador en distintas \u00e1reas, promoviendo metodolog\u00edas innovadoras para el desarrollo integral del estudiante.<\/span>\n\t\t\t\t\t\t\t\t\t<\/li>\n\t\t\t\t\t\t<\/ul>\n\t\t\t\t\t\t<\/div>\n\t\t\t\t<\/div>\n\t\t\t\t<div class=\"elementor-element elementor-element-bc0a387 elementor-icon-list--layout-traditional elementor-list-item-link-full_width elementor-invisible elementor-widget elementor-widget-icon-list\" data-id=\"bc0a387\" data-element_type=\"widget\" data-e-type=\"widget\" data-settings=\"{&quot;_animation&quot;:&quot;zoomIn&quot;}\" data-widget_type=\"icon-list.default\">\n\t\t\t\t<div class=\"elementor-widget-container\">\n\t\t\t\t\t\t\t<ul class=\"elementor-icon-list-items\">\n\t\t\t\t\t\t\t<li class=\"elementor-icon-list-item\">\n\t\t\t\t\t\t\t\t\t\t\t<span class=\"elementor-icon-list-icon\">\n\t\t\t\t\t\t\t<i aria-hidden=\"true\" class=\"fas fa-chevron-circle-right\"><\/i>\t\t\t\t\t\t<\/span>\n\t\t\t\t\t\t\t\t\t\t<span class=\"elementor-icon-list-text\">Crear\u00e1s y aplicar\u00e1s enfoques pedag\u00f3gicos que fomenten el pensamiento l\u00f3gico, cr\u00edtico y creativo en los entornos educativos.<\/span>\n\t\t\t\t\t\t\t\t\t<\/li>\n\t\t\t\t\t\t<\/ul>\n\t\t\t\t\t\t<\/div>\n\t\t\t\t<\/div>\n\t\t\t\t<\/div>\n\t\t\t\t\t<\/div>\n\t\t\t\t<\/div>\n\t\t\t\t<section class=\"elementor-section elementor-top-section elementor-element elementor-element-2d37458 elementor-section-boxed elementor-section-height-default elementor-section-height-default\" data-id=\"2d37458\" data-element_type=\"section\" data-e-type=\"section\">\n\t\t\t\t\t\t<div class=\"elementor-container elementor-column-gap-default\">\n\t\t\t\t\t<div class=\"elementor-column elementor-col-100 elementor-top-column elementor-element elementor-element-fbeeb39\" data-id=\"fbeeb39\" data-element_type=\"column\" data-e-type=\"column\">\n\t\t\t<div class=\"elementor-widget-wrap elementor-element-populated\">\n\t\t\t\t\t\t<div class=\"elementor-element elementor-element-d5e2367 elementor-widget elementor-widget-heading\" data-id=\"d5e2367\" data-element_type=\"widget\" data-e-type=\"widget\" data-widget_type=\"heading.default\">\n\t\t\t\t<div class=\"elementor-widget-container\">\n\t\t\t\t\t<h2 class=\"elementor-heading-title elementor-size-default\">PLAN DE ESTUDIO<\/h2>\t\t\t\t<\/div>\n\t\t\t\t<\/div>\n\t\t\t\t\t<\/div>\n\t\t<\/div>\n\t\t\t\t\t<\/div>\n\t\t<\/section>\n\t\t\t\t<section class=\"elementor-section elementor-top-section elementor-element elementor-element-369ca47 elementor-section-boxed elementor-section-height-default elementor-section-height-default\" data-id=\"369ca47\" data-element_type=\"section\" data-e-type=\"section\" data-settings=\"{&quot;background_background&quot;:&quot;classic&quot;}\">\n\t\t\t\t\t\t\t<div class=\"elementor-background-overlay\"><\/div>\n\t\t\t\t\t\t\t<div class=\"elementor-container elementor-column-gap-default\">\n\t\t\t\t\t<div class=\"elementor-column elementor-col-50 elementor-top-column elementor-element elementor-element-6be4289\" data-id=\"6be4289\" data-element_type=\"column\" data-e-type=\"column\" data-settings=\"{&quot;background_background&quot;:&quot;classic&quot;}\">\n\t\t\t<div class=\"elementor-widget-wrap elementor-element-populated\">\n\t\t\t\t\t<div class=\"elementor-background-overlay\"><\/div>\n\t\t\t\t\t\t<div class=\"elementor-element elementor-element-0175460 elementor-widget elementor-widget-accordion\" data-id=\"0175460\" data-element_type=\"widget\" data-e-type=\"widget\" data-widget_type=\"accordion.default\">\n\t\t\t\t<div class=\"elementor-widget-container\">\n\t\t\t\t\t\t\t<div class=\"elementor-accordion\">\n\t\t\t\t\t\t\t<div class=\"elementor-accordion-item\">\n\t\t\t\t\t<div id=\"elementor-tab-title-1521\" class=\"elementor-tab-title\" data-tab=\"1\" role=\"button\" aria-controls=\"elementor-tab-content-1521\" aria-expanded=\"false\">\n\t\t\t\t\t\t\t\t\t\t\t\t\t<span class=\"elementor-accordion-icon elementor-accordion-icon-left\" aria-hidden=\"true\">\n\t\t\t\t\t\t\t\t\t\t\t\t\t\t\t<span class=\"elementor-accordion-icon-closed\"><i class=\"fas fa-plus\"><\/i><\/span>\n\t\t\t\t\t\t\t\t<span class=\"elementor-accordion-icon-opened\"><i class=\"fas fa-minus\"><\/i><\/span>\n\t\t\t\t\t\t\t\t\t\t\t\t\t\t<\/span>\n\t\t\t\t\t\t\t\t\t\t\t\t<a class=\"elementor-accordion-title\" tabindex=\"0\">Nivel I<\/a>\n\t\t\t\t\t<\/div>\n\t\t\t\t\t<div id=\"elementor-tab-content-1521\" class=\"elementor-tab-content elementor-clearfix\" data-tab=\"1\" role=\"region\" aria-labelledby=\"elementor-tab-title-1521\"><table><tbody><tr><td>Asignatura<\/td><td>Cr\u00e9ditos<\/td><\/tr><tr><td>Psicolog\u00eda del Desarrollo<\/td><td style=\"text-align: center;\">3<\/td><\/tr><tr><td><span style=\"color: var( --e-global-color-primary );\">Neurociencia Educativa y Desarrollo Cognitivo<\/span><\/td><td style=\"text-align: center;\">3<\/td><\/tr><tr><td><span style=\"color: var( --e-global-color-primary );\">Innovaci\u00f3n en Estrategias para el Desarrollo Cognitivo I<\/span><\/td><td style=\"text-align: center;\">3<\/td><\/tr><tr><td><span style=\"color: var( --e-global-color-primary );\">Pedagog\u00eda y Psicolog\u00eda Cognitiva<\/span><\/td><td style=\"text-align: center;\">3<\/td><\/tr><tr><td>Total Cr\u00e9ditos<\/td><td style=\"text-align: center;\">12<\/td><\/tr><\/tbody><\/table><\/div>\n\t\t\t\t<\/div>\n\t\t\t\t\t\t\t\t<\/div>\n\t\t\t\t\t\t<\/div>\n\t\t\t\t<\/div>\n\t\t\t\t\t<\/div>\n\t\t<\/div>\n\t\t\t\t<div class=\"elementor-column elementor-col-50 elementor-top-column elementor-element elementor-element-02e3063\" data-id=\"02e3063\" data-element_type=\"column\" data-e-type=\"column\" data-settings=\"{&quot;background_background&quot;:&quot;classic&quot;}\">\n\t\t\t<div class=\"elementor-widget-wrap elementor-element-populated\">\n\t\t\t\t\t\t<div class=\"elementor-element elementor-element-debcb10 elementor-widget elementor-widget-accordion\" data-id=\"debcb10\" data-element_type=\"widget\" data-e-type=\"widget\" data-widget_type=\"accordion.default\">\n\t\t\t\t<div class=\"elementor-widget-container\">\n\t\t\t\t\t\t\t<div class=\"elementor-accordion\">\n\t\t\t\t\t\t\t<div class=\"elementor-accordion-item\">\n\t\t\t\t\t<div id=\"elementor-tab-title-2331\" class=\"elementor-tab-title\" data-tab=\"1\" role=\"button\" aria-controls=\"elementor-tab-content-2331\" aria-expanded=\"false\">\n\t\t\t\t\t\t\t\t\t\t\t\t\t<span class=\"elementor-accordion-icon elementor-accordion-icon-left\" aria-hidden=\"true\">\n\t\t\t\t\t\t\t\t\t\t\t\t\t\t\t<span class=\"elementor-accordion-icon-closed\"><i class=\"fas fa-plus\"><\/i><\/span>\n\t\t\t\t\t\t\t\t<span class=\"elementor-accordion-icon-opened\"><i class=\"fas fa-minus\"><\/i><\/span>\n\t\t\t\t\t\t\t\t\t\t\t\t\t\t<\/span>\n\t\t\t\t\t\t\t\t\t\t\t\t<a class=\"elementor-accordion-title\" tabindex=\"0\">Nivel II<\/a>\n\t\t\t\t\t<\/div>\n\t\t\t\t\t<div id=\"elementor-tab-content-2331\" class=\"elementor-tab-content elementor-clearfix\" data-tab=\"1\" role=\"region\" aria-labelledby=\"elementor-tab-title-2331\"><table><tbody><tr><td>Asignatura<\/td><td>Cr\u00e9ditos<\/td><\/tr><tr><td>M\u00e9todos Pedag\u00f3gicos para el Desarrollo del Pensamiento<\/td><td style=\"text-align: center;\">3<\/td><\/tr><tr><td><span style=\"color: var( --e-global-color-primary );\">Inteligencia Artificial y Herramientas Digitales para la Educaci\u00f3n<\/span><\/td><td style=\"text-align: center;\">3<\/td><\/tr><tr><td><span style=\"color: var( --e-global-color-primary );\">Innovaci\u00f3n en Estrategias para el Desarrollo Cognitivo II<\/span><\/td><td style=\"text-align: center;\">3<\/td><\/tr><tr><td><span style=\"color: var( --e-global-color-primary );\">Electiva<\/span><\/td><td style=\"text-align: center;\">3<\/td><\/tr><tr><td>Total Cr\u00e9ditos<\/td><td style=\"text-align: center;\">12<\/td><\/tr><\/tbody><\/table><\/div>\n\t\t\t\t<\/div>\n\t\t\t\t\t\t\t\t<\/div>\n\t\t\t\t\t\t<\/div>\n\t\t\t\t<\/div>\n\t\t\t\t\t<\/div>\n\t\t<\/div>\n\t\t\t\t\t<\/div>\n\t\t<\/section>\n\t\t\t\t<section class=\"elementor-section elementor-top-section elementor-element elementor-element-c2b61de elementor-section-boxed elementor-section-height-default elementor-section-height-default\" data-id=\"c2b61de\" data-element_type=\"section\" data-e-type=\"section\">\n\t\t\t\t\t\t<div class=\"elementor-container elementor-column-gap-default\">\n\t\t\t\t\t<div class=\"elementor-column elementor-col-50 elementor-top-column elementor-element elementor-element-65916b2\" data-id=\"65916b2\" data-element_type=\"column\" data-e-type=\"column\">\n\t\t\t<div class=\"elementor-widget-wrap\">\n\t\t\t\t\t\t\t<\/div>\n\t\t<\/div>\n\t\t\t\t<div class=\"elementor-column elementor-col-50 elementor-top-column elementor-element elementor-element-4238d5c\" data-id=\"4238d5c\" data-element_type=\"column\" data-e-type=\"column\">\n\t\t\t<div class=\"elementor-widget-wrap elementor-element-populated\">\n\t\t\t\t\t\t<div class=\"elementor-element elementor-element-61a2896 elementor-widget elementor-widget-heading\" data-id=\"61a2896\" data-element_type=\"widget\" data-e-type=\"widget\" data-widget_type=\"heading.default\">\n\t\t\t\t<div class=\"elementor-widget-container\">\n\t\t\t\t\t<h2 class=\"elementor-heading-title elementor-size-default\">Contacto<\/h2>\t\t\t\t<\/div>\n\t\t\t\t<\/div>\n\t\t\t\t<div class=\"elementor-element elementor-element-38405c6 elementor-invisible elementor-widget elementor-widget-testimonial\" data-id=\"38405c6\" data-element_type=\"widget\" data-e-type=\"widget\" data-settings=\"{&quot;motion_fx_motion_fx_mouse&quot;:&quot;yes&quot;,&quot;_animation&quot;:&quot;fadeInLeft&quot;}\" data-widget_type=\"testimonial.default\">\n\t\t\t\t<div class=\"elementor-widget-container\">\n\t\t\t\t\t\t\t<div class=\"elementor-testimonial-wrapper\">\n\t\t\t\n\t\t\t\t\t\t<div class=\"elementor-testimonial-meta\">\n\t\t\t\t<div class=\"elementor-testimonial-meta-inner\">\n\t\t\t\t\t\n\t\t\t\t\t\t\t\t\t\t<div class=\"elementor-testimonial-details\">\n\t\t\t\t\t\t\t\t\t\t\t\t\t\t\t\t\t\t\t\t<div class=\"elementor-testimonial-job\">Coordinaci\u00f3n de la  especializaci\u00f3n<\/div>\n\t\t\t\t\t\t\t\t\t\t\t\t\t<\/div>\n\t\t\t\t\t\t\t\t\t<\/div>\n\t\t\t<\/div>\n\t\t\t\t\t<\/div>\n\t\t\t\t\t\t<\/div>\n\t\t\t\t<\/div>\n\t\t\t\t<div class=\"elementor-element elementor-element-85116ae elementor-icon-list--layout-traditional elementor-list-item-link-full_width elementor-widget elementor-widget-icon-list\" data-id=\"85116ae\" data-element_type=\"widget\" data-e-type=\"widget\" data-widget_type=\"icon-list.default\">\n\t\t\t\t<div class=\"elementor-widget-container\">\n\t\t\t\t\t\t\t<ul class=\"elementor-icon-list-items\">\n\t\t\t\t\t\t\t<li class=\"elementor-icon-list-item\">\n\t\t\t\t\t\t\t\t\t\t\t<span class=\"elementor-icon-list-icon\">\n\t\t\t\t\t\t\t<i aria-hidden=\"true\" class=\"fas fa-mail-bulk\"><\/i>\t\t\t\t\t\t<\/span>\n\t\t\t\t\t\t\t\t\t\t<span class=\"elementor-icon-list-text\">Correo: especializacionpdi@unisangil.edu.co<\/span>\n\t\t\t\t\t\t\t\t\t<\/li>\n\t\t\t\t\t\t\t\t<li class=\"elementor-icon-list-item\">\n\t\t\t\t\t\t\t\t\t\t\t<span class=\"elementor-icon-list-icon\">\n\t\t\t\t\t\t\t<i aria-hidden=\"true\" class=\"fas fa-phone-square-alt\"><\/i>\t\t\t\t\t\t<\/span>\n\t\t\t\t\t\t\t\t\t\t<span class=\"elementor-icon-list-text\">Tel\u00e9fono: (607) 685 2925 - 685 2926 Ext. 2089<\/span>\n\t\t\t\t\t\t\t\t\t<\/li>\n\t\t\t\t\t\t<\/ul>\n\t\t\t\t\t\t<\/div>\n\t\t\t\t<\/div>\n\t\t\t\t\t<\/div>\n\t\t<\/div>\n\t\t\t\t\t<\/div>\n\t\t<\/section>\n\t\t\t\t<\/div>\n\t\t","protected":false},"excerpt":{"rendered":"<p>ESPECIALIZACI\u00d3N EN PEDAGOG\u00cdA PARA EL DESARROLLO DE LA INTELIGENCIA C\u00f3digo SNIES: 4256 &#8211; San Gil Este programa de especializaci\u00f3n pretende la profundizaci\u00f3n en procesos de pedagog\u00eda para el desarrollo de la inteligencia, orientado por los principios de innovaci\u00f3n cognitiva y desarrollo humano, cientificidad y pertinencia para contribuir a la transformaci\u00f3n de las pr\u00e1cticas pedag\u00f3gicas de [&hellip;]<\/p>\n","protected":false},"author":2,"featured_media":0,"parent":0,"menu_order":0,"comment_status":"closed","ping_status":"closed","template":"","meta":{"footnotes":""},"class_list":["post-5853","page","type-page","status-publish","hentry"],"yoast_head":"<!-- This site is optimized with the Yoast SEO plugin v25.6 - https:\/\/yoast.com\/wordpress\/plugins\/seo\/ -->\n<title>Esp. Pedagog\u00eda para el Desarrollo de la Inteligencia - San Gil - UNISANGIL<\/title>\n<meta name=\"description\" content=\"La palabra administraci\u00f3n tiene su origen etimol\u00f3gico del lat\u00edn ad, que significa: hacia, direcci\u00f3n, tendencia; y minister que significa: subordinaci\u00f3n, obediencia, al servicio de\u2019; y significa \u201caquel que realiza una funci\u00f3n bajo el mando de otro\u201d; es decir, \u201caquel que presta un servicio a otro\u201d, \u201cestar al servicio de otro\u201d de la sociedad, volvi\u00e9ndola m\u00e1s productiva (eficiencia), para el cumplimiento de sus objetivos (eficacia).\" \/>\n<meta name=\"robots\" content=\"index, follow, max-snippet:-1, max-image-preview:large, max-video-preview:-1\" \/>\n<link rel=\"canonical\" href=\"https:\/\/unisangil.edu.co\/?page_id=5853\" \/>\n<meta property=\"og:locale\" content=\"es_ES\" \/>\n<meta property=\"og:type\" content=\"article\" \/>\n<meta property=\"og:title\" content=\"Esp. Pedagog\u00eda para el Desarrollo de la Inteligencia - San Gil - UNISANGIL\" \/>\n<meta property=\"og:description\" content=\"La palabra administraci\u00f3n tiene su origen etimol\u00f3gico del lat\u00edn ad, que significa: hacia, direcci\u00f3n, tendencia; y minister que significa: subordinaci\u00f3n, obediencia, al servicio de\u2019; y significa \u201caquel que realiza una funci\u00f3n bajo el mando de otro\u201d; es decir, \u201caquel que presta un servicio a otro\u201d, \u201cestar al servicio de otro\u201d de la sociedad, volvi\u00e9ndola m\u00e1s productiva (eficiencia), para el cumplimiento de sus objetivos (eficacia).\" \/>\n<meta property=\"og:url\" content=\"https:\/\/unisangil.edu.co\/?page_id=5853\" \/>\n<meta property=\"og:site_name\" content=\"UNISANGIL\" \/>\n<meta property=\"article:publisher\" content=\"https:\/\/www.facebook.com\/UNISANGIL\" \/>\n<meta property=\"article:modified_time\" content=\"2025-11-25T21:20:30+00:00\" \/>\n<meta property=\"og:image\" content=\"https:\/\/unisangil.edu.co\/wp-content\/uploads\/2023\/11\/esp_des_intelig.png\" \/>\n\t<meta property=\"og:image:width\" content=\"463\" \/>\n\t<meta property=\"og:image:height\" content=\"540\" \/>\n\t<meta property=\"og:image:type\" content=\"image\/png\" \/>\n<meta name=\"twitter:card\" content=\"summary_large_image\" \/>\n<meta name=\"twitter:site\" content=\"@UNISANGIL\" \/>\n<meta name=\"twitter:label1\" content=\"Tiempo de lectura\" \/>\n\t<meta name=\"twitter:data1\" content=\"2 minutos\" \/>\n<script type=\"application\/ld+json\" class=\"yoast-schema-graph\">{\"@context\":\"https:\/\/schema.org\",\"@graph\":[{\"@type\":\"WebPage\",\"@id\":\"https:\/\/unisangil.edu.co\/?page_id=5853\",\"url\":\"https:\/\/unisangil.edu.co\/?page_id=5853\",\"name\":\"Esp. Pedagog\u00eda para el Desarrollo de la Inteligencia - San Gil - UNISANGIL\",\"isPartOf\":{\"@id\":\"https:\/\/unisangil.edu.co\/#website\"},\"primaryImageOfPage\":{\"@id\":\"https:\/\/unisangil.edu.co\/?page_id=5853#primaryimage\"},\"image\":{\"@id\":\"https:\/\/unisangil.edu.co\/?page_id=5853#primaryimage\"},\"thumbnailUrl\":\"https:\/\/unisangil.edu.co\/wp-content\/uploads\/2023\/11\/esp_des_intelig.png\",\"datePublished\":\"2023-11-16T15:00:22+00:00\",\"dateModified\":\"2025-11-25T21:20:30+00:00\",\"description\":\"La palabra administraci\u00f3n tiene su origen etimol\u00f3gico del lat\u00edn ad, que significa: hacia, direcci\u00f3n, tendencia; y minister que significa: subordinaci\u00f3n, obediencia, al servicio de\u2019; y significa \u201caquel que realiza una funci\u00f3n bajo el mando de otro\u201d; es decir, \u201caquel que presta un servicio a otro\u201d, \u201cestar al servicio de otro\u201d de la sociedad, volvi\u00e9ndola m\u00e1s productiva (eficiencia), para el cumplimiento de sus objetivos (eficacia).\",\"breadcrumb\":{\"@id\":\"https:\/\/unisangil.edu.co\/?page_id=5853#breadcrumb\"},\"inLanguage\":\"es-CO\",\"potentialAction\":[{\"@type\":\"ReadAction\",\"target\":[\"https:\/\/unisangil.edu.co\/?page_id=5853\"]}]},{\"@type\":\"ImageObject\",\"inLanguage\":\"es-CO\",\"@id\":\"https:\/\/unisangil.edu.co\/?page_id=5853#primaryimage\",\"url\":\"https:\/\/unisangil.edu.co\/wp-content\/uploads\/2023\/11\/esp_des_intelig.png\",\"contentUrl\":\"https:\/\/unisangil.edu.co\/wp-content\/uploads\/2023\/11\/esp_des_intelig.png\",\"width\":463,\"height\":540},{\"@type\":\"BreadcrumbList\",\"@id\":\"https:\/\/unisangil.edu.co\/?page_id=5853#breadcrumb\",\"itemListElement\":[{\"@type\":\"ListItem\",\"position\":1,\"name\":\"Inicio\",\"item\":\"https:\/\/unisangil.edu.co\/\"},{\"@type\":\"ListItem\",\"position\":2,\"name\":\"Esp. Pedagog\u00eda para el Desarrollo de la Inteligencia &#8211; San Gil\"}]},{\"@type\":\"WebSite\",\"@id\":\"https:\/\/unisangil.edu.co\/#website\",\"url\":\"https:\/\/unisangil.edu.co\/\",\"name\":\"UNISANGIL\",\"description\":\"Somos una Instituci\u00f3n de educaci\u00f3n superior de origen y acci\u00f3n solidarios que contribuye con el desarrollo de la sociedad en los \u00e1mbitos local y regional\",\"publisher\":{\"@id\":\"https:\/\/unisangil.edu.co\/#organization\"},\"potentialAction\":[{\"@type\":\"SearchAction\",\"target\":{\"@type\":\"EntryPoint\",\"urlTemplate\":\"https:\/\/unisangil.edu.co\/?s={search_term_string}\"},\"query-input\":{\"@type\":\"PropertyValueSpecification\",\"valueRequired\":true,\"valueName\":\"search_term_string\"}}],\"inLanguage\":\"es-CO\"},{\"@type\":\"Organization\",\"@id\":\"https:\/\/unisangil.edu.co\/#organization\",\"name\":\"UNISANGIL\",\"url\":\"https:\/\/unisangil.edu.co\/\",\"logo\":{\"@type\":\"ImageObject\",\"inLanguage\":\"es-CO\",\"@id\":\"https:\/\/unisangil.edu.co\/#\/schema\/logo\/image\/\",\"url\":\"https:\/\/unisangil.edu.co\/wp-content\/uploads\/2023\/06\/LOGO-UNISANGIL-WEB-1-2.png\",\"contentUrl\":\"https:\/\/unisangil.edu.co\/wp-content\/uploads\/2023\/06\/LOGO-UNISANGIL-WEB-1-2.png\",\"width\":1250,\"height\":1250,\"caption\":\"UNISANGIL\"},\"image\":{\"@id\":\"https:\/\/unisangil.edu.co\/#\/schema\/logo\/image\/\"},\"sameAs\":[\"https:\/\/www.facebook.com\/UNISANGIL\",\"https:\/\/x.com\/UNISANGIL\"]}]}<\/script>\n<!-- \/ Yoast SEO plugin. -->","yoast_head_json":{"title":"Esp. Pedagog\u00eda para el Desarrollo de la Inteligencia - San Gil - UNISANGIL","description":"La palabra administraci\u00f3n tiene su origen etimol\u00f3gico del lat\u00edn ad, que significa: hacia, direcci\u00f3n, tendencia; y minister que significa: subordinaci\u00f3n, obediencia, al servicio de\u2019; y significa \u201caquel que realiza una funci\u00f3n bajo el mando de otro\u201d; es decir, \u201caquel que presta un servicio a otro\u201d, \u201cestar al servicio de otro\u201d de la sociedad, volvi\u00e9ndola m\u00e1s productiva (eficiencia), para el cumplimiento de sus objetivos (eficacia).","robots":{"index":"index","follow":"follow","max-snippet":"max-snippet:-1","max-image-preview":"max-image-preview:large","max-video-preview":"max-video-preview:-1"},"canonical":"https:\/\/unisangil.edu.co\/?page_id=5853","og_locale":"es_ES","og_type":"article","og_title":"Esp. Pedagog\u00eda para el Desarrollo de la Inteligencia - San Gil - UNISANGIL","og_description":"La palabra administraci\u00f3n tiene su origen etimol\u00f3gico del lat\u00edn ad, que significa: hacia, direcci\u00f3n, tendencia; y minister que significa: subordinaci\u00f3n, obediencia, al servicio de\u2019; y significa \u201caquel que realiza una funci\u00f3n bajo el mando de otro\u201d; es decir, \u201caquel que presta un servicio a otro\u201d, \u201cestar al servicio de otro\u201d de la sociedad, volvi\u00e9ndola m\u00e1s productiva (eficiencia), para el cumplimiento de sus objetivos (eficacia).","og_url":"https:\/\/unisangil.edu.co\/?page_id=5853","og_site_name":"UNISANGIL","article_publisher":"https:\/\/www.facebook.com\/UNISANGIL","article_modified_time":"2025-11-25T21:20:30+00:00","og_image":[{"width":463,"height":540,"url":"https:\/\/unisangil.edu.co\/wp-content\/uploads\/2023\/11\/esp_des_intelig.png","type":"image\/png"}],"twitter_card":"summary_large_image","twitter_site":"@UNISANGIL","twitter_misc":{"Tiempo de lectura":"2 minutos"},"schema":{"@context":"https:\/\/schema.org","@graph":[{"@type":"WebPage","@id":"https:\/\/unisangil.edu.co\/?page_id=5853","url":"https:\/\/unisangil.edu.co\/?page_id=5853","name":"Esp. Pedagog\u00eda para el Desarrollo de la Inteligencia - San Gil - UNISANGIL","isPartOf":{"@id":"https:\/\/unisangil.edu.co\/#website"},"primaryImageOfPage":{"@id":"https:\/\/unisangil.edu.co\/?page_id=5853#primaryimage"},"image":{"@id":"https:\/\/unisangil.edu.co\/?page_id=5853#primaryimage"},"thumbnailUrl":"https:\/\/unisangil.edu.co\/wp-content\/uploads\/2023\/11\/esp_des_intelig.png","datePublished":"2023-11-16T15:00:22+00:00","dateModified":"2025-11-25T21:20:30+00:00","description":"La palabra administraci\u00f3n tiene su origen etimol\u00f3gico del lat\u00edn ad, que significa: hacia, direcci\u00f3n, tendencia; y minister que significa: subordinaci\u00f3n, obediencia, al servicio de\u2019; y significa \u201caquel que realiza una funci\u00f3n bajo el mando de otro\u201d; es decir, \u201caquel que presta un servicio a otro\u201d, \u201cestar al servicio de otro\u201d de la sociedad, volvi\u00e9ndola m\u00e1s productiva (eficiencia), para el cumplimiento de sus objetivos (eficacia).","breadcrumb":{"@id":"https:\/\/unisangil.edu.co\/?page_id=5853#breadcrumb"},"inLanguage":"es-CO","potentialAction":[{"@type":"ReadAction","target":["https:\/\/unisangil.edu.co\/?page_id=5853"]}]},{"@type":"ImageObject","inLanguage":"es-CO","@id":"https:\/\/unisangil.edu.co\/?page_id=5853#primaryimage","url":"https:\/\/unisangil.edu.co\/wp-content\/uploads\/2023\/11\/esp_des_intelig.png","contentUrl":"https:\/\/unisangil.edu.co\/wp-content\/uploads\/2023\/11\/esp_des_intelig.png","width":463,"height":540},{"@type":"BreadcrumbList","@id":"https:\/\/unisangil.edu.co\/?page_id=5853#breadcrumb","itemListElement":[{"@type":"ListItem","position":1,"name":"Inicio","item":"https:\/\/unisangil.edu.co\/"},{"@type":"ListItem","position":2,"name":"Esp. Pedagog\u00eda para el Desarrollo de la Inteligencia &#8211; San Gil"}]},{"@type":"WebSite","@id":"https:\/\/unisangil.edu.co\/#website","url":"https:\/\/unisangil.edu.co\/","name":"UNISANGIL","description":"Somos una Instituci\u00f3n de educaci\u00f3n superior de origen y acci\u00f3n solidarios que contribuye con el desarrollo de la sociedad en los \u00e1mbitos local y regional","publisher":{"@id":"https:\/\/unisangil.edu.co\/#organization"},"potentialAction":[{"@type":"SearchAction","target":{"@type":"EntryPoint","urlTemplate":"https:\/\/unisangil.edu.co\/?s={search_term_string}"},"query-input":{"@type":"PropertyValueSpecification","valueRequired":true,"valueName":"search_term_string"}}],"inLanguage":"es-CO"},{"@type":"Organization","@id":"https:\/\/unisangil.edu.co\/#organization","name":"UNISANGIL","url":"https:\/\/unisangil.edu.co\/","logo":{"@type":"ImageObject","inLanguage":"es-CO","@id":"https:\/\/unisangil.edu.co\/#\/schema\/logo\/image\/","url":"https:\/\/unisangil.edu.co\/wp-content\/uploads\/2023\/06\/LOGO-UNISANGIL-WEB-1-2.png","contentUrl":"https:\/\/unisangil.edu.co\/wp-content\/uploads\/2023\/06\/LOGO-UNISANGIL-WEB-1-2.png","width":1250,"height":1250,"caption":"UNISANGIL"},"image":{"@id":"https:\/\/unisangil.edu.co\/#\/schema\/logo\/image\/"},"sameAs":["https:\/\/www.facebook.com\/UNISANGIL","https:\/\/x.com\/UNISANGIL"]}]}},"_links":{"self":[{"href":"https:\/\/unisangil.edu.co\/index.php?rest_route=\/wp\/v2\/pages\/5853"}],"collection":[{"href":"https:\/\/unisangil.edu.co\/index.php?rest_route=\/wp\/v2\/pages"}],"about":[{"href":"https:\/\/unisangil.edu.co\/index.php?rest_route=\/wp\/v2\/types\/page"}],"author":[{"embeddable":true,"href":"https:\/\/unisangil.edu.co\/index.php?rest_route=\/wp\/v2\/users\/2"}],"replies":[{"embeddable":true,"href":"https:\/\/unisangil.edu.co\/index.php?rest_route=%2Fwp%2Fv2%2Fcomments&post=5853"}],"version-history":[{"count":55,"href":"https:\/\/unisangil.edu.co\/index.php?rest_route=\/wp\/v2\/pages\/5853\/revisions"}],"predecessor-version":[{"id":21324,"href":"https:\/\/unisangil.edu.co\/index.php?rest_route=\/wp\/v2\/pages\/5853\/revisions\/21324"}],"wp:attachment":[{"href":"https:\/\/unisangil.edu.co\/index.php?rest_route=%2Fwp%2Fv2%2Fmedia&parent=5853"}],"curies":[{"name":"wp","href":"https:\/\/api.w.org\/{rel}","templated":true}]}}